{"id":6491,"date":"2024-02-19T10:10:10","date_gmt":"2024-02-19T10:10:10","guid":{"rendered":"https:\/\/krakow.bankizywnosci.pl\/?page_id=6491"},"modified":"2025-02-14T12:50:19","modified_gmt":"2025-02-14T12:50:19","slug":"fepz","status":"publish","type":"page","link":"https:\/\/krakow.bankizywnosci.pl\/?page_id=6491","title":{"rendered":"FEP\u017b 2024"},"content":{"rendered":"\n<figure><a href=\"https:\/\/krakow.bankizywnosci.pl\/wp-content\/uploads\/2024\/02\/FEPZ_LOGO_POZIOM_KOLOR_KRAKOW.png\"><img src=\"https:\/\/krakow.bankizywnosci.pl\/wp-content\/uploads\/2024\/02\/FEPZ_LOGO_POZIOM_KOLOR_KRAKOW-1024x108.png\" alt=\"\" \/><\/a><\/figure>\n\n\n\n<p><p><strong>Bank \u017bywno\u015bci w Krakowie&nbsp;<\/strong>jako Organizacja Partnerska Regionalna [OPR] razem z Federacj\u0105 Polskich Bank\u00f3w \u017bywno\u015bci [OPO] oraz wsp\u00f3\u0142pracuj\u0105cymi Organizacjami Partnerskimi Lokalnymi [OPL] odpowiada za dystrybucj\u0119 artyku\u0142\u00f3w spo\u017cywczych i dzia\u0142ania towarzysz\u0105ce w ramach&nbsp;<strong>Programu Fundusze Europejskie na Pomoc \u017bywno\u015bciow\u0105 2021-2027 Podprogram 2023, kt\u00f3ry jest wsp\u00f3\u0142finansowany z Europejskiego Funduszu Spo\u0142ecznego Plus.<\/strong><\/p>\n<p>Program realizowany jest w okresie 09.2023-10.2024. Dystrybucja artyku\u0142\u00f3w spo\u017cywczych do os\u00f3b potrzebuj\u0105cych planowana jest w okresie&nbsp; kwiecie\u0144 &#8211; listopad 2024<\/p><\/p>\n\n\n\n<p><strong>Cel programu:<\/strong><\/p>\n\n\n\n<ul><li>przeciwdzia\u0142anie deprywacji materialnej przez udzielanie pomocy \u017cywno\u015bciowej osobom najbardziej potrzebuj\u0105cym oraz zapewnienie dzia\u0142a\u0144 towarzysz\u0105cych, maj\u0105cych na celu wspieranie ich w\u0142\u0105czenia spo\u0142ecznego.<\/li><\/ul>\n\n\n\n<p><strong>Zadania i dzia\u0142ania realizowane w programie:&nbsp;&nbsp;<\/strong><\/p>\n\n\n\n<ul><li>Organizacja i koordynacja sieci dystrybucji pomocy \u017cywno\u015bciowej sk\u0142adaj\u0105cej si\u0119 z organizacji partnerskich regionalnych i lokalnych;<\/li><li>Racjonalne zagospodarowanie artyku\u0142\u00f3w spo\u017cywczych otrzymanych z OPR oraz z innych \u017ar\u00f3de\u0142, na potrzeby udzielania pomocy \u017cywno\u015bciowej osobom najbardziej potrzebuj\u0105cym;<\/li><li>Bezp\u0142atne przekazanie artyku\u0142\u00f3w spo\u017cywczych osobom potrzebuj\u0105cym (ubogim, rodzinom wielodzietnym, osobom w kryzysie bezdomno\u015bci, migrantom \u2013 zgodnie z art. 7 Ustawy o pomocy spo\u0142ecznej), zakwalifikowanym do otrzymania pomocy \u017cywno\u015bciowej przez O\u015brodek Pomocy Spo\u0142ecznej;<\/li><li>Prowadzenie dzia\u0142a\u0144 w ramach \u015brodk\u00f3w towarzysz\u0105cych w\u015br\u00f3d os\u00f3b najbardziej potrzebuj\u0105cych, zakwalifikowanych do obj\u0119cia pomoc\u0105 \u017cywno\u015bciow\u0105, maj\u0105cych na celu ich w\u0142\u0105czenie spo\u0142eczne;<\/li><li>Przeciwdzia\u0142anie marnowaniu \u017cywno\u015bci poprzez udost\u0119pnianie osobom zakwalifikowanym do otrzymania pomocy \u017cywno\u015bciowej zgodnie z zasadami Programu dodatkowej \u017cywno\u015bci pochodz\u0105cej z darowizn.<\/li><\/ul>\n\n\n\n<p>W ramach FEP\u017b realizowanego w roku kalendarzowym 2024, Bank \u017bywno\u015bci planuje dystrybucj\u0119 1249 ton \u017cywno\u015bci do ok. 36 700 os\u00f3b potrzebuj\u0105cych z wojew\u00f3dztwa ma\u0142opolskiego.<\/p>\n\n\n\n<p>Bezpo\u015bredni\u0105 dystrybucj\u0119 \u017cywno\u015bci b\u0119d\u0105 wspiera\u0142y organizacje partnerskie lokalne:<strong>&nbsp;<\/strong><strong>[WKR\u00d3TCE OPUBLIKUJEMY LIST\u0118]<\/strong><\/p>\n\n\n\n<p>Dodatkowo Bank \u017bywno\u015bci b\u0119dzie realizowa\u0142 dzia\u0142ania towarzysz\u0105ce w\u015br\u00f3d os\u00f3b potrzebuj\u0105cych maj\u0105ce na celu wspieranie ich w\u0142\u0105czenia spo\u0142ecznego:<\/p>\n\n\n\n<ul><li>Warsztaty edukacyjne z zakresu gospodarowania bud\u017cetem domowym, praw konsumenta, niemarnowania \u017cywno\u015bci, \u017cywieniowe i kulinarne.<\/li><li>Cykle edukacyjne z zakresu gospodarowania bud\u017cetem domowym, praw konsumenta, \u017cywieniowe.<\/li><li>Dzia\u0142ania o charakterze w\u0142\u0105czeniowo-integracyjnym<\/li><li>Dy\u017cury konsultacyjne<\/li><\/ul>\n\n\n\n<p><strong>Grupa docelowa:<\/strong><\/p>\n\n\n\n<ul><li>Z pomocy \u017cywno\u015bciowej mog\u0105 skorzysta\u0107 osoby i rodziny znajduj\u0105ce si\u0119 w trudnej sytuacji \u017cyciowej, spe\u0142niaj\u0105ce kryteria okre\u015blone w art. 7 ustawy z dnia 12 marca 2004 r. o pomocy spo\u0142ecznej (Dz. U. z 2023 poz. 901 i 1693) i kt\u00f3rych doch\u00f3d nie przekracza <b>265% kryterium dochodowego uprawniaj\u0105cego do skorzystania z pomocy spo\u0142ecznej, tj. 2 056,40 PLN dla osoby samotnie gospodaruj\u0105cej i 1. 590 PLN dla osoby w rodzinie.<\/b><\/li><\/ul>\n\n\n\n<p><strong>Przewidziane efekty i rezultaty:<\/strong><\/p>\n\n\n\n<ul><li>zmniejszenie deprywacji materialnej os\u00f3b najbardziej potrzebuj\u0105cych oraz ich w\u0142\u0105czenie spo\u0142eczne poprzez realizacj\u0119 dzia\u0142a\u0144 towarzysz\u0105cych, takich jak: warsztaty edukacyjne oraz doradztwo indywidualne w zakresie dietetyki, prowadzenia gospodarstwa domowego oraz integracji spo\u0142ecznej<\/li><\/ul>\n\n\n\n<p><strong>Warto\u015b\u0107 projektu:&nbsp;<\/strong><strong>zostanie podana w chwili podpisania umowy z IP.<\/strong><\/p>\n\n\n\n<p><strong>Wysoko\u015b\u0107 wk\u0142adu Funduszy Europejskich:<\/strong><strong>&nbsp;zostanie podana w chwili podpisania umowy z IP.<\/strong><\/p>\n\n\n\n<p><strong>#FunduszeUE&nbsp;&nbsp;#FunduszeEuropejskie<\/strong><\/p>\n\n\n\n<p><strong>Skargi&nbsp;<\/strong>dotycz\u0105ce sposobu realizacji programu oraz dystrybucji artyku\u0142\u00f3w spo\u017cywczych mo\u017cna sk\u0142ada\u0107 do Federacji Polskich Bank\u00f3w \u017byzno\u015bci na adres e-mail:&nbsp;&nbsp;&nbsp;<a href=\"mailto:fepz@bankizywnosci.pl\" target=\"_blank\" rel=\"noreferrer noopener\">fepz@bankizywnosci.pl<\/a>&nbsp;lub do Ministerstwa Rodziny, Pracy i Polityki Spo\u0142ecznej.<\/p>\n\n\n\n<p><strong>Wi\u0119cej informacji<\/strong><em>&nbsp;o programie oraz sposobie jego realizacji na stronie internetowej&nbsp;&nbsp;<\/em><a href=\"http:\/\/www.fepz.bankizywnosci.pl\" target=\"_blank\" rel=\"noreferrer noopener\"><em>www.fepz.bankizywnosci.pl<\/em><\/a><\/p>\n\n\n\n<p><em>oraz na Mediach Spo\u0142eczno\u015bciowych Federacji Polskich Bank\u00f3w \u017bywno\u015bci:<\/em><\/p>\n\n\n\n<p><a href=\"https:\/\/www.facebook.com\/bankizywnosci\/posts\/pfbid02XvCLNr3XV5JQsabr778dM61zxW67MRoSe4BJ9n6ujwPuCjWbgNhvCZs3EuZP6w3rl\" target=\"_blank\" rel=\"noreferrer noopener\"><em>Banki \u017bywno\u015bci &#8211;&nbsp;&nbsp;Banki \u017bywno\u015bci realizuj\u0105 program&#8230; | Facebook<\/em><\/a><\/p>\n\n\n\n<p><a href=\"https:\/\/www.linkedin.com\/feed\/update\/urn:li:activity:7156292813100310530\" target=\"_blank\" rel=\"noreferrer noopener\"><em>Federacja Polskich Bank\u00f3w \u017bywno\u015bci na LinkedIn: #funduszeue #funduszeeuropejskie #banki\u017cywno\u015bci<\/em><\/a><\/p>\n","protected":false},"excerpt":{"rendered":"<p>Bank \u017bywno\u015bci w Krakowie&nbsp;jako Organizacja Partnerska Regionalna [OPR] razem z Federacj\u0105 Polskich Bank\u00f3w \u017bywno\u015bci [OPO] oraz wsp\u00f3\u0142pracuj\u0105cymi Organizacjami Partnerskimi Lokalnymi [OPL] odpowiada za dystrybucj\u0119 artyku\u0142\u00f3w spo\u017cywczych i dzia\u0142ania towarzysz\u0105ce w ramach&nbsp;Programu Fundusze Europejskie na Pomoc \u017bywno\u015bciow\u0105 2021-2027 Podprogram 2023, kt\u00f3ry jest wsp\u00f3\u0142finansowany z Europejskiego Funduszu Spo\u0142ecznego Plus. Program realizowany jest w okresie 09.2023-10.2024. Dystrybucja artyku\u0142\u00f3w &hellip;<\/p>\n","protected":false},"author":1,"featured_media":0,"parent":7035,"menu_order":0,"comment_status":"closed","ping_status":"closed","template":"","meta":{"_mi_skip_tracking":false},"yoast_head":"<!-- This site is optimized with the Yoast SEO plugin v19.7.2 - https:\/\/yoast.com\/wordpress\/plugins\/seo\/ -->\n<title>FEP\u017b 2024 - Bank \u017bywno\u015bci w Krakowie<\/title>\n<meta name=\"robots\" content=\"index, follow, max-snippet:-1, max-image-preview:large, max-video-preview:-1\" \/>\n<link rel=\"canonical\" href=\"https:\/\/krakow.bankizywnosci.pl\/?page_id=6491\" \/>\n<meta property=\"og:locale\" content=\"pl_PL\" \/>\n<meta property=\"og:type\" content=\"article\" \/>\n<meta property=\"og:title\" content=\"FEP\u017b 2024 - Bank \u017bywno\u015bci w Krakowie\" \/>\n<meta property=\"og:description\" content=\"Bank \u017bywno\u015bci w Krakowie&nbsp;jako Organizacja Partnerska Regionalna [OPR] razem z Federacj\u0105 Polskich Bank\u00f3w \u017bywno\u015bci [OPO] oraz wsp\u00f3\u0142pracuj\u0105cymi Organizacjami Partnerskimi Lokalnymi [OPL] odpowiada za dystrybucj\u0119 artyku\u0142\u00f3w spo\u017cywczych i dzia\u0142ania towarzysz\u0105ce w ramach&nbsp;Programu Fundusze Europejskie na Pomoc \u017bywno\u015bciow\u0105 2021-2027 Podprogram 2023, kt\u00f3ry jest wsp\u00f3\u0142finansowany z Europejskiego Funduszu Spo\u0142ecznego Plus. Program realizowany jest w okresie 09.2023-10.2024. Dystrybucja artyku\u0142\u00f3w &hellip;\" \/>\n<meta property=\"og:url\" content=\"https:\/\/krakow.bankizywnosci.pl\/?page_id=6491\" \/>\n<meta property=\"og:site_name\" content=\"Bank \u017bywno\u015bci w Krakowie\" \/>\n<meta property=\"article:publisher\" content=\"https:\/\/www.facebook.com\/bzkrk\" \/>\n<meta property=\"article:modified_time\" content=\"2025-02-14T12:50:19+00:00\" \/>\n<meta property=\"og:image\" content=\"https:\/\/krakow.bankizywnosci.pl\/wp-content\/uploads\/2024\/02\/FEPZ_LOGO_POZIOM_KOLOR_KRAKOW-1024x108.png\" \/>\n<meta name=\"twitter:card\" content=\"summary_large_image\" \/>\n<meta name=\"twitter:label1\" content=\"Szacowany czas czytania\" \/>\n\t<meta name=\"twitter:data1\" content=\"4 minuty\" \/>\n<script type=\"application\/ld+json\" class=\"yoast-schema-graph\">{\"@context\":\"https:\/\/schema.org\",\"@graph\":[{\"@type\":\"WebPage\",\"@id\":\"https:\/\/krakow.bankizywnosci.pl\/?page_id=6491\",\"url\":\"https:\/\/krakow.bankizywnosci.pl\/?page_id=6491\",\"name\":\"FEP\u017b 2024 - Bank \u017bywno\u015bci w Krakowie\",\"isPartOf\":{\"@id\":\"https:\/\/krakow.bankizywnosci.pl\/#website\"},\"datePublished\":\"2024-02-19T10:10:10+00:00\",\"dateModified\":\"2025-02-14T12:50:19+00:00\",\"breadcrumb\":{\"@id\":\"https:\/\/krakow.bankizywnosci.pl\/?page_id=6491#breadcrumb\"},\"inLanguage\":\"pl-PL\",\"potentialAction\":[{\"@type\":\"ReadAction\",\"target\":[\"https:\/\/krakow.bankizywnosci.pl\/?page_id=6491\"]}]},{\"@type\":\"BreadcrumbList\",\"@id\":\"https:\/\/krakow.bankizywnosci.pl\/?page_id=6491#breadcrumb\",\"itemListElement\":[{\"@type\":\"ListItem\",\"position\":1,\"name\":\"Strona g\u0142\u00f3wna\",\"item\":\"https:\/\/krakow.bankizywnosci.pl\/\"},{\"@type\":\"ListItem\",\"position\":2,\"name\":\"FEP\u017b\",\"item\":\"https:\/\/krakow.bankizywnosci.pl\/?page_id=7035\"},{\"@type\":\"ListItem\",\"position\":3,\"name\":\"FEP\u017b 2024\"}]},{\"@type\":\"WebSite\",\"@id\":\"https:\/\/krakow.bankizywnosci.pl\/#website\",\"url\":\"https:\/\/krakow.bankizywnosci.pl\/\",\"name\":\"Bank \u017bywno\u015bci w Krakowie\",\"description\":\"\",\"publisher\":{\"@id\":\"https:\/\/krakow.bankizywnosci.pl\/#organization\"},\"potentialAction\":[{\"@type\":\"SearchAction\",\"target\":{\"@type\":\"EntryPoint\",\"urlTemplate\":\"https:\/\/krakow.bankizywnosci.pl\/?s={search_term_string}\"},\"query-input\":\"required name=search_term_string\"}],\"inLanguage\":\"pl-PL\"},{\"@type\":\"Organization\",\"@id\":\"https:\/\/krakow.bankizywnosci.pl\/#organization\",\"name\":\"Bank \u017bywno\u015bci w Krakowie\",\"url\":\"https:\/\/krakow.bankizywnosci.pl\/\",\"sameAs\":[\"https:\/\/www.linkedin.com\/company\/bank-ywnoci-w-krakowie\/\",\"https:\/\/www.instagram.com\/bankzywnosciwkrakowie\/\",\"https:\/\/www.youtube.com\/@bankzywnosciwkrakowie\",\"https:\/\/www.facebook.com\/bzkrk\"],\"logo\":{\"@type\":\"ImageObject\",\"inLanguage\":\"pl-PL\",\"@id\":\"https:\/\/krakow.bankizywnosci.pl\/#\/schema\/logo\/image\/\",\"url\":\"https:\/\/krakow.bankizywnosci.pl\/wp-content\/uploads\/2018\/02\/logo_200.png\",\"contentUrl\":\"https:\/\/krakow.bankizywnosci.pl\/wp-content\/uploads\/2018\/02\/logo_200.png\",\"width\":200,\"height\":50,\"caption\":\"Bank \u017bywno\u015bci w Krakowie\"},\"image\":{\"@id\":\"https:\/\/krakow.bankizywnosci.pl\/#\/schema\/logo\/image\/\"}}]}<\/script>\n<!-- \/ Yoast SEO plugin. -->","yoast_head_json":{"title":"FEP\u017b 2024 - Bank \u017bywno\u015bci w Krakowie","robots":{"index":"index","follow":"follow","max-snippet":"max-snippet:-1","max-image-preview":"max-image-preview:large","max-video-preview":"max-video-preview:-1"},"canonical":"https:\/\/krakow.bankizywnosci.pl\/?page_id=6491","og_locale":"pl_PL","og_type":"article","og_title":"FEP\u017b 2024 - Bank \u017bywno\u015bci w Krakowie","og_description":"Bank \u017bywno\u015bci w Krakowie&nbsp;jako Organizacja Partnerska Regionalna [OPR] razem z Federacj\u0105 Polskich Bank\u00f3w \u017bywno\u015bci [OPO] oraz wsp\u00f3\u0142pracuj\u0105cymi Organizacjami Partnerskimi Lokalnymi [OPL] odpowiada za dystrybucj\u0119 artyku\u0142\u00f3w spo\u017cywczych i dzia\u0142ania towarzysz\u0105ce w ramach&nbsp;Programu Fundusze Europejskie na Pomoc \u017bywno\u015bciow\u0105 2021-2027 Podprogram 2023, kt\u00f3ry jest wsp\u00f3\u0142finansowany z Europejskiego Funduszu Spo\u0142ecznego Plus. Program realizowany jest w okresie 09.2023-10.2024. Dystrybucja artyku\u0142\u00f3w &hellip;","og_url":"https:\/\/krakow.bankizywnosci.pl\/?page_id=6491","og_site_name":"Bank \u017bywno\u015bci w Krakowie","article_publisher":"https:\/\/www.facebook.com\/bzkrk","article_modified_time":"2025-02-14T12:50:19+00:00","og_image":[{"url":"https:\/\/krakow.bankizywnosci.pl\/wp-content\/uploads\/2024\/02\/FEPZ_LOGO_POZIOM_KOLOR_KRAKOW-1024x108.png"}],"twitter_card":"summary_large_image","twitter_misc":{"Szacowany czas czytania":"4 minuty"},"schema":{"@context":"https:\/\/schema.org","@graph":[{"@type":"WebPage","@id":"https:\/\/krakow.bankizywnosci.pl\/?page_id=6491","url":"https:\/\/krakow.bankizywnosci.pl\/?page_id=6491","name":"FEP\u017b 2024 - Bank \u017bywno\u015bci w Krakowie","isPartOf":{"@id":"https:\/\/krakow.bankizywnosci.pl\/#website"},"datePublished":"2024-02-19T10:10:10+00:00","dateModified":"2025-02-14T12:50:19+00:00","breadcrumb":{"@id":"https:\/\/krakow.bankizywnosci.pl\/?page_id=6491#breadcrumb"},"inLanguage":"pl-PL","potentialAction":[{"@type":"ReadAction","target":["https:\/\/krakow.bankizywnosci.pl\/?page_id=6491"]}]},{"@type":"BreadcrumbList","@id":"https:\/\/krakow.bankizywnosci.pl\/?page_id=6491#breadcrumb","itemListElement":[{"@type":"ListItem","position":1,"name":"Strona g\u0142\u00f3wna","item":"https:\/\/krakow.bankizywnosci.pl\/"},{"@type":"ListItem","position":2,"name":"FEP\u017b","item":"https:\/\/krakow.bankizywnosci.pl\/?page_id=7035"},{"@type":"ListItem","position":3,"name":"FEP\u017b 2024"}]},{"@type":"WebSite","@id":"https:\/\/krakow.bankizywnosci.pl\/#website","url":"https:\/\/krakow.bankizywnosci.pl\/","name":"Bank \u017bywno\u015bci w Krakowie","description":"","publisher":{"@id":"https:\/\/krakow.bankizywnosci.pl\/#organization"},"potentialAction":[{"@type":"SearchAction","target":{"@type":"EntryPoint","urlTemplate":"https:\/\/krakow.bankizywnosci.pl\/?s={search_term_string}"},"query-input":"required name=search_term_string"}],"inLanguage":"pl-PL"},{"@type":"Organization","@id":"https:\/\/krakow.bankizywnosci.pl\/#organization","name":"Bank \u017bywno\u015bci w Krakowie","url":"https:\/\/krakow.bankizywnosci.pl\/","sameAs":["https:\/\/www.linkedin.com\/company\/bank-ywnoci-w-krakowie\/","https:\/\/www.instagram.com\/bankzywnosciwkrakowie\/","https:\/\/www.youtube.com\/@bankzywnosciwkrakowie","https:\/\/www.facebook.com\/bzkrk"],"logo":{"@type":"ImageObject","inLanguage":"pl-PL","@id":"https:\/\/krakow.bankizywnosci.pl\/#\/schema\/logo\/image\/","url":"https:\/\/krakow.bankizywnosci.pl\/wp-content\/uploads\/2018\/02\/logo_200.png","contentUrl":"https:\/\/krakow.bankizywnosci.pl\/wp-content\/uploads\/2018\/02\/logo_200.png","width":200,"height":50,"caption":"Bank \u017bywno\u015bci w Krakowie"},"image":{"@id":"https:\/\/krakow.bankizywnosci.pl\/#\/schema\/logo\/image\/"}}]}},"_links":{"self":[{"href":"https:\/\/krakow.bankizywnosci.pl\/index.php?rest_route=\/wp\/v2\/pages\/6491"}],"collection":[{"href":"https:\/\/krakow.bankizywnosci.pl\/index.php?rest_route=\/wp\/v2\/pages"}],"about":[{"href":"https:\/\/krakow.bankizywnosci.pl\/index.php?rest_route=\/wp\/v2\/types\/page"}],"author":[{"embeddable":true,"href":"https:\/\/krakow.bankizywnosci.pl\/index.php?rest_route=\/wp\/v2\/users\/1"}],"replies":[{"embeddable":true,"href":"https:\/\/krakow.bankizywnosci.pl\/index.php?rest_route=%2Fwp%2Fv2%2Fcomments&post=6491"}],"version-history":[{"count":14,"href":"https:\/\/krakow.bankizywnosci.pl\/index.php?rest_route=\/wp\/v2\/pages\/6491\/revisions"}],"predecessor-version":[{"id":7038,"href":"https:\/\/krakow.bankizywnosci.pl\/index.php?rest_route=\/wp\/v2\/pages\/6491\/revisions\/7038"}],"up":[{"embeddable":true,"href":"https:\/\/krakow.bankizywnosci.pl\/index.php?rest_route=\/wp\/v2\/pages\/7035"}],"wp:attachment":[{"href":"https:\/\/krakow.bankizywnosci.pl\/index.php?rest_route=%2Fwp%2Fv2%2Fmedia&parent=6491"}],"curies":[{"name":"wp","href":"https:\/\/api.w.org\/{rel}","templated":true}]}}