{"id":7040,"date":"2025-02-14T12:54:48","date_gmt":"2025-02-14T12:54:48","guid":{"rendered":"https:\/\/krakow.bankizywnosci.pl\/?page_id=7040"},"modified":"2026-02-06T10:51:02","modified_gmt":"2026-02-06T10:51:02","slug":"fepz-2025","status":"publish","type":"page","link":"https:\/\/krakow.bankizywnosci.pl\/?page_id=7040","title":{"rendered":"FEP\u017b 2025"},"content":{"rendered":"<div class=\"wp-block-image\">\n<figure class=\"aligncenter size-large\"><a href=\"https:\/\/krakow.bankizywnosci.pl\/wp-content\/uploads\/2025\/02\/FEPZ_LOGO_POZIOM_KOLOR_KRAKOW-scaled.webp\"><img loading=\"lazy\" width=\"1024\" height=\"108\" src=\"https:\/\/krakow.bankizywnosci.pl\/wp-content\/uploads\/2025\/02\/FEPZ_LOGO_POZIOM_KOLOR_KRAKOW-1024x108.webp\" alt=\"\" class=\"wp-image-7063\" srcset=\"https:\/\/krakow.bankizywnosci.pl\/wp-content\/uploads\/2025\/02\/FEPZ_LOGO_POZIOM_KOLOR_KRAKOW-1024x108.webp 1024w, https:\/\/krakow.bankizywnosci.pl\/wp-content\/uploads\/2025\/02\/FEPZ_LOGO_POZIOM_KOLOR_KRAKOW-300x32.webp 300w, https:\/\/krakow.bankizywnosci.pl\/wp-content\/uploads\/2025\/02\/FEPZ_LOGO_POZIOM_KOLOR_KRAKOW-768x81.webp 768w, https:\/\/krakow.bankizywnosci.pl\/wp-content\/uploads\/2025\/02\/FEPZ_LOGO_POZIOM_KOLOR_KRAKOW-1536x162.webp 1536w, https:\/\/krakow.bankizywnosci.pl\/wp-content\/uploads\/2025\/02\/FEPZ_LOGO_POZIOM_KOLOR_KRAKOW-2048x216.webp 2048w, https:\/\/krakow.bankizywnosci.pl\/wp-content\/uploads\/2025\/02\/FEPZ_LOGO_POZIOM_KOLOR_KRAKOW-560x59.webp 560w, https:\/\/krakow.bankizywnosci.pl\/wp-content\/uploads\/2025\/02\/FEPZ_LOGO_POZIOM_KOLOR_KRAKOW-400x42.webp 400w, https:\/\/krakow.bankizywnosci.pl\/wp-content\/uploads\/2025\/02\/FEPZ_LOGO_POZIOM_KOLOR_KRAKOW-900x95.webp 900w, https:\/\/krakow.bankizywnosci.pl\/wp-content\/uploads\/2025\/02\/FEPZ_LOGO_POZIOM_KOLOR_KRAKOW-1920x202.webp 1920w\" sizes=\"(max-width: 1024px) 100vw, 1024px\" \/><\/a><\/figure><\/div>\n\n\n<p id=\"m_-5586708196088765100m_4579772259339512079m_-9133771010134466060gmail-docs-internal-guid-41017e93-7fff-8ce9-7505-6c2268db0478\">Informujemy, i\u017c rozpoczyna si\u0119 kolejny etap wsparcia \u017cywno\u015bciowego dla os\u00f3b potrzebuj\u0105cych: <strong>Program Fundusze Europejskie na Pomoc \u017bywno\u015bciow\u0105 2021-2027 wsp\u00f3\u0142finansowany z Europejskiego Funduszu Spo\u0142ecznego Plus, <\/strong>kt\u00f3ry zaplanowany jest na okres luty &#8211; wrzesie\u0144 2025.<\/p>\n\n\n\n<p>Bank \u017bywno\u015bci w&nbsp; Krakowie &nbsp;planuje wsp\u00f3\u0142prac\u0119 z lokalnymi Organizacjami Pozarz\u0105dowymi i O\u015brodkami Pomocy Spo\u0142ecznej, z wojew\u00f3dztwa ma\u0142opolskiego na terenie gmin (Alwernia, Andrych\u00f3w, Dobczyce, Szerzyny, Nowy Wi\u015bnicz, Pcim, Radgoszcz,&nbsp; Babice, Niepo\u0142omice, Jordan\u00f3w, Lanckorona, Tomice, Przecisz\u00f3w, Iwkowa, Krak\u00f3w, Zielonki,&nbsp; Kro\u015bcienko n\/d, Siepraw, Iwanowice, Miech\u00f3w, Polanka Wielka, Rzepiennik Strzy\u017cewski, Rzezawa, Czorsztyn, Budz\u00f3w, Su\u0142kowice, Zator, Pa\u0142ecznica, Krzeszowice, Wietrzychowice, Gd\u00f3w, Stryszawa, Wolbrom, Czernich\u00f3w, Liszki,&nbsp; \u0141ukowica, Podegrodzie, Stary S\u0105cz, Nowy S\u0105cz, Lubie\u0144, \u015awi\u0105tniki G\u00f3rne, Klucze, Tarn\u00f3w, Tuch\u00f3w, Lisia G\u00f3ra, Ryglice, Rabka Zdr\u00f3j, Mszana, Sidzina, Bystra, Limanowa, \u0141\u0105cko, Gorlice, Biecz, Lipinki, S\u0119kowa, Bobowa, \u0141u\u017cna,&nbsp; Moszczenica, Ropa, U\u015bcie Gorlickie, Chrzan\u00f3w, Gnojnik, Koszyce, Proszowice, Nowe Brzesko, Szczurowa, Zabierz\u00f3w, Czch\u00f3w, Wi\u015bniowa, Iwanowice, Charsznica, Rac\u0142awice, Sucha Beskidzka, Mak\u00f3w Podhala\u0144ski, Stryszawa, Kocmyrz\u00f3w Luborzyca, Raciechowice, Korzenna, Wielka Wie\u015b, S\u0142opnice,&nbsp; S\u0142omniki, Naprawa, Trzyci\u0105\u017c, Wierzchos\u0142awice, Osiek) oraz \u015bwi\u0119tokrzyskiego (Dzia\u0142oszyce).&nbsp;<\/p>\n\n\n\n<p>Lista szczeg\u00f3\u0142owa wsp\u00f3\u0142pracuj\u0105cych z nami organizacji:<\/p>\n\n\n\n<html>\n<head>\n<meta http-equiv=Content-Type content=\"text\/html; charset=windows-1250\">\n<meta name=Generator content=\"Microsoft Word 12 (filtered)\">\n<style>\n<!--\n \/* Font Definitions *\/\n @font-face\n\t{font-family:\"Cambria Math\";\n\tpanose-1:2 4 5 3 5 4 6 3 2 4;}\n@font-face\n\t{font-family:Calibri;\n\tpanose-1:2 15 5 2 2 2 4 3 2 4;}\n \/* Style Definitions *\/\n p.MsoNormal, li.MsoNormal, div.MsoNormal\n\t{margin-top:0cm;\n\tmargin-right:0cm;\n\tmargin-bottom:10.0pt;\n\tmargin-left:0cm;\n\tline-height:115%;\n\tfont-size:11.0pt;\n\tfont-family:\"Calibri\",\"sans-serif\";}\na:link, span.MsoHyperlink\n\t{color:#0563C1;\n\ttext-decoration:underline;}\na:visited, span.MsoHyperlinkFollowed\n\t{color:purple;\n\ttext-decoration:underline;}\n.MsoPapDefault\n\t{margin-bottom:10.0pt;\n\tline-height:115%;}\n@page WordSection1\n\t{size:841.9pt 595.3pt;\n\tmargin:14.2pt 70.85pt 14.2pt 70.85pt;}\ndiv.WordSection1\n\t{page:WordSection1;}\n-->\n<\/style>\n<\/head>\n<body lang=PL link=\"#0563C1\" vlink=purple>\n<div class=WordSection1>\n<table class=MsoNormalTable border=0 cellspacing=0 cellpadding=0 width=1118\n style='width:671.0pt;margin-left:3.0pt;border-collapse:collapse'>\n <tr style='height:41.25pt'>\n  <td width=1118 nowrap colspan=5 valign=bottom style='width:671.0pt;\n  background:white;padding:0cm 3.5pt 0cm 3.5pt;height:41.25pt'>\n  <p class=MsoNormal align=center style='margin-bottom:0cm;margin-bottom:.0001pt;\n  text-align:center;line-height:normal'><b><span style='color:black'>LISTA\n  ORGANIZACJI PARTNERSKICH LOKALNYCH <\/span><\/b><\/p>\n  <\/td>\n <\/tr>\n <tr style='height:28.8pt'>\n  <td width=28 nowrap style='width:16.6pt;border:solid windowtext 1.0pt;\n  padding:0cm 3.5pt 0cm 3.5pt;height:28.8pt'>\n  <p class=MsoNormal style='margin-bottom:0cm;margin-bottom:.0001pt;line-height:\n  normal'><span style='color:black'>Lp.<\/span><\/p>\n  <\/td>\n  <td width=234 style='width:140.1pt;border:solid black 1.0pt;border-left:none;\n  background:white;padding:0cm 3.5pt 0cm 3.5pt;height:28.8pt'>\n  <p class=MsoNormal style='margin-bottom:0cm;margin-bottom:.0001pt;line-height:\n  normal'><span style='color:black'>GMINA<\/span><\/p>\n  <\/td>\n  <td width=263 style='width:157.95pt;border:solid black 1.0pt;border-left:\n  none;background:white;padding:0cm 3.5pt 0cm 3.5pt;height:28.8pt'>\n  <p class=MsoNormal style='margin-bottom:0cm;margin-bottom:.0001pt;line-height:\n  normal'><span style='color:black'>ORGANIZACJA PARTNERSKA LOKALNA<\/span><\/p>\n  <\/td>\n  <td width=196 style='width:117.35pt;border:solid black 1.0pt;border-left:\n  none;background:white;padding:0cm 3.5pt 0cm 3.5pt;height:28.8pt'>\n  <p class=MsoNormal style='margin-bottom:0cm;margin-bottom:.0001pt;line-height:\n  normal'><span style='color:black'>ADRES MIEJSCA ODBIORU \u017bYWNO\u015aCI<\/span><\/p>\n  <\/td>\n  <td width=398 style='width:239.0pt;border:solid black 1.0pt;border-left:none;\n  background:white;padding:0cm 3.5pt 0cm 3.5pt;height:28.8pt'>\n  <p class=MsoNormal style='margin-bottom:0cm;margin-bottom:.0001pt;line-height:\n  normal'><span style='color:black'>NR TELEFONU, E-MAIL<\/span><\/p>\n  <\/td>\n <\/tr>\n <tr style='height:70.5pt'>\n  <td width=28 nowrap style='width:16.6pt;border:solid windowtext 1.0pt;\n  border-top:none;padding:0cm 3.5pt 0cm 3.5pt;height:70.5pt'>\n  <p class=MsoNormal align=right style='margin-bottom:0cm;margin-bottom:.0001pt;\n  text-align:right;line-height:normal'><span style='color:black'>1<\/span><\/p>\n  <\/td>\n  <td width=234 nowrap style='width:140.1pt;border-top:none;border-left:none;\n  border-bottom:solid black 1.0pt;border-right:solid black 1.0pt;background:\n  white;padding:0cm 3.5pt 0cm 3.5pt;height:70.5pt'>\n  <p class=MsoNormal style='margin-bottom:0cm;margin-bottom:.0001pt;line-height:\n  normal'><span style='color:black'>Alwernia<\/span><\/p>\n  <\/td>\n  <td width=263 style='width:157.95pt;border-top:none;border-left:none;\n  border-bottom:solid black 1.0pt;border-right:solid black 1.0pt;background:\n  white;padding:0cm 3.5pt 0cm 3.5pt;height:70.5pt'>\n  <p class=MsoNormal style='margin-bottom:0cm;margin-bottom:.0001pt;line-height:\n  normal'><span style='color:black'>Centrum Us\u0142ug Spolecznych w Alwerni<\/span><\/p>\n  <\/td>\n  <td width=196 style='width:117.35pt;border-top:none;border-left:none;\n  border-bottom:solid black 1.0pt;border-right:solid black 1.0pt;background:\n  white;padding:0cm 3.5pt 0cm 3.5pt;height:70.5pt'>\n  <p class=MsoNormal style='margin-bottom:0cm;margin-bottom:.0001pt;line-height:\n  normal'><span style='color:black'>ul. Karola Wojty\u0142y 12, 32-566 Mir\u00f3w<\/span><\/p>\n  <\/td>\n  <td width=398 style='width:239.0pt;border-top:none;border-left:none;\n  border-bottom:solid black 1.0pt;border-right:solid black 1.0pt;background:\n  white;padding:0cm 3.5pt 0cm 3.5pt;height:70.5pt'>\n  <p class=MsoNormal style='margin-bottom:0cm;margin-bottom:.0001pt;line-height:\n  normal'><u><span style='color:#0563C1'><a href=\"about:blank\">sekretariat@cus-alwenia.pl,\n  12\/283-30-31<\/a><\/span><\/u><\/p>\n  <\/td>\n <\/tr>\n <tr style='height:43.2pt'>\n  <td width=28 nowrap style='width:16.6pt;border:solid windowtext 1.0pt;\n  border-top:none;padding:0cm 3.5pt 0cm 3.5pt;height:43.2pt'>\n  <p class=MsoNormal align=right style='margin-bottom:0cm;margin-bottom:.0001pt;\n  text-align:right;line-height:normal'><span style='color:black'>2<\/span><\/p>\n  <\/td>\n  <td width=234 nowrap style='width:140.1pt;border-top:none;border-left:none;\n  border-bottom:solid black 1.0pt;border-right:solid black 1.0pt;background:\n  white;padding:0cm 3.5pt 0cm 3.5pt;height:43.2pt'>\n  <p class=MsoNormal style='margin-bottom:0cm;margin-bottom:.0001pt;line-height:\n  normal'><span style='color:black'>Andrych\u00f3w<\/span><\/p>\n  <\/td>\n  <td width=263 style='width:157.95pt;border-top:none;border-left:none;\n  border-bottom:solid black 1.0pt;border-right:solid black 1.0pt;background:\n  white;padding:0cm 3.5pt 0cm 3.5pt;height:43.2pt'>\n  <p class=MsoNormal style='margin-bottom:0cm;margin-bottom:.0001pt;line-height:\n  normal'><span style='color:black'>Kuchnia \u015aw. Brata Alberta prowadzona przez\n  Zgromadzenie Si\u00f3str Albertynek<\/span><\/p>\n  <\/td>\n  <td width=196 style='width:117.35pt;border-top:none;border-left:none;\n  border-bottom:solid black 1.0pt;border-right:solid black 1.0pt;background:\n  white;padding:0cm 3.5pt 0cm 3.5pt;height:43.2pt'>\n  <p class=MsoNormal style='margin-bottom:0cm;margin-bottom:.0001pt;line-height:\n  normal'><span style='color:black'>ul. 1 Maja 11, 34-120 Andrych\u00f3w<\/span><\/p>\n  <\/td>\n  <td width=398 style='width:239.0pt;border-top:none;border-left:none;\n  border-bottom:solid black 1.0pt;border-right:solid black 1.0pt;background:\n  white;padding:0cm 3.5pt 0cm 3.5pt;height:43.2pt'>\n  <p class=MsoNormal style='margin-bottom:0cm;margin-bottom:.0001pt;line-height:\n  normal'><u><span style='color:#0563C1'><a\n  href=\"mailto:kuchnia.andrychow@tlen.pl\">kuchnia.andrychow@tlen.pl<\/a><\/span><\/u><\/p>\n  <\/td>\n <\/tr>\n <tr style='height:71.25pt'>\n  <td width=28 nowrap style='width:16.6pt;border:solid windowtext 1.0pt;\n  border-top:none;padding:0cm 3.5pt 0cm 3.5pt;height:71.25pt'>\n  <p class=MsoNormal align=right style='margin-bottom:0cm;margin-bottom:.0001pt;\n  text-align:right;line-height:normal'><span style='color:black'>3<\/span><\/p>\n  <\/td>\n  <td width=234 nowrap style='width:140.1pt;border-top:none;border-left:none;\n  border-bottom:solid black 1.0pt;border-right:solid black 1.0pt;background:\n  white;padding:0cm 3.5pt 0cm 3.5pt;height:71.25pt'>\n  <p class=MsoNormal style='margin-bottom:0cm;margin-bottom:.0001pt;line-height:\n  normal'><span style='color:black'>Babice<\/span><\/p>\n  <\/td>\n  <td width=263 style='width:157.95pt;border-top:none;border-left:none;\n  border-bottom:solid black 1.0pt;border-right:solid black 1.0pt;background:\n  white;padding:0cm 3.5pt 0cm 3.5pt;height:71.25pt'>\n  <p class=MsoNormal style='margin-bottom:0cm;margin-bottom:.0001pt;line-height:\n  normal'><span style='color:black'>GOPS Babice, ul. Krakowska 56, 32-551\n  Babice<\/span><\/p>\n  <\/td>\n  <td width=196 style='width:117.35pt;border-top:none;border-left:none;\n  border-bottom:solid black 1.0pt;border-right:solid black 1.0pt;background:\n  white;padding:0cm 3.5pt 0cm 3.5pt;height:71.25pt'>\n  <p class=MsoNormal style='margin-bottom:0cm;margin-bottom:.0001pt;line-height:\n  normal'><span style='color:black'>ul. Zakopia\u0144ska 23, 32-551 Babice<\/span><\/p>\n  <\/td>\n  <td width=398 style='width:239.0pt;border-top:none;border-left:none;\n  border-bottom:solid black 1.0pt;border-right:solid black 1.0pt;background:\n  white;padding:0cm 3.5pt 0cm 3.5pt;height:71.25pt'>\n  <p class=MsoNormal style='margin-bottom:0cm;margin-bottom:.0001pt;line-height:\n  normal'><u><span style='color:#0563C1'><a href=\"mailto:a.palka@babice.pl\">\u00a0ops@babice.pl\n  32\/613-40-50 <\/a><\/span><\/u><\/p>\n  <\/td>\n <\/tr>\n <tr style='height:54.75pt'>\n  <td width=28 nowrap style='width:16.6pt;border:solid windowtext 1.0pt;\n  border-top:none;padding:0cm 3.5pt 0cm 3.5pt;height:54.75pt'>\n  <p class=MsoNormal align=right style='margin-bottom:0cm;margin-bottom:.0001pt;\n  text-align:right;line-height:normal'><span style='color:black'>4<\/span><\/p>\n  <\/td>\n  <td width=234 nowrap style='width:140.1pt;border-top:none;border-left:none;\n  border-bottom:solid black 1.0pt;border-right:solid black 1.0pt;background:\n  white;padding:0cm 3.5pt 0cm 3.5pt;height:54.75pt'>\n  <p class=MsoNormal style='margin-bottom:0cm;margin-bottom:.0001pt;line-height:\n  normal'><span style='color:black'>Chrzan\u00f3w<\/span><\/p>\n  <\/td>\n  <td width=263 style='width:157.95pt;border-top:none;border-left:none;\n  border-bottom:solid black 1.0pt;border-right:solid black 1.0pt;background:\n  white;padding:0cm 3.5pt 0cm 3.5pt;height:54.75pt'>\n  <p class=MsoNormal style='margin-bottom:0cm;margin-bottom:.0001pt;line-height:\n  normal'><span style='color:black'>O\u015brodek Pomocy Spo\u0142ecznej w Chrzanowie <\/span><\/p>\n  <\/td>\n  <td width=196 style='width:117.35pt;border-top:none;border-left:none;\n  border-bottom:solid black 1.0pt;border-right:solid black 1.0pt;background:\n  white;padding:0cm 3.5pt 0cm 3.5pt;height:54.75pt'>\n  <p class=MsoNormal style='margin-bottom:0cm;margin-bottom:.0001pt;line-height:\n  normal'><span style='color:black'>ul. Jagiello\u0144ska 4, 32-500 Chrzan\u00f3w<\/span><\/p>\n  <\/td>\n  <td width=398 nowrap style='width:239.0pt;border-top:none;border-left:none;\n  border-bottom:solid black 1.0pt;border-right:solid black 1.0pt;background:\n  white;padding:0cm 3.5pt 0cm 3.5pt;height:54.75pt'>\n  <p class=MsoNormal style='margin-bottom:0cm;margin-bottom:.0001pt;line-height:\n  normal'><u><span style='color:#0563C1'><a href=\"about:blank\">sekretariat@ops.chrzanow.pl,\n  32\/735-69-38<\/a><\/span><\/u><\/p>\n  <\/td>\n <\/tr>\n <tr style='height:32.25pt'>\n  <td width=28 nowrap style='width:16.6pt;border:solid windowtext 1.0pt;\n  border-top:none;padding:0cm 3.5pt 0cm 3.5pt;height:32.25pt'>\n  <p class=MsoNormal align=right style='margin-bottom:0cm;margin-bottom:.0001pt;\n  text-align:right;line-height:normal'><span style='color:black'>5<\/span><\/p>\n  <\/td>\n  <td width=234 nowrap style='width:140.1pt;border-top:none;border-left:none;\n  border-bottom:solid black 1.0pt;border-right:solid black 1.0pt;background:\n  white;padding:0cm 3.5pt 0cm 3.5pt;height:32.25pt'>\n  <p class=MsoNormal style='margin-bottom:0cm;margin-bottom:.0001pt;line-height:\n  normal'><span style='color:black'>Czch\u00f3w<\/span><\/p>\n  <\/td>\n  <td width=263 style='width:157.95pt;border-top:none;border-left:none;\n  border-bottom:solid black 1.0pt;border-right:solid black 1.0pt;background:\n  white;padding:0cm 3.5pt 0cm 3.5pt;height:32.25pt'>\n  <p class=MsoNormal style='margin-bottom:0cm;margin-bottom:.0001pt;line-height:\n  normal'><span style='color:black'>Miejski O\u015brodek Pomocy Spo\u0142ecznej w\n  Czchowie<\/span><\/p>\n  <\/td>\n  <td width=196 style='width:117.35pt;border-top:none;border-left:none;\n  border-bottom:solid black 1.0pt;border-right:solid black 1.0pt;background:\n  white;padding:0cm 3.5pt 0cm 3.5pt;height:32.25pt'>\n  <p class=MsoNormal style='margin-bottom:0cm;margin-bottom:.0001pt;line-height:\n  normal'><span style='color:black'>Jurk\u00f3w 304, 32-860 Czch\u00f3w<\/span><\/p>\n  <\/td>\n  <td width=398 style='width:239.0pt;border-top:none;border-left:none;\n  border-bottom:solid black 1.0pt;border-right:solid black 1.0pt;background:\n  white;padding:0cm 3.5pt 0cm 3.5pt;height:32.25pt'>\n  <p class=MsoNormal style='margin-bottom:0cm;margin-bottom:.0001pt;line-height:\n  normal'><u><span style='color:#0563C1'><a href=\"about:blank\">mops@czchow.pl\n  14\/663-65-65 <\/a><\/span><\/u><\/p>\n  <\/td>\n <\/tr>\n <tr style='height:73.5pt'>\n  <td width=28 nowrap style='width:16.6pt;border:solid windowtext 1.0pt;\n  border-top:none;padding:0cm 3.5pt 0cm 3.5pt;height:73.5pt'>\n  <p class=MsoNormal align=right style='margin-bottom:0cm;margin-bottom:.0001pt;\n  text-align:right;line-height:normal'><span style='color:black'>6<\/span><\/p>\n  <\/td>\n  <td width=234 nowrap style='width:140.1pt;border-top:none;border-left:none;\n  border-bottom:solid black 1.0pt;border-right:solid black 1.0pt;background:\n  white;padding:0cm 3.5pt 0cm 3.5pt;height:73.5pt'>\n  <p class=MsoNormal style='margin-bottom:0cm;margin-bottom:.0001pt;line-height:\n  normal'><span style='color:black'>Czorsztyn<\/span><\/p>\n  <\/td>\n  <td width=263 style='width:157.95pt;border-top:none;border-left:none;\n  border-bottom:solid black 1.0pt;border-right:solid black 1.0pt;background:\n  white;padding:0cm 3.5pt 0cm 3.5pt;height:73.5pt'>\n  <p class=MsoNormal style='margin-bottom:0cm;margin-bottom:.0001pt;line-height:\n  normal'><span style='color:black'>Gminny O\u015brodek Pomocy Spo\u0142ecznej w\n  Maniowach<\/span><\/p>\n  <\/td>\n  <td width=196 style='width:117.35pt;border-top:none;border-left:none;\n  border-bottom:solid black 1.0pt;border-right:solid black 1.0pt;background:\n  white;padding:0cm 3.5pt 0cm 3.5pt;height:73.5pt'>\n  <p class=MsoNormal style='margin-bottom:0cm;margin-bottom:.0001pt;line-height:\n  normal'><span style='color:black'>ul. Pieni\u0144ska 2A, Maniowy<\/span><\/p>\n  <\/td>\n  <td width=398 style='width:239.0pt;border-top:none;border-left:none;\n  border-bottom:solid black 1.0pt;border-right:solid black 1.0pt;background:\n  white;padding:0cm 3.5pt 0cm 3.5pt;height:73.5pt'>\n  <p class=MsoNormal style='margin-bottom:0cm;margin-bottom:.0001pt;line-height:\n  normal'><u><span style='color:#0563C1'><a href=\"about:blank\">maniowy@gops.czorsztyn.pl,\n  18\/275-08-83<\/a><\/span><\/u><\/p>\n  <\/td>\n <\/tr>\n <tr style='height:28.8pt'>\n  <td width=28 nowrap style='width:16.6pt;border:solid windowtext 1.0pt;\n  border-top:none;padding:0cm 3.5pt 0cm 3.5pt;height:28.8pt'>\n  <p class=MsoNormal align=right style='margin-bottom:0cm;margin-bottom:.0001pt;\n  text-align:right;line-height:normal'><span style='color:black'>7<\/span><\/p>\n  <\/td>\n  <td width=234 nowrap style='width:140.1pt;border-top:none;border-left:none;\n  border-bottom:solid black 1.0pt;border-right:solid black 1.0pt;background:\n  white;padding:0cm 3.5pt 0cm 3.5pt;height:28.8pt'>\n  <p class=MsoNormal style='margin-bottom:0cm;margin-bottom:.0001pt;line-height:\n  normal'><span style='color:black'>Dobczyce<\/span><\/p>\n  <\/td>\n  <td width=263 style='width:157.95pt;border-top:none;border-left:none;\n  border-bottom:solid black 1.0pt;border-right:solid black 1.0pt;background:\n  white;padding:0cm 3.5pt 0cm 3.5pt;height:28.8pt'>\n  <p class=MsoNormal style='margin-bottom:0cm;margin-bottom:.0001pt;line-height:\n  normal'><span style='color:black'>Miejsko-Gminny O\u015brodek Pomocy Spo\u0142ecznej<\/span><\/p>\n  <\/td>\n  <td width=196 style='width:117.35pt;border-top:none;border-left:none;\n  border-bottom:solid black 1.0pt;border-right:solid black 1.0pt;background:\n  white;padding:0cm 3.5pt 0cm 3.5pt;height:28.8pt'>\n  <p class=MsoNormal style='margin-bottom:0cm;margin-bottom:.0001pt;line-height:\n  normal'><span style='color:black'>ul. Jagiello\u0144ska 44 H,\u00a0 32-410 Dobczyce<\/span><\/p>\n  <\/td>\n  <td width=398 style='width:239.0pt;border-top:none;border-left:none;\n  border-bottom:solid black 1.0pt;border-right:solid black 1.0pt;background:\n  white;padding:0cm 3.5pt 0cm 3.5pt;height:28.8pt'>\n  <p class=MsoNormal style='margin-bottom:0cm;margin-bottom:.0001pt;line-height:\n  normal'><u><span style='color:#0563C1'><a href=\"about:blank\">\u00a0mgops@mgops.dobczyce.pl,\n  12\/373-11-00<\/a><\/span><\/u><\/p>\n  <\/td>\n <\/tr>\n <tr style='height:28.8pt'>\n  <td width=28 nowrap style='width:16.6pt;border:solid windowtext 1.0pt;\n  border-top:none;padding:0cm 3.5pt 0cm 3.5pt;height:28.8pt'>\n  <p class=MsoNormal align=right style='margin-bottom:0cm;margin-bottom:.0001pt;\n  text-align:right;line-height:normal'><span style='color:black'>8<\/span><\/p>\n  <\/td>\n  <td width=234 nowrap style='width:140.1pt;border-top:none;border-left:none;\n  border-bottom:solid black 1.0pt;border-right:solid black 1.0pt;background:\n  white;padding:0cm 3.5pt 0cm 3.5pt;height:28.8pt'>\n  <p class=MsoNormal style='margin-bottom:0cm;margin-bottom:.0001pt;line-height:\n  normal'><span style='color:black'>Dzia\u0142oszyce<\/span><\/p>\n  <\/td>\n  <td width=263 style='width:157.95pt;border-top:none;border-left:none;\n  border-bottom:solid black 1.0pt;border-right:solid black 1.0pt;background:\n  white;padding:0cm 3.5pt 0cm 3.5pt;height:28.8pt'>\n  <p class=MsoNormal style='margin-bottom:0cm;margin-bottom:.0001pt;line-height:\n  normal'><span style='color:black'>CUS w Dzia\u0142oszycach<\/span><\/p>\n  <\/td>\n  <td width=196 style='width:117.35pt;border-top:none;border-left:none;\n  border-bottom:solid black 1.0pt;border-right:solid black 1.0pt;background:\n  white;padding:0cm 3.5pt 0cm 3.5pt;height:28.8pt'>\n  <p class=MsoNormal style='margin-bottom:0cm;margin-bottom:.0001pt;line-height:\n  normal'><span style='color:black'>ul. Skalbmierska 17, 28-440 Dzia\u0142oszyce<\/span><\/p>\n  <\/td>\n  <td width=398 style='width:239.0pt;border-top:none;border-left:none;\n  border-bottom:solid black 1.0pt;border-right:solid black 1.0pt;background:\n  white;padding:0cm 3.5pt 0cm 3.5pt;height:28.8pt'>\n  <p class=MsoNormal style='margin-bottom:0cm;margin-bottom:.0001pt;line-height:\n  normal'><u><span style='color:#0563C1'><a href=\"about:blank\">cus@cusdzialoszyce.pl\n  41\/ 352-60-05 <\/a><\/span><\/u><\/p>\n  <\/td>\n <\/tr>\n <tr style='height:28.8pt'>\n  <td width=28 nowrap style='width:16.6pt;border:solid windowtext 1.0pt;\n  border-top:none;padding:0cm 3.5pt 0cm 3.5pt;height:28.8pt'>\n  <p class=MsoNormal align=right style='margin-bottom:0cm;margin-bottom:.0001pt;\n  text-align:right;line-height:normal'><span style='color:black'>9<\/span><\/p>\n  <\/td>\n  <td width=234 nowrap style='width:140.1pt;border-top:none;border-left:none;\n  border-bottom:solid black 1.0pt;border-right:solid black 1.0pt;background:\n  white;padding:0cm 3.5pt 0cm 3.5pt;height:28.8pt'>\n  <p class=MsoNormal style='margin-bottom:0cm;margin-bottom:.0001pt;line-height:\n  normal'><span style='color:black'>Gd\u00f3w<\/span><\/p>\n  <\/td>\n  <td width=263 style='width:157.95pt;border-top:none;border-left:none;\n  border-bottom:solid black 1.0pt;border-right:solid black 1.0pt;background:\n  white;padding:0cm 3.5pt 0cm 3.5pt;height:28.8pt'>\n  <p class=MsoNormal style='margin-bottom:0cm;margin-bottom:.0001pt;line-height:\n  normal'><span style='color:black'>Gminny O\u015brodek Pomocy Spo\u0142ecznej<\/span><\/p>\n  <\/td>\n  <td width=196 style='width:117.35pt;border-top:none;border-left:none;\n  border-bottom:solid black 1.0pt;border-right:solid black 1.0pt;background:\n  white;padding:0cm 3.5pt 0cm 3.5pt;height:28.8pt'>\n  <p class=MsoNormal style='margin-bottom:0cm;margin-bottom:.0001pt;line-height:\n  normal'><span style='color:black'>Marszowice 206, 32-420 Gd\u00f3w<\/span><\/p>\n  <\/td>\n  <td width=398 style='width:239.0pt;border-top:none;border-left:none;\n  border-bottom:solid black 1.0pt;border-right:solid black 1.0pt;background:\n  white;padding:0cm 3.5pt 0cm 3.5pt;height:28.8pt'>\n  <p class=MsoNormal style='margin-bottom:0cm;margin-bottom:.0001pt;line-height:\n  normal'><u><span style='color:#0563C1'><a\n  href=\"mailto:justyna.warciak@gops.gdow.pl\">\u00a0sekretariat@gops.gdow.pl\n  12\/251-42-38<\/a><\/span><\/u><\/p>\n  <\/td>\n <\/tr>\n <tr style='height:81.75pt'>\n  <td width=28 nowrap style='width:16.6pt;border:solid windowtext 1.0pt;\n  border-top:none;padding:0cm 3.5pt 0cm 3.5pt;height:81.75pt'>\n  <p class=MsoNormal align=right style='margin-bottom:0cm;margin-bottom:.0001pt;\n  text-align:right;line-height:normal'><span style='color:black'>10<\/span><\/p>\n  <\/td>\n  <td width=234 nowrap style='width:140.1pt;border-top:none;border-left:none;\n  border-bottom:solid black 1.0pt;border-right:solid black 1.0pt;background:\n  white;padding:0cm 3.5pt 0cm 3.5pt;height:81.75pt'>\n  <p class=MsoNormal style='margin-bottom:0cm;margin-bottom:.0001pt;line-height:\n  normal'><span style='color:black'>Gnojnik<\/span><\/p>\n  <\/td>\n  <td width=263 style='width:157.95pt;border-top:none;border-left:none;\n  border-bottom:solid black 1.0pt;border-right:solid black 1.0pt;background:\n  white;padding:0cm 3.5pt 0cm 3.5pt;height:81.75pt'>\n  <p class=MsoNormal style='margin-bottom:0cm;margin-bottom:.0001pt;line-height:\n  normal'><span style='color:black'>Gminny O\u015brodek Pomocy Spo\u0142ecznej<\/span><\/p>\n  <\/td>\n  <td width=196 style='width:117.35pt;border-top:none;border-left:none;\n  border-bottom:solid black 1.0pt;border-right:solid black 1.0pt;background:\n  white;padding:0cm 3.5pt 0cm 3.5pt;height:81.75pt'>\n  <p class=MsoNormal style='margin-bottom:0cm;margin-bottom:.0001pt;line-height:\n  normal'><span style='color:black'>32-864 Gnojnik 729 lokal C<\/span><\/p>\n  <\/td>\n  <td width=398 style='width:239.0pt;border-top:none;border-left:none;\n  border-bottom:solid black 1.0pt;border-right:solid black 1.0pt;background:\n  white;padding:0cm 3.5pt 0cm 3.5pt;height:81.75pt'>\n  <p class=MsoNormal style='margin-bottom:0cm;margin-bottom:.0001pt;line-height:\n  normal'><u><span style='color:#0563C1'><a href=\"about:blank\">gops@gnojnik.pl,\n  14\/686-96-00<\/a><\/span><\/u><\/p>\n  <\/td>\n <\/tr>\n <tr style='height:28.8pt'>\n  <td width=28 nowrap style='width:16.6pt;border:solid windowtext 1.0pt;\n  border-top:none;padding:0cm 3.5pt 0cm 3.5pt;height:28.8pt'>\n  <p class=MsoNormal align=right style='margin-bottom:0cm;margin-bottom:.0001pt;\n  text-align:right;line-height:normal'><span style='color:black'>11<\/span><\/p>\n  <\/td>\n  <td width=234 style='width:140.1pt;border-top:none;border-left:none;\n  border-bottom:solid black 1.0pt;border-right:solid black 1.0pt;background:\n  white;padding:0cm 3.5pt 0cm 3.5pt;height:28.8pt'>\n  <p class=MsoNormal style='margin-bottom:0cm;margin-bottom:.0001pt;line-height:\n  normal'><span style='color:black'>Gorlice<\/span><\/p>\n  <\/td>\n  <td width=263 style='width:157.95pt;border-top:none;border-left:none;\n  border-bottom:solid black 1.0pt;border-right:solid black 1.0pt;background:\n  white;padding:0cm 3.5pt 0cm 3.5pt;height:28.8pt'>\n  <p class=MsoNormal style='margin-bottom:0cm;margin-bottom:.0001pt;line-height:\n  normal'><span style='color:black'>Parafia Rzymsko-Katolicka p.w. \u015aw. Jadwigi\n  Kr\u00f3lowej<\/span><\/p>\n  <\/td>\n  <td width=196 style='width:117.35pt;border-top:none;border-left:none;\n  border-bottom:solid black 1.0pt;border-right:solid black 1.0pt;background:\n  white;padding:0cm 3.5pt 0cm 3.5pt;height:28.8pt'>\n  <p class=MsoNormal style='margin-bottom:0cm;margin-bottom:.0001pt;line-height:\n  normal'><span style='color:black'>&nbsp;ul. Aria\u0144ska 4, 38-300 Gorlice<\/span><\/p>\n  <\/td>\n  <td width=398 style='width:239.0pt;border-top:none;border-left:none;\n  border-bottom:solid black 1.0pt;border-right:solid black 1.0pt;background:\n  white;padding:0cm 3.5pt 0cm 3.5pt;height:28.8pt'>\n  <p class=MsoNormal style='margin-bottom:0cm;margin-bottom:.0001pt;line-height:\n  normal'><u><span style='color:#0563C1'><a\n  href=\"mailto:parafiagorlice@poczta.fm\">parafiagorlice@poczta.fm<\/a><\/span><\/u><\/p>\n  <\/td>\n <\/tr>\n <tr style='height:28.8pt'>\n  <td width=28 nowrap style='width:16.6pt;border:solid windowtext 1.0pt;\n  border-top:none;padding:0cm 3.5pt 0cm 3.5pt;height:28.8pt'>\n  <p class=MsoNormal align=right style='margin-bottom:0cm;margin-bottom:.0001pt;\n  text-align:right;line-height:normal'><span style='color:black'>12<\/span><\/p>\n  <\/td>\n  <td width=234 nowrap style='width:140.1pt;border-top:none;border-left:none;\n  border-bottom:solid black 1.0pt;border-right:solid black 1.0pt;background:\n  white;padding:0cm 3.5pt 0cm 3.5pt;height:28.8pt'>\n  <p class=MsoNormal style='margin-bottom:0cm;margin-bottom:.0001pt;line-height:\n  normal'><span style='color:black'>Iwanowice<\/span><\/p>\n  <\/td>\n  <td width=263 style='width:157.95pt;border-top:none;border-left:none;\n  border-bottom:solid black 1.0pt;border-right:solid black 1.0pt;background:\n  white;padding:0cm 3.5pt 0cm 3.5pt;height:28.8pt'>\n  <p class=MsoNormal style='margin-bottom:0cm;margin-bottom:.0001pt;line-height:\n  normal'><span style='color:black'>Gminny O\u015brodek Pomocy Spo\u0142ecznej w\n  Iwanowicach<\/span><\/p>\n  <\/td>\n  <td width=196 style='width:117.35pt;border-top:none;border-left:none;\n  border-bottom:solid black 1.0pt;border-right:solid black 1.0pt;background:\n  white;padding:0cm 3.5pt 0cm 3.5pt;height:28.8pt'>\n  <p class=MsoNormal style='margin-bottom:0cm;margin-bottom:.0001pt;line-height:\n  normal'><span style='color:black'>ul. Stra\u017cacka 2, Iwanowice &nbsp;32-095 <\/span><\/p>\n  <\/td>\n  <td width=398 style='width:239.0pt;border-top:none;border-left:none;\n  border-bottom:solid black 1.0pt;border-right:solid black 1.0pt;background:\n  white;padding:0cm 3.5pt 0cm 3.5pt;height:28.8pt'>\n  <p class=MsoNormal style='margin-bottom:0cm;margin-bottom:.0001pt;line-height:\n  normal'><u><span style='color:#0563C1'><a href=\"about:blank\">gops@iwanowice.pl,\n  12\/388-40-03<\/a><\/span><\/u><\/p>\n  <\/td>\n <\/tr>\n <tr style='height:14.4pt'>\n  <td width=28 nowrap style='width:16.6pt;border:solid windowtext 1.0pt;\n  border-top:none;padding:0cm 3.5pt 0cm 3.5pt;height:14.4pt'>\n  <p class=MsoNormal align=right style='margin-bottom:0cm;margin-bottom:.0001pt;\n  text-align:right;line-height:normal'><span style='color:black'>13<\/span><\/p>\n  <\/td>\n  <td width=234 nowrap style='width:140.1pt;border-top:none;border-left:none;\n  border-bottom:solid black 1.0pt;border-right:solid black 1.0pt;background:\n  white;padding:0cm 3.5pt 0cm 3.5pt;height:14.4pt'>\n  <p class=MsoNormal style='margin-bottom:0cm;margin-bottom:.0001pt;line-height:\n  normal'><span style='color:black'>Iwkowa<\/span><\/p>\n  <\/td>\n  <td width=263 style='width:157.95pt;border-top:none;border-left:none;\n  border-bottom:solid black 1.0pt;border-right:solid black 1.0pt;background:\n  white;padding:0cm 3.5pt 0cm 3.5pt;height:14.4pt'>\n  <p class=MsoNormal style='margin-bottom:0cm;margin-bottom:.0001pt;line-height:\n  normal'><span style='color:black'>Gminny O\u015brodek Pomocy Spo\u0142ecznej<\/span><\/p>\n  <\/td>\n  <td width=196 style='width:117.35pt;border-top:none;border-left:none;\n  border-bottom:solid black 1.0pt;border-right:solid black 1.0pt;background:\n  white;padding:0cm 3.5pt 0cm 3.5pt;height:14.4pt'>\n  <p class=MsoNormal style='margin-bottom:0cm;margin-bottom:.0001pt;line-height:\n  normal'><span style='color:black'>32-861 Iwkowa 468<\/span><\/p>\n  <\/td>\n  <td width=398 style='width:239.0pt;border-top:none;border-left:none;\n  border-bottom:solid black 1.0pt;border-right:solid black 1.0pt;background:\n  white;padding:0cm 3.5pt 0cm 3.5pt;height:14.4pt'>\n  <p class=MsoNormal style='margin-bottom:0cm;margin-bottom:.0001pt;line-height:\n  normal'><u><span style='color:#0563C1'><a href=\"about:blank\">gops@iwkowa.pl\n  14\/684-40-10<\/a><\/span><\/u><\/p>\n  <\/td>\n <\/tr>\n <tr style='height:28.8pt'>\n  <td width=28 nowrap style='width:16.6pt;border:solid windowtext 1.0pt;\n  border-top:none;padding:0cm 3.5pt 0cm 3.5pt;height:28.8pt'>\n  <p class=MsoNormal align=right style='margin-bottom:0cm;margin-bottom:.0001pt;\n  text-align:right;line-height:normal'><span style='color:black'>14<\/span><\/p>\n  <\/td>\n  <td width=234 nowrap style='width:140.1pt;border-top:none;border-left:none;\n  border-bottom:solid black 1.0pt;border-right:solid black 1.0pt;background:\n  white;padding:0cm 3.5pt 0cm 3.5pt;height:28.8pt'>\n  <p class=MsoNormal style='margin-bottom:0cm;margin-bottom:.0001pt;line-height:\n  normal'><span style='color:black'>Jordan\u00f3w<\/span><\/p>\n  <\/td>\n  <td width=263 style='width:157.95pt;border-top:none;border-left:none;\n  border-bottom:solid black 1.0pt;border-right:solid black 1.0pt;background:\n  white;padding:0cm 3.5pt 0cm 3.5pt;height:28.8pt'>\n  <p class=MsoNormal style='margin-bottom:0cm;margin-bottom:.0001pt;line-height:\n  normal'><span style='color:black'>Miejski O\u015brodek Pomocy Spo\u0142ecznej<\/span><\/p>\n  <\/td>\n  <td width=196 style='width:117.35pt;border-top:none;border-left:none;\n  border-bottom:solid black 1.0pt;border-right:solid black 1.0pt;background:\n  white;padding:0cm 3.5pt 0cm 3.5pt;height:28.8pt'>\n  <p class=MsoNormal style='margin-bottom:0cm;margin-bottom:.0001pt;line-height:\n  normal'><span style='color:black'>Banacha 1, 34-240 Jordan\u00f3w<\/span><\/p>\n  <\/td>\n  <td width=398 style='width:239.0pt;border-top:none;border-left:none;\n  border-bottom:solid black 1.0pt;border-right:solid black 1.0pt;background:\n  white;padding:0cm 3.5pt 0cm 3.5pt;height:28.8pt'>\n  <p class=MsoNormal style='margin-bottom:0cm;margin-bottom:.0001pt;line-height:\n  normal'><u><span style='color:#0563C1'><a\n  href=\"mailto:maria.cwikiel@jordanow.pl\">\u00a0mops@jordanow.pl 18\/267-55-73 <\/a><\/span><\/u><\/p>\n  <\/td>\n <\/tr>\n <tr style='height:28.8pt'>\n  <td width=28 nowrap style='width:16.6pt;border:solid windowtext 1.0pt;\n  border-top:none;padding:0cm 3.5pt 0cm 3.5pt;height:28.8pt'>\n  <p class=MsoNormal align=right style='margin-bottom:0cm;margin-bottom:.0001pt;\n  text-align:right;line-height:normal'><span style='color:black'>15<\/span><\/p>\n  <\/td>\n  <td width=234 nowrap style='width:140.1pt;border-top:none;border-left:none;\n  border-bottom:solid black 1.0pt;border-right:solid black 1.0pt;background:\n  white;padding:0cm 3.5pt 0cm 3.5pt;height:28.8pt'>\n  <p class=MsoNormal style='margin-bottom:0cm;margin-bottom:.0001pt;line-height:\n  normal'><span style='color:black'>Klucze<\/span><\/p>\n  <\/td>\n  <td width=263 style='width:157.95pt;border-top:none;border-left:none;\n  border-bottom:solid black 1.0pt;border-right:solid black 1.0pt;background:\n  white;padding:0cm 3.5pt 0cm 3.5pt;height:28.8pt'>\n  <p class=MsoNormal style='margin-bottom:0cm;margin-bottom:.0001pt;line-height:\n  normal'><span style='color:black'>Ko\u015bci\u00f3\u0142 Zielono\u015bwi\u0105tkowy Zb\u00f3r Samarytanin <\/span><\/p>\n  <\/td>\n  <td width=196 style='width:117.35pt;border-top:none;border-left:none;\n  border-bottom:solid black 1.0pt;border-right:solid black 1.0pt;background:\n  white;padding:0cm 3.5pt 0cm 3.5pt;height:28.8pt'>\n  <p class=MsoNormal style='margin-bottom:0cm;margin-bottom:.0001pt;line-height:\n  normal'><span style='color:black'>ul. Boles\u0142awska 23, 32-310 Klucze<\/span><\/p>\n  <\/td>\n  <td width=398 style='width:239.0pt;border-top:none;border-left:none;\n  border-bottom:solid black 1.0pt;border-right:solid black 1.0pt;background:\n  white;padding:0cm 3.5pt 0cm 3.5pt;height:28.8pt'>\n  <p class=MsoNormal style='margin-bottom:0cm;margin-bottom:.0001pt;line-height:\n  normal'><u><span style='color:#0563C1'><a href=\"about:blank\">chsd@o2.pl,<\/a><\/span><\/u><\/p>\n  <\/td>\n <\/tr>\n <tr style='height:28.8pt'>\n  <td width=28 nowrap style='width:16.6pt;border:solid windowtext 1.0pt;\n  border-top:none;padding:0cm 3.5pt 0cm 3.5pt;height:28.8pt'>\n  <p class=MsoNormal align=right style='margin-bottom:0cm;margin-bottom:.0001pt;\n  text-align:right;line-height:normal'><span style='color:black'>16<\/span><\/p>\n  <\/td>\n  <td width=234 nowrap style='width:140.1pt;border-top:none;border-left:none;\n  border-bottom:solid black 1.0pt;border-right:solid black 1.0pt;background:\n  white;padding:0cm 3.5pt 0cm 3.5pt;height:28.8pt'>\n  <p class=MsoNormal style='margin-bottom:0cm;margin-bottom:.0001pt;line-height:\n  normal'><span style='color:black'>Kocmyrz\u00f3w Luborzyca<\/span><\/p>\n  <\/td>\n  <td width=263 style='width:157.95pt;border-top:none;border-left:none;\n  border-bottom:solid black 1.0pt;border-right:solid black 1.0pt;background:\n  white;padding:0cm 3.5pt 0cm 3.5pt;height:28.8pt'>\n  <p class=MsoNormal style='margin-bottom:0cm;margin-bottom:.0001pt;line-height:\n  normal'><span style='color:black'>Gminny O\u015brodek Pomocy Spo\u0142ecznej w\n  Kocmyrzowie &#8211; Luborzycy<\/span><\/p>\n  <\/td>\n  <td width=196 style='width:117.35pt;border-top:none;border-left:none;\n  border-bottom:solid black 1.0pt;border-right:solid black 1.0pt;background:\n  white;padding:0cm 3.5pt 0cm 3.5pt;height:28.8pt'>\n  <p class=MsoNormal style='margin-bottom:0cm;margin-bottom:.0001pt;line-height:\n  normal'><span style='color:black'>ul. Chlebowa 2, Baran\u00f3wka<\/span><\/p>\n  <\/td>\n  <td width=398 style='width:239.0pt;border-top:none;border-left:none;\n  border-bottom:solid black 1.0pt;border-right:solid black 1.0pt;background:\n  white;padding:0cm 3.5pt 0cm 3.5pt;height:28.8pt'>\n  <p class=MsoNormal style='margin-bottom:0cm;margin-bottom:.0001pt;line-height:\n  normal'><u><span style='color:#0563C1'><a href=\"about:blank\">gopskocmyrzow@poczta.onet.pl\n  12\/387-11-10<\/a><\/span><\/u><\/p>\n  <\/td>\n <\/tr>\n <tr style='height:43.2pt'>\n  <td width=28 nowrap style='width:16.6pt;border:solid windowtext 1.0pt;\n  border-top:none;padding:0cm 3.5pt 0cm 3.5pt;height:43.2pt'>\n  <p class=MsoNormal align=right style='margin-bottom:0cm;margin-bottom:.0001pt;\n  text-align:right;line-height:normal'><span style='color:black'>17<\/span><\/p>\n  <\/td>\n  <td width=234 nowrap style='width:140.1pt;border-top:none;border-left:none;\n  border-bottom:solid black 1.0pt;border-right:solid black 1.0pt;background:\n  white;padding:0cm 3.5pt 0cm 3.5pt;height:43.2pt'>\n  <p class=MsoNormal style='margin-bottom:0cm;margin-bottom:.0001pt;line-height:\n  normal'><span style='color:black'>Korzenna<\/span><\/p>\n  <\/td>\n  <td width=263 style='width:157.95pt;border-top:none;border-left:none;\n  border-bottom:solid black 1.0pt;border-right:solid black 1.0pt;background:\n  white;padding:0cm 3.5pt 0cm 3.5pt;height:43.2pt'>\n  <p class=MsoNormal style='margin-bottom:0cm;margin-bottom:.0001pt;line-height:\n  normal'><span style='color:black'>Stowarzyszenie na Rzecz Integracji, Rozwoju\n  i Promocji Gminy Korzenna Korzenie<\/span><\/p>\n  <\/td>\n  <td width=196 style='width:117.35pt;border-top:none;border-left:none;\n  border-bottom:solid black 1.0pt;border-right:solid black 1.0pt;background:\n  white;padding:0cm 3.5pt 0cm 3.5pt;height:43.2pt'>\n  <p class=MsoNormal style='margin-bottom:0cm;margin-bottom:.0001pt;line-height:\n  normal'><span style='color:black'>33-322 Korzenna 325<\/span><\/p>\n  <\/td>\n  <td width=398 style='width:239.0pt;border-top:none;border-left:none;\n  border-bottom:solid black 1.0pt;border-right:solid black 1.0pt;background:\n  white;padding:0cm 3.5pt 0cm 3.5pt;height:43.2pt'>\n  <p class=MsoNormal style='margin-bottom:0cm;margin-bottom:.0001pt;line-height:\n  normal'><u><span style='color:#0563C1'><a href=\"mailto:kubisz_an@op.pl\">kubisz_an@op.pl<\/a><\/span><\/u><\/p>\n  <\/td>\n <\/tr>\n <tr style='height:28.8pt'>\n  <td width=28 nowrap style='width:16.6pt;border:solid windowtext 1.0pt;\n  border-top:none;padding:0cm 3.5pt 0cm 3.5pt;height:28.8pt'>\n  <p class=MsoNormal align=right style='margin-bottom:0cm;margin-bottom:.0001pt;\n  text-align:right;line-height:normal'><span style='color:black'>18<\/span><\/p>\n  <\/td>\n  <td width=234 style='width:140.1pt;border-top:none;border-left:none;\n  border-bottom:solid black 1.0pt;border-right:solid black 1.0pt;background:\n  white;padding:0cm 3.5pt 0cm 3.5pt;height:28.8pt'>\n  <p class=MsoNormal style='margin-bottom:0cm;margin-bottom:.0001pt;line-height:\n  normal'><span style='color:black'>Koszyce<\/span><\/p>\n  <\/td>\n  <td width=263 style='width:157.95pt;border-top:none;border-left:none;\n  border-bottom:solid black 1.0pt;border-right:solid black 1.0pt;background:\n  white;padding:0cm 3.5pt 0cm 3.5pt;height:28.8pt'>\n  <p class=MsoNormal style='margin-bottom:0cm;margin-bottom:.0001pt;line-height:\n  normal'><span style='color:black'>Towarzystwo Przyjaci\u00f3\u0142 Dzieci Oddzia\u0142\n  Powiatowy Proszowice<\/span><\/p>\n  <\/td>\n  <td width=196 style='width:117.35pt;border-top:none;border-left:none;\n  border-bottom:solid black 1.0pt;border-right:solid black 1.0pt;background:\n  white;padding:0cm 3.5pt 0cm 3.5pt;height:28.8pt'>\n  <p class=MsoNormal style='margin-bottom:0cm;margin-bottom:.0001pt;line-height:\n  normal'><span style='color:black'>&nbsp;<\/span><\/p>\n  <\/td>\n  <td width=398 style='width:239.0pt;border-top:none;border-left:none;\n  border-bottom:solid black 1.0pt;border-right:solid black 1.0pt;background:\n  white;padding:0cm 3.5pt 0cm 3.5pt;height:28.8pt'>\n  <p class=MsoNormal style='margin-bottom:0cm;margin-bottom:.0001pt;line-height:\n  normal'><u><span style='color:#0563C1'><a href=\"mailto:kmarcheluk@gmail.com\">kmarcheluk@gmail.com<\/a><\/span><\/u><\/p>\n  <\/td>\n <\/tr>\n <tr style='height:15.75pt'>\n  <td width=28 nowrap style='width:16.6pt;border:solid windowtext 1.0pt;\n  border-top:none;padding:0cm 3.5pt 0cm 3.5pt;height:15.75pt'>\n  <p class=MsoNormal align=right style='margin-bottom:0cm;margin-bottom:.0001pt;\n  text-align:right;line-height:normal'><span style='color:black'>19<\/span><\/p>\n  <\/td>\n  <td width=234 nowrap style='width:140.1pt;border-top:none;border-left:none;\n  border-bottom:solid black 1.0pt;border-right:solid black 1.0pt;background:\n  white;padding:0cm 3.5pt 0cm 3.5pt;height:15.75pt'>\n  <p class=MsoNormal style='margin-bottom:0cm;margin-bottom:.0001pt;line-height:\n  normal'><span style='color:black'>Krak\u00f3w<\/span><\/p>\n  <\/td>\n  <td width=263 style='width:157.95pt;border-top:none;border-left:none;\n  border-bottom:solid black 1.0pt;border-right:solid black 1.0pt;background:\n  white;padding:0cm 3.5pt 0cm 3.5pt;height:15.75pt'>\n  <p class=MsoNormal style='margin-bottom:0cm;margin-bottom:.0001pt;line-height:\n  normal'><span style='color:black'>Stowarzyszenie Przyjaci\u00f3\u0142 \u015bw Brata Alberta<\/span><\/p>\n  <\/td>\n  <td width=196 style='width:117.35pt;border-top:none;border-left:none;\n  border-bottom:solid black 1.0pt;border-right:solid black 1.0pt;background:\n  white;padding:0cm 3.5pt 0cm 3.5pt;height:15.75pt'>\n  <p class=MsoNormal style='margin-bottom:0cm;margin-bottom:.0001pt;line-height:\n  normal'><span style='color:black'>ul. Reformacka 3, 31-012 Krak\u00f3w<\/span><\/p>\n  <\/td>\n  <td width=398 style='width:239.0pt;border-top:none;border-left:none;\n  border-bottom:solid black 1.0pt;border-right:solid black 1.0pt;background:\n  white;padding:0cm 3.5pt 0cm 3.5pt;height:15.75pt'>\n  <p class=MsoNormal style='margin-bottom:0cm;margin-bottom:.0001pt;line-height:\n  normal'><u><span style='color:#0563C1'><a\n  href=\"mailto:biuro@stowarzyszeniealberta.pl\">biuro@stowarzyszeniealberta.pl<\/a><\/span><\/u><\/p>\n  <\/td>\n <\/tr>\n <tr style='height:101.25pt'>\n  <td width=28 nowrap style='width:16.6pt;border:solid windowtext 1.0pt;\n  border-top:none;padding:0cm 3.5pt 0cm 3.5pt;height:101.25pt'>\n  <p class=MsoNormal align=right style='margin-bottom:0cm;margin-bottom:.0001pt;\n  text-align:right;line-height:normal'><span style='color:black'>20<\/span><\/p>\n  <\/td>\n  <td width=234 nowrap style='width:140.1pt;border-top:none;border-left:none;\n  border-bottom:solid black 1.0pt;border-right:solid black 1.0pt;background:\n  white;padding:0cm 3.5pt 0cm 3.5pt;height:101.25pt'>\n  <p class=MsoNormal style='margin-bottom:0cm;margin-bottom:.0001pt;line-height:\n  normal'><span style='color:black'>Krak\u00f3w<\/span><\/p>\n  <\/td>\n  <td width=263 style='width:157.95pt;border-top:none;border-left:none;\n  border-bottom:solid black 1.0pt;border-right:solid black 1.0pt;background:\n  white;padding:0cm 3.5pt 0cm 3.5pt;height:101.25pt'>\n  <p class=MsoNormal style='margin-bottom:0cm;margin-bottom:.0001pt;line-height:\n  normal'><span style='color:black'>Stowarzyszenie Dobroczynne ,,Betlejem&quot;<\/span><\/p>\n  <\/td>\n  <td width=196 style='width:117.35pt;border-top:none;border-left:none;\n  border-bottom:solid black 1.0pt;border-right:solid black 1.0pt;background:\n  white;padding:0cm 3.5pt 0cm 3.5pt;height:101.25pt'>\n  <p class=MsoNormal style='margin-bottom:0cm;margin-bottom:.0001pt;line-height:\n  normal'><span style='color:black'>ul. Nowogr\u00f3dzka 8, 30-425 Krak\u00f3w<\/span><\/p>\n  <\/td>\n  <td width=398 style='width:239.0pt;border-top:none;border-left:none;\n  border-bottom:solid black 1.0pt;border-right:solid black 1.0pt;background:\n  white;padding:0cm 3.5pt 0cm 3.5pt;height:101.25pt'>\n  <p class=MsoNormal style='margin-bottom:0cm;margin-bottom:.0001pt;line-height:\n  normal'><u><span style='color:#0563C1'><a\n  href=\"mailto:janusz.wrobel321@gmail.com\">janusz.wrobel321@gmail.com<\/a><\/span><\/u><\/p>\n  <\/td>\n <\/tr>\n <tr style='height:15.75pt'>\n  <td width=28 nowrap style='width:16.6pt;border:solid windowtext 1.0pt;\n  border-top:none;padding:0cm 3.5pt 0cm 3.5pt;height:15.75pt'>\n  <p class=MsoNormal align=right style='margin-bottom:0cm;margin-bottom:.0001pt;\n  text-align:right;line-height:normal'><span style='color:black'>21<\/span><\/p>\n  <\/td>\n  <td width=234 nowrap style='width:140.1pt;border-top:none;border-left:none;\n  border-bottom:solid black 1.0pt;border-right:solid black 1.0pt;background:\n  white;padding:0cm 3.5pt 0cm 3.5pt;height:15.75pt'>\n  <p class=MsoNormal style='margin-bottom:0cm;margin-bottom:.0001pt;line-height:\n  normal'><span style='color:black'>Krak\u00f3w<\/span><\/p>\n  <\/td>\n  <td width=263 style='width:157.95pt;border-top:none;border-left:none;\n  border-bottom:solid black 1.0pt;border-right:solid black 1.0pt;background:\n  white;padding:0cm 3.5pt 0cm 3.5pt;height:15.75pt'>\n  <p class=MsoNormal style='margin-bottom:0cm;margin-bottom:.0001pt;line-height:\n  normal'><span style='color:black'>Przytulisko \u015aw. Brata Alberta dla\n  Bezdomnych Kobiet<\/span><\/p>\n  <\/td>\n  <td width=196 style='width:117.35pt;border-top:none;border-left:none;\n  border-bottom:solid black 1.0pt;border-right:solid black 1.0pt;background:\n  white;padding:0cm 3.5pt 0cm 3.5pt;height:15.75pt'>\n  <p class=MsoNormal style='margin-bottom:0cm;margin-bottom:.0001pt;line-height:\n  normal'><span style='color:black'>ul. Malborska 64 b, 30-646 Krak\u00f3w<\/span><\/p>\n  <\/td>\n  <td width=398 style='width:239.0pt;border-top:none;border-left:none;\n  border-bottom:solid black 1.0pt;border-right:solid black 1.0pt;background:\n  white;padding:0cm 3.5pt 0cm 3.5pt;height:15.75pt'>\n  <p class=MsoNormal style='margin-bottom:0cm;margin-bottom:.0001pt;line-height:\n  normal'><u><span style='color:#0563C1'>przytuliskobz@gmail.com<\/span><\/u><\/p>\n  <\/td>\n <\/tr>\n <tr style='height:15.75pt'>\n  <td width=28 nowrap style='width:16.6pt;border:solid windowtext 1.0pt;\n  border-top:none;padding:0cm 3.5pt 0cm 3.5pt;height:15.75pt'>\n  <p class=MsoNormal align=right style='margin-bottom:0cm;margin-bottom:.0001pt;\n  text-align:right;line-height:normal'><span style='color:black'>22<\/span><\/p>\n  <\/td>\n  <td width=234 nowrap style='width:140.1pt;border-top:none;border-left:none;\n  border-bottom:solid black 1.0pt;border-right:solid black 1.0pt;background:\n  white;padding:0cm 3.5pt 0cm 3.5pt;height:15.75pt'>\n  <p class=MsoNormal style='margin-bottom:0cm;margin-bottom:.0001pt;line-height:\n  normal'><span style='color:black'>Krak\u00f3w<\/span><\/p>\n  <\/td>\n  <td width=263 style='width:157.95pt;border-top:none;border-left:none;\n  border-bottom:solid black 1.0pt;border-right:solid black 1.0pt;background:\n  white;padding:0cm 3.5pt 0cm 3.5pt;height:15.75pt'>\n  <p class=MsoNormal style='margin-bottom:0cm;margin-bottom:.0001pt;line-height:\n  normal'><span style='color:black'>Stowarzyszenie Mayday<\/span><\/p>\n  <\/td>\n  <td width=196 style='width:117.35pt;border-top:none;border-left:none;\n  border-bottom:solid black 1.0pt;border-right:solid black 1.0pt;background:\n  white;padding:0cm 3.5pt 0cm 3.5pt;height:15.75pt'>\n  <p class=MsoNormal style='margin-bottom:0cm;margin-bottom:.0001pt;line-height:\n  normal'><span style='color:black'>ul. Nowos\u0105decka 41, 30-683 Krak\u00f3w <\/span><\/p>\n  <\/td>\n  <td width=398 style='width:239.0pt;border-top:none;border-left:none;\n  border-bottom:solid black 1.0pt;border-right:solid black 1.0pt;background:\n  white;padding:0cm 3.5pt 0cm 3.5pt;height:15.75pt'>\n  <p class=MsoNormal style='margin-bottom:0cm;margin-bottom:.0001pt;line-height:\n  normal'><u><span style='color:#0563C1'><a href=\"about:blank\">maydaysto@gmail.com,\n  694-876-909, pon 16.30 do 18.30, czwartki 14.30-16.30<\/a><\/span><\/u><\/p>\n  <\/td>\n <\/tr>\n <tr style='height:15.75pt'>\n  <td width=28 nowrap style='width:16.6pt;border:solid windowtext 1.0pt;\n  border-top:none;padding:0cm 3.5pt 0cm 3.5pt;height:15.75pt'>\n  <p class=MsoNormal align=right style='margin-bottom:0cm;margin-bottom:.0001pt;\n  text-align:right;line-height:normal'><span style='color:black'>23<\/span><\/p>\n  <\/td>\n  <td width=234 nowrap style='width:140.1pt;border-top:none;border-left:none;\n  border-bottom:solid black 1.0pt;border-right:solid black 1.0pt;background:\n  white;padding:0cm 3.5pt 0cm 3.5pt;height:15.75pt'>\n  <p class=MsoNormal style='margin-bottom:0cm;margin-bottom:.0001pt;line-height:\n  normal'><span style='color:black'>Krak\u00f3w<\/span><\/p>\n  <\/td>\n  <td width=263 style='width:157.95pt;border-top:none;border-left:none;\n  border-bottom:solid black 1.0pt;border-right:solid black 1.0pt;background:\n  white;padding:0cm 3.5pt 0cm 3.5pt;height:15.75pt'>\n  <p class=MsoNormal style='margin-bottom:0cm;margin-bottom:.0001pt;line-height:\n  normal'><span style='color:black'>Stowarzyszenie Inicjatyw Spo\u0142ecznych LEGE\n  ARTIS<\/span><\/p>\n  <\/td>\n  <td width=196 style='width:117.35pt;border-top:none;border-left:none;\n  border-bottom:solid black 1.0pt;border-right:solid black 1.0pt;background:\n  white;padding:0cm 3.5pt 0cm 3.5pt;height:15.75pt'>\n  <p class=MsoNormal style='margin-bottom:0cm;margin-bottom:.0001pt;line-height:\n  normal'><span style='color:black'>ul. Ksi\u0119cia J\u00f3zefa 52, 30-206 Krak\u00f3w<\/span><\/p>\n  <\/td>\n  <td width=398 style='width:239.0pt;border-top:none;border-left:none;\n  border-bottom:solid black 1.0pt;border-right:solid black 1.0pt;background:\n  white;padding:0cm 3.5pt 0cm 3.5pt;height:15.75pt'>\n  <p class=MsoNormal style='margin-bottom:0cm;margin-bottom:.0001pt;line-height:\n  normal'><u><span style='color:#0563C1'><a href=\"mailto:biuro@sislegeartis.pl\">biuro@sislegeartis.pl<\/a><\/span><\/u><\/p>\n  <\/td>\n <\/tr>\n <tr style='height:15.75pt'>\n  <td width=28 nowrap style='width:16.6pt;border:solid windowtext 1.0pt;\n  border-top:none;padding:0cm 3.5pt 0cm 3.5pt;height:15.75pt'>\n  <p class=MsoNormal align=right style='margin-bottom:0cm;margin-bottom:.0001pt;\n  text-align:right;line-height:normal'><span style='color:black'>24<\/span><\/p>\n  <\/td>\n  <td width=234 style='width:140.1pt;border-top:none;border-left:none;\n  border-bottom:solid black 1.0pt;border-right:solid black 1.0pt;background:\n  white;padding:0cm 3.5pt 0cm 3.5pt;height:15.75pt'>\n  <p class=MsoNormal style='margin-bottom:0cm;margin-bottom:.0001pt;line-height:\n  normal'><span style='color:black'>Krak\u00f3w<\/span><\/p>\n  <\/td>\n  <td width=263 style='width:157.95pt;border-top:none;border-left:none;\n  border-bottom:solid black 1.0pt;border-right:solid black 1.0pt;background:\n  white;padding:0cm 3.5pt 0cm 3.5pt;height:15.75pt'>\n  <p class=MsoNormal style='margin-bottom:0cm;margin-bottom:.0001pt;line-height:\n  normal'><span style='color:black'>Saltrom Salezja\u0144ski Ruch Troski o M\u0142odzie\u017c<\/span><\/p>\n  <\/td>\n  <td width=196 style='width:117.35pt;border-top:none;border-left:none;\n  border-bottom:solid black 1.0pt;border-right:solid black 1.0pt;background:\n  white;padding:0cm 3.5pt 0cm 3.5pt;height:15.75pt'>\n  <p class=MsoNormal style='margin-bottom:0cm;margin-bottom:.0001pt;line-height:\n  normal'><span style='color:black'>ul. R\u00f3\u017cana 5, 30-305 Krak\u00f3w <\/span><\/p>\n  <\/td>\n  <td width=398 style='width:239.0pt;border-top:none;border-left:none;\n  border-bottom:solid black 1.0pt;border-right:solid black 1.0pt;background:\n  white;padding:0cm 3.5pt 0cm 3.5pt;height:15.75pt'>\n  <p class=MsoNormal style='margin-bottom:0cm;margin-bottom:.0001pt;line-height:\n  normal'><u><span style='color:#0563C1'><a href=\"about:blank\">malaszek@saltrom.pl\n  12\/269-30-00\u00a0\u00a0\u00a0 <\/a><\/span><\/u><\/p>\n  <\/td>\n <\/tr>\n <tr style='height:15.75pt'>\n  <td width=28 nowrap style='width:16.6pt;border:solid windowtext 1.0pt;\n  border-top:none;padding:0cm 3.5pt 0cm 3.5pt;height:15.75pt'>\n  <p class=MsoNormal align=right style='margin-bottom:0cm;margin-bottom:.0001pt;\n  text-align:right;line-height:normal'><span style='color:black'>25<\/span><\/p>\n  <\/td>\n  <td width=234 nowrap style='width:140.1pt;border-top:none;border-left:none;\n  border-bottom:solid black 1.0pt;border-right:solid black 1.0pt;background:\n  white;padding:0cm 3.5pt 0cm 3.5pt;height:15.75pt'>\n  <p class=MsoNormal style='margin-bottom:0cm;margin-bottom:.0001pt;line-height:\n  normal'><span style='color:black'>Krak\u00f3w<\/span><\/p>\n  <\/td>\n  <td width=263 style='width:157.95pt;border-top:none;border-left:none;\n  border-bottom:solid black 1.0pt;border-right:solid black 1.0pt;background:\n  white;padding:0cm 3.5pt 0cm 3.5pt;height:15.75pt'>\n  <p class=MsoNormal style='margin-bottom:0cm;margin-bottom:.0001pt;line-height:\n  normal'><span style='color:black'>Fundacja Po Pierwsze Cz\u0142owiek<\/span><\/p>\n  <\/td>\n  <td width=196 style='width:117.35pt;border-top:none;border-left:none;\n  border-bottom:solid black 1.0pt;border-right:solid black 1.0pt;background:\n  white;padding:0cm 3.5pt 0cm 3.5pt;height:15.75pt'>\n  <p class=MsoNormal style='margin-bottom:0cm;margin-bottom:.0001pt;line-height:\n  normal'><span style='color:black'>ul. Woronicza 3b, 31-409 Krak\u00f3w<\/span><\/p>\n  <\/td>\n  <td width=398 style='width:239.0pt;border-top:none;border-left:none;\n  border-bottom:solid black 1.0pt;border-right:solid black 1.0pt;background:\n  white;padding:0cm 3.5pt 0cm 3.5pt;height:15.75pt'>\n  <p class=MsoNormal style='margin-bottom:0cm;margin-bottom:.0001pt;line-height:\n  normal'><u><span style='color:#0563C1'><a\n  href=\"mailto:fundacja@popierwszeczlowiek.pl\">fundacja@popierwszeczlowiek.pl<\/a><\/span><\/u><\/p>\n  <\/td>\n <\/tr>\n <tr style='height:15.75pt'>\n  <td width=28 nowrap style='width:16.6pt;border:solid windowtext 1.0pt;\n  border-top:none;padding:0cm 3.5pt 0cm 3.5pt;height:15.75pt'>\n  <p class=MsoNormal align=right style='margin-bottom:0cm;margin-bottom:.0001pt;\n  text-align:right;line-height:normal'><span style='color:black'>26<\/span><\/p>\n  <\/td>\n  <td width=234 nowrap style='width:140.1pt;border-top:none;border-left:none;\n  border-bottom:solid black 1.0pt;border-right:solid black 1.0pt;background:\n  white;padding:0cm 3.5pt 0cm 3.5pt;height:15.75pt'>\n  <p class=MsoNormal style='margin-bottom:0cm;margin-bottom:.0001pt;line-height:\n  normal'><span style='color:black'>Krak\u00f3w<\/span><\/p>\n  <\/td>\n  <td width=263 style='width:157.95pt;border-top:none;border-left:none;\n  border-bottom:solid black 1.0pt;border-right:solid black 1.0pt;background:\n  white;padding:0cm 3.5pt 0cm 3.5pt;height:15.75pt'>\n  <p class=MsoNormal style='margin-bottom:0cm;margin-bottom:.0001pt;line-height:\n  normal'><span style='color:black'>Stowarzyszenie Pomocy Ludziom Starszym i\n  Niepe\u0142nosprawnym im. Jana Paw\u0142a II<\/span><\/p>\n  <\/td>\n  <td width=196 style='width:117.35pt;border-top:none;border-left:none;\n  border-bottom:solid black 1.0pt;border-right:solid black 1.0pt;background:\n  white;padding:0cm 3.5pt 0cm 3.5pt;height:15.75pt'>\n  <p class=MsoNormal style='margin-bottom:0cm;margin-bottom:.0001pt;line-height:\n  normal'><span style='color:black'>os. Szkolne 20 31-997 Krak\u00f3w<\/span><\/p>\n  <\/td>\n  <td width=398 style='width:239.0pt;border-top:none;border-left:none;\n  border-bottom:solid black 1.0pt;border-right:solid black 1.0pt;background:\n  white;padding:0cm 3.5pt 0cm 3.5pt;height:15.75pt'>\n  <p class=MsoNormal style='margin-bottom:0cm;margin-bottom:.0001pt;line-height:\n  normal'><u><span style='color:#0563C1'>&nbsp;<\/span><\/u><\/p>\n  <\/td>\n <\/tr>\n <tr style='height:15.75pt'>\n  <td width=28 nowrap style='width:16.6pt;border:solid windowtext 1.0pt;\n  border-top:none;padding:0cm 3.5pt 0cm 3.5pt;height:15.75pt'>\n  <p class=MsoNormal align=right style='margin-bottom:0cm;margin-bottom:.0001pt;\n  text-align:right;line-height:normal'><span style='color:black'>27<\/span><\/p>\n  <\/td>\n  <td width=234 nowrap style='width:140.1pt;border-top:none;border-left:none;\n  border-bottom:solid black 1.0pt;border-right:solid black 1.0pt;background:\n  white;padding:0cm 3.5pt 0cm 3.5pt;height:15.75pt'>\n  <p class=MsoNormal style='margin-bottom:0cm;margin-bottom:.0001pt;line-height:\n  normal'><span style='color:black'>Krak\u00f3w<\/span><\/p>\n  <\/td>\n  <td width=263 style='width:157.95pt;border-top:none;border-left:none;\n  border-bottom:solid black 1.0pt;border-right:solid black 1.0pt;background:\n  white;padding:0cm 3.5pt 0cm 3.5pt;height:15.75pt'>\n  <p class=MsoNormal style='margin-bottom:0cm;margin-bottom:.0001pt;line-height:\n  normal'><span style='color:black'>Krakowski Zwi\u0105zek Emeryt\u00f3w, Rencist\u00f3w i\n  Os\u00f3b Niepe\u0142nosprawnych<\/span><\/p>\n  <\/td>\n  <td width=196 style='width:117.35pt;border-top:none;border-left:none;\n  border-bottom:solid black 1.0pt;border-right:solid black 1.0pt;background:\n  white;padding:0cm 3.5pt 0cm 3.5pt;height:15.75pt'>\n  <p class=MsoNormal style='margin-bottom:0cm;margin-bottom:.0001pt;line-height:\n  normal'><span style='color:black'>os. Tysi\u0105clecia 86, 31-610 Krak\u00f3w<\/span><\/p>\n  <\/td>\n  <td width=398 style='width:239.0pt;border-top:none;border-left:none;\n  border-bottom:solid black 1.0pt;border-right:solid black 1.0pt;background:\n  white;padding:0cm 3.5pt 0cm 3.5pt;height:15.75pt'>\n  <p class=MsoNormal style='margin-bottom:0cm;margin-bottom:.0001pt;line-height:\n  normal'><u><span style='color:#0563C1'><a href=\"mailto:elzbieta.pyka@onet.pl\">elzbieta.pyka@onet.pl<\/a><\/span><\/u><\/p>\n  <\/td>\n <\/tr>\n <tr style='height:15.75pt'>\n  <td width=28 nowrap style='width:16.6pt;border:solid windowtext 1.0pt;\n  border-top:none;padding:0cm 3.5pt 0cm 3.5pt;height:15.75pt'>\n  <p class=MsoNormal align=right style='margin-bottom:0cm;margin-bottom:.0001pt;\n  text-align:right;line-height:normal'><span style='color:black'>28<\/span><\/p>\n  <\/td>\n  <td width=234 nowrap style='width:140.1pt;border-top:none;border-left:none;\n  border-bottom:solid black 1.0pt;border-right:solid black 1.0pt;background:\n  white;padding:0cm 3.5pt 0cm 3.5pt;height:15.75pt'>\n  <p class=MsoNormal style='margin-bottom:0cm;margin-bottom:.0001pt;line-height:\n  normal'><span style='color:black'>Krak\u00f3w<\/span><\/p>\n  <\/td>\n  <td width=263 style='width:157.95pt;border-top:none;border-left:none;\n  border-bottom:solid black 1.0pt;border-right:solid black 1.0pt;background:\n  white;padding:0cm 3.5pt 0cm 3.5pt;height:15.75pt'>\n  <p class=MsoNormal style='margin-bottom:0cm;margin-bottom:.0001pt;line-height:\n  normal'><span style='color:black'>Misja S\u0142owia\u0144ska w Europie <\/span><\/p>\n  <\/td>\n  <td width=196 style='width:117.35pt;border-top:none;border-left:none;\n  border-bottom:solid black 1.0pt;border-right:solid black 1.0pt;padding:0cm 3.5pt 0cm 3.5pt;\n  height:15.75pt'>\n  <p class=MsoNormal style='margin-bottom:0cm;margin-bottom:.0001pt;line-height:\n  normal'><span style='color:black'>ul. Berka Joselewicza 21\/2, 31-051<\/span><\/p>\n  <\/td>\n  <td width=398 nowrap style='width:239.0pt;border-top:none;border-left:none;\n  border-bottom:solid black 1.0pt;border-right:solid black 1.0pt;background:\n  white;padding:0cm 3.5pt 0cm 3.5pt;height:15.75pt'>\n  <p class=MsoNormal style='margin-bottom:0cm;margin-bottom:.0001pt;line-height:\n  normal'><u><span style='color:#0563C1'><a href=\"mailto:sme.krakow@gmail.com\">sme.krakow@gmail.com<\/a><\/span><\/u><\/p>\n  <\/td>\n <\/tr>\n <tr style='height:15.75pt'>\n  <td width=28 nowrap style='width:16.6pt;border:solid windowtext 1.0pt;\n  border-top:none;padding:0cm 3.5pt 0cm 3.5pt;height:15.75pt'>\n  <p class=MsoNormal align=right style='margin-bottom:0cm;margin-bottom:.0001pt;\n  text-align:right;line-height:normal'><span style='color:black'>29<\/span><\/p>\n  <\/td>\n  <td width=234 style='width:140.1pt;border-top:none;border-left:none;\n  border-bottom:solid black 1.0pt;border-right:solid black 1.0pt;background:\n  white;padding:0cm 3.5pt 0cm 3.5pt;height:15.75pt'>\n  <p class=MsoNormal style='margin-bottom:0cm;margin-bottom:.0001pt;line-height:\n  normal'><span style='color:black'>Krak\u00f3w <\/span><\/p>\n  <\/td>\n  <td width=263 style='width:157.95pt;border-top:none;border-left:none;\n  border-bottom:solid black 1.0pt;border-right:solid black 1.0pt;background:\n  white;padding:0cm 3.5pt 0cm 3.5pt;height:15.75pt'>\n  <p class=MsoNormal style='margin-bottom:0cm;margin-bottom:.0001pt;line-height:\n  normal'><span style='color:black'>Ma\u0142opolska Fundacja TIBI<\/span><\/p>\n  <\/td>\n  <td width=196 style='width:117.35pt;border-top:none;border-left:none;\n  border-bottom:solid black 1.0pt;border-right:solid black 1.0pt;background:\n  white;padding:0cm 3.5pt 0cm 3.5pt;height:15.75pt'>\n  <p class=MsoNormal style='margin-bottom:0cm;margin-bottom:.0001pt;line-height:\n  normal'><span style='color:black'>ul. Ksi\u0119cia J\u00f3zefa 52, 30-206 Krak\u00f3w<\/span><\/p>\n  <\/td>\n  <td width=398 style='width:239.0pt;border-top:none;border-left:none;\n  border-bottom:solid black 1.0pt;border-right:solid black 1.0pt;background:\n  white;padding:0cm 3.5pt 0cm 3.5pt;height:15.75pt'>\n  <p class=MsoNormal style='margin-bottom:0cm;margin-bottom:.0001pt;line-height:\n  normal'><u><span style='color:#0563C1'><a href=\"mailto:mft@interia.pl\">mft@interia.pl<\/a><\/span><\/u><\/p>\n  <\/td>\n <\/tr>\n <tr style='height:15.75pt'>\n  <td width=28 nowrap style='width:16.6pt;border:solid windowtext 1.0pt;\n  border-top:none;padding:0cm 3.5pt 0cm 3.5pt;height:15.75pt'>\n  <p class=MsoNormal align=right style='margin-bottom:0cm;margin-bottom:.0001pt;\n  text-align:right;line-height:normal'><span style='color:black'>30<\/span><\/p>\n  <\/td>\n  <td width=234 nowrap style='width:140.1pt;border-top:none;border-left:none;\n  border-bottom:solid black 1.0pt;border-right:solid black 1.0pt;background:\n  white;padding:0cm 3.5pt 0cm 3.5pt;height:15.75pt'>\n  <p class=MsoNormal style='margin-bottom:0cm;margin-bottom:.0001pt;line-height:\n  normal'><span style='color:black'>Kro\u015bcienko<\/span><\/p>\n  <\/td>\n  <td width=263 style='width:157.95pt;border-top:none;border-left:none;\n  border-bottom:solid black 1.0pt;border-right:solid black 1.0pt;background:\n  white;padding:0cm 3.5pt 0cm 3.5pt;height:15.75pt'>\n  <p class=MsoNormal style='margin-bottom:0cm;margin-bottom:.0001pt;line-height:\n  normal'><span style='color:black'>Gminny O\u015brodek Pomocy Spo\u0142ecznej<\/span><\/p>\n  <\/td>\n  <td width=196 style='width:117.35pt;border-top:none;border-left:none;\n  border-bottom:solid black 1.0pt;border-right:solid black 1.0pt;background:\n  white;padding:0cm 3.5pt 0cm 3.5pt;height:15.75pt'>\n  <p class=MsoNormal style='margin-bottom:0cm;margin-bottom:.0001pt;line-height:\n  normal'><span style='color:black'>ul. Jana III Sobieskiego 3F, 34-450\n  Kro\u015bcienko<\/span><\/p>\n  <\/td>\n  <td width=398 style='width:239.0pt;border-top:none;border-left:none;\n  border-bottom:solid black 1.0pt;border-right:solid black 1.0pt;background:\n  white;padding:0cm 3.5pt 0cm 3.5pt;height:15.75pt'>\n  <p class=MsoNormal style='margin-bottom:0cm;margin-bottom:.0001pt;line-height:\n  normal'><u><span style='color:#0563C1'><a href=\"about:blank\">gops@kroscienko.pl\n  18\/262-30-09<\/a><\/span><\/u><\/p>\n  <\/td>\n <\/tr>\n <tr style='height:15.75pt'>\n  <td width=28 nowrap style='width:16.6pt;border:solid windowtext 1.0pt;\n  border-top:none;padding:0cm 3.5pt 0cm 3.5pt;height:15.75pt'>\n  <p class=MsoNormal align=right style='margin-bottom:0cm;margin-bottom:.0001pt;\n  text-align:right;line-height:normal'><span style='color:black'>31<\/span><\/p>\n  <\/td>\n  <td width=234 nowrap style='width:140.1pt;border-top:none;border-left:none;\n  border-bottom:solid black 1.0pt;border-right:solid black 1.0pt;background:\n  white;padding:0cm 3.5pt 0cm 3.5pt;height:15.75pt'>\n  <p class=MsoNormal style='margin-bottom:0cm;margin-bottom:.0001pt;line-height:\n  normal'><span style='color:black'>Krzeszowice<\/span><\/p>\n  <\/td>\n  <td width=263 style='width:157.95pt;border-top:none;border-left:none;\n  border-bottom:solid black 1.0pt;border-right:solid black 1.0pt;background:\n  white;padding:0cm 3.5pt 0cm 3.5pt;height:15.75pt'>\n  <p class=MsoNormal style='margin-bottom:0cm;margin-bottom:.0001pt;line-height:\n  normal'><span style='color:black'>Polski Zwi\u0105zek Emeryt\u00f3w Rencist\u00f3w i\n  Inwalid\u00f3w w Krzeszowicach<\/span><\/p>\n  <\/td>\n  <td width=196 style='width:117.35pt;border-top:none;border-left:none;\n  border-bottom:solid black 1.0pt;border-right:solid black 1.0pt;background:\n  white;padding:0cm 3.5pt 0cm 3.5pt;height:15.75pt'>\n  <p class=MsoNormal style='margin-bottom:0cm;margin-bottom:.0001pt;line-height:\n  normal'><span style='color:black'>pl. F.Kulczyckiego 1, 32-065 Krzeszowice<\/span><\/p>\n  <\/td>\n  <td width=398 style='width:239.0pt;border-top:none;border-left:none;\n  border-bottom:solid black 1.0pt;border-right:solid black 1.0pt;background:\n  white;padding:0cm 3.5pt 0cm 3.5pt;height:15.75pt'>\n  <p class=MsoNormal style='margin-bottom:0cm;margin-bottom:.0001pt;line-height:\n  normal'><u><span style='color:#0563C1'><a href=\"mailto:kkrzanik67@gmail.com\">kkrzanik67@gmail.com<\/a><\/span><\/u><\/p>\n  <\/td>\n <\/tr>\n <tr style='height:15.75pt'>\n  <td width=28 nowrap style='width:16.6pt;border:solid windowtext 1.0pt;\n  border-top:none;padding:0cm 3.5pt 0cm 3.5pt;height:15.75pt'>\n  <p class=MsoNormal align=right style='margin-bottom:0cm;margin-bottom:.0001pt;\n  text-align:right;line-height:normal'><span style='color:black'>32<\/span><\/p>\n  <\/td>\n  <td width=234 nowrap style='width:140.1pt;border-top:none;border-left:none;\n  border-bottom:solid black 1.0pt;border-right:solid black 1.0pt;background:\n  white;padding:0cm 3.5pt 0cm 3.5pt;height:15.75pt'>\n  <p class=MsoNormal style='margin-bottom:0cm;margin-bottom:.0001pt;line-height:\n  normal'><span style='color:black'>Krzeszowice<\/span><\/p>\n  <\/td>\n  <td width=263 style='width:157.95pt;border-top:none;border-left:none;\n  border-bottom:solid black 1.0pt;border-right:solid black 1.0pt;background:\n  white;padding:0cm 3.5pt 0cm 3.5pt;height:15.75pt'>\n  <p class=MsoNormal style='margin-bottom:0cm;margin-bottom:.0001pt;line-height:\n  normal'><span style='color:black'>Stowarzyszenie Spo\u0142eczno-Kulturalne ,,Na\n  Wulkanie&quot;<\/span><\/p>\n  <\/td>\n  <td width=196 style='width:117.35pt;border-top:none;border-left:none;\n  border-bottom:solid black 1.0pt;border-right:solid black 1.0pt;background:\n  white;padding:0cm 3.5pt 0cm 3.5pt;height:15.75pt'>\n  <p class=MsoNormal style='margin-bottom:0cm;margin-bottom:.0001pt;line-height:\n  normal'><span style='color:black'>Mi\u0119kinia 180, 32-065 Krzeszowice<\/span><\/p>\n  <\/td>\n  <td width=398 style='width:239.0pt;border-top:none;border-left:none;\n  border-bottom:solid black 1.0pt;border-right:solid black 1.0pt;background:\n  white;padding:0cm 3.5pt 0cm 3.5pt;height:15.75pt'>\n  <p class=MsoNormal style='margin-bottom:0cm;margin-bottom:.0001pt;line-height:\n  normal'><u><span style='color:#0563C1'><a\n  href=\"mailto:miroslaw.klosowski@vp.pl\">miroslaw.klosowski@vp.pl<\/a><\/span><\/u><\/p>\n  <\/td>\n <\/tr>\n <tr style='height:87.0pt'>\n  <td width=28 nowrap style='width:16.6pt;border:solid windowtext 1.0pt;\n  border-top:none;padding:0cm 3.5pt 0cm 3.5pt;height:87.0pt'>\n  <p class=MsoNormal align=right style='margin-bottom:0cm;margin-bottom:.0001pt;\n  text-align:right;line-height:normal'><span style='color:black'>33<\/span><\/p>\n  <\/td>\n  <td width=234 nowrap style='width:140.1pt;border-top:none;border-left:none;\n  border-bottom:solid black 1.0pt;border-right:solid black 1.0pt;background:\n  white;padding:0cm 3.5pt 0cm 3.5pt;height:87.0pt'>\n  <p class=MsoNormal style='margin-bottom:0cm;margin-bottom:.0001pt;line-height:\n  normal'><span style='color:black'>Krzeszowice<\/span><\/p>\n  <\/td>\n  <td width=263 style='width:157.95pt;border-top:none;border-left:none;\n  border-bottom:solid black 1.0pt;border-right:solid black 1.0pt;background:\n  white;padding:0cm 3.5pt 0cm 3.5pt;height:87.0pt'>\n  <p class=MsoNormal style='margin-bottom:0cm;margin-bottom:.0001pt;line-height:\n  normal'><span style='color:black'>Interwencyjny Zesp\u00f3\u0142 Pomocy Mi\u0119dzyludzkiej<\/span><\/p>\n  <\/td>\n  <td width=196 style='width:117.35pt;border-top:none;border-left:none;\n  border-bottom:solid black 1.0pt;border-right:solid black 1.0pt;background:\n  white;padding:0cm 3.5pt 0cm 3.5pt;height:87.0pt'>\n  <p class=MsoNormal style='margin-bottom:0cm;margin-bottom:.0001pt;line-height:\n  normal'><span style='color:black'>Ko\u015bciuszki 2, 32-065 Krzeszowice<\/span><\/p>\n  <\/td>\n  <td width=398 style='width:239.0pt;border-top:none;border-left:none;\n  border-bottom:solid black 1.0pt;border-right:solid black 1.0pt;background:\n  white;padding:0cm 3.5pt 0cm 3.5pt;height:87.0pt'>\n  <p class=MsoNormal style='margin-bottom:0cm;margin-bottom:.0001pt;line-height:\n  normal'><u><span style='color:#0563C1'><a\n  href=\"mailto:izpmkrzeszowice@gmail.com\">izpmkrzeszowice@gmail.com <\/a><\/span><\/u><\/p>\n  <\/td>\n <\/tr>\n <tr style='height:15.75pt'>\n  <td width=28 nowrap style='width:16.6pt;border:solid windowtext 1.0pt;\n  border-top:none;padding:0cm 3.5pt 0cm 3.5pt;height:15.75pt'>\n  <p class=MsoNormal align=right style='margin-bottom:0cm;margin-bottom:.0001pt;\n  text-align:right;line-height:normal'><span style='color:black'>34<\/span><\/p>\n  <\/td>\n  <td width=234 style='width:140.1pt;border-top:none;border-left:none;\n  border-bottom:solid black 1.0pt;border-right:solid black 1.0pt;background:\n  white;padding:0cm 3.5pt 0cm 3.5pt;height:15.75pt'>\n  <p class=MsoNormal style='margin-bottom:0cm;margin-bottom:.0001pt;line-height:\n  normal'><span style='color:black'>Krzeszowice<\/span><\/p>\n  <\/td>\n  <td width=263 style='width:157.95pt;border-top:none;border-left:none;\n  border-bottom:solid black 1.0pt;border-right:solid black 1.0pt;background:\n  white;padding:0cm 3.5pt 0cm 3.5pt;height:15.75pt'>\n  <p class=MsoNormal style='margin-bottom:0cm;margin-bottom:.0001pt;line-height:\n  normal'><span style='color:black'>Stowarzyszenie Inicjatyw Spo\u0142ecznych\n  Nawojowej G\u00f3ry<\/span><\/p>\n  <\/td>\n  <td width=196 style='width:117.35pt;border-top:none;border-left:none;\n  border-bottom:solid black 1.0pt;border-right:solid black 1.0pt;background:\n  white;padding:0cm 3.5pt 0cm 3.5pt;height:15.75pt'>\n  <p class=MsoNormal style='margin-bottom:0cm;margin-bottom:.0001pt;line-height:\n  normal'><span style='color:black'>ul. Nawoja 90, 32-065 Nawojowa G\u00f3ra<\/span><\/p>\n  <\/td>\n  <td width=398 nowrap style='width:239.0pt;border-top:none;border-left:none;\n  border-bottom:solid black 1.0pt;border-right:solid black 1.0pt;background:\n  white;padding:0cm 3.5pt 0cm 3.5pt;height:15.75pt'>\n  <p class=MsoNormal style='margin-bottom:0cm;margin-bottom:.0001pt;line-height:\n  normal'><span style='color:black'>sis.nawojowagora@gmail.com<\/span><\/p>\n  <\/td>\n <\/tr>\n <tr style='height:15.75pt'>\n  <td width=28 nowrap style='width:16.6pt;border:solid windowtext 1.0pt;\n  border-top:none;padding:0cm 3.5pt 0cm 3.5pt;height:15.75pt'>\n  <p class=MsoNormal align=right style='margin-bottom:0cm;margin-bottom:.0001pt;\n  text-align:right;line-height:normal'><span style='color:black'>35<\/span><\/p>\n  <\/td>\n  <td width=234 nowrap style='width:140.1pt;border-top:none;border-left:none;\n  border-bottom:solid black 1.0pt;border-right:solid black 1.0pt;background:\n  white;padding:0cm 3.5pt 0cm 3.5pt;height:15.75pt'>\n  <p class=MsoNormal style='margin-bottom:0cm;margin-bottom:.0001pt;line-height:\n  normal'><span style='color:black'>Lanckorona<\/span><\/p>\n  <\/td>\n  <td width=263 style='width:157.95pt;border-top:none;border-left:none;\n  border-bottom:solid black 1.0pt;border-right:solid black 1.0pt;background:\n  white;padding:0cm 3.5pt 0cm 3.5pt;height:15.75pt'>\n  <p class=MsoNormal style='margin-bottom:0cm;margin-bottom:.0001pt;line-height:\n  normal'><span style='color:black'>Gminny O\u015brodek Pomocy Spo\u0142ecznej<\/span><\/p>\n  <\/td>\n  <td width=196 style='width:117.35pt;border-top:none;border-left:none;\n  border-bottom:solid black 1.0pt;border-right:solid black 1.0pt;background:\n  white;padding:0cm 3.5pt 0cm 3.5pt;height:15.75pt'>\n  <p class=MsoNormal style='margin-bottom:0cm;margin-bottom:.0001pt;line-height:\n  normal'><span style='color:black'>ul. 3 Maja 11, 34-143 Lanckorona<\/span><\/p>\n  <\/td>\n  <td width=398 style='width:239.0pt;border-top:none;border-left:none;\n  border-bottom:solid black 1.0pt;border-right:solid black 1.0pt;background:\n  white;padding:0cm 3.5pt 0cm 3.5pt;height:15.75pt'>\n  <p class=MsoNormal style='margin-bottom:0cm;margin-bottom:.0001pt;line-height:\n  normal'><u><span style='color:#0563C1'><a href=\"about:blank\">gops@opslanckorona.pl\n  33\/876-35-91<\/a><\/span><\/u><\/p>\n  <\/td>\n <\/tr>\n <tr style='height:15.75pt'>\n  <td width=28 nowrap style='width:16.6pt;border:solid windowtext 1.0pt;\n  border-top:none;padding:0cm 3.5pt 0cm 3.5pt;height:15.75pt'>\n  <p class=MsoNormal align=right style='margin-bottom:0cm;margin-bottom:.0001pt;\n  text-align:right;line-height:normal'><span style='color:black'>36<\/span><\/p>\n  <\/td>\n  <td width=234 nowrap style='width:140.1pt;border-top:none;border-left:none;\n  border-bottom:solid black 1.0pt;border-right:solid black 1.0pt;background:\n  white;padding:0cm 3.5pt 0cm 3.5pt;height:15.75pt'>\n  <p class=MsoNormal style='margin-bottom:0cm;margin-bottom:.0001pt;line-height:\n  normal'><span style='color:black'>Lipnica Wielka<\/span><\/p>\n  <\/td>\n  <td width=263 style='width:157.95pt;border-top:none;border-left:none;\n  border-bottom:solid black 1.0pt;border-right:solid black 1.0pt;background:\n  white;padding:0cm 3.5pt 0cm 3.5pt;height:15.75pt'>\n  <p class=MsoNormal style='margin-bottom:0cm;margin-bottom:.0001pt;line-height:\n  normal'><span style='color:black'>TEEN CHALLENGE Chrze\u015bcija\u0144ska Misja\n  Spo\u0142eczna Oddzia\u0142 w Winiarczyk\u00f3wce schronisko dla bezdomnych ,,Dom na\n  Granicy&quot;<\/span><\/p>\n  <\/td>\n  <td width=196 style='width:117.35pt;border-top:none;border-left:none;\n  border-bottom:solid black 1.0pt;border-right:solid black 1.0pt;background:\n  white;padding:0cm 3.5pt 0cm 3.5pt;height:15.75pt'>\n  <p class=MsoNormal style='margin-bottom:0cm;margin-bottom:.0001pt;line-height:\n  normal'><span style='color:black'>Winiarczyk\u00f3wka 1, 34-483 Lipnica Wielka<\/span><\/p>\n  <\/td>\n  <td width=398 style='width:239.0pt;border-top:none;border-left:none;\n  border-bottom:solid black 1.0pt;border-right:solid black 1.0pt;background:\n  white;padding:0cm 3.5pt 0cm 3.5pt;height:15.75pt'>\n  <p class=MsoNormal style='margin-bottom:0cm;margin-bottom:.0001pt;line-height:\n  normal'><u><span style='color:#0563C1'><a\n  href=\"mailto:winiarczykowka.tc@gmail.com\">winiarczykowka.tc@gmail.com<\/a><\/span><\/u><\/p>\n  <\/td>\n <\/tr>\n <tr style='height:15.75pt'>\n  <td width=28 nowrap style='width:16.6pt;border:solid windowtext 1.0pt;\n  border-top:none;padding:0cm 3.5pt 0cm 3.5pt;height:15.75pt'>\n  <p class=MsoNormal align=right style='margin-bottom:0cm;margin-bottom:.0001pt;\n  text-align:right;line-height:normal'><span style='color:black'>37<\/span><\/p>\n  <\/td>\n  <td width=234 nowrap style='width:140.1pt;border-top:none;border-left:none;\n  border-bottom:solid black 1.0pt;border-right:solid black 1.0pt;background:\n  white;padding:0cm 3.5pt 0cm 3.5pt;height:15.75pt'>\n  <p class=MsoNormal style='margin-bottom:0cm;margin-bottom:.0001pt;line-height:\n  normal'><span style='color:black'>\u0141apsze Ni\u017cne<\/span><\/p>\n  <\/td>\n  <td width=263 style='width:157.95pt;border-top:none;border-left:none;\n  border-bottom:solid black 1.0pt;border-right:solid black 1.0pt;background:\n  white;padding:0cm 3.5pt 0cm 3.5pt;height:15.75pt'>\n  <p class=MsoNormal style='margin-bottom:0cm;margin-bottom:.0001pt;line-height:\n  normal'><span style='color:black'>OPS \u0141apsze Ni\u017cne<\/span><\/p>\n  <\/td>\n  <td width=196 style='width:117.35pt;border-top:none;border-left:none;\n  border-bottom:solid black 1.0pt;border-right:solid black 1.0pt;background:\n  white;padding:0cm 3.5pt 0cm 3.5pt;height:15.75pt'>\n  <p class=MsoNormal style='margin-bottom:0cm;margin-bottom:.0001pt;line-height:\n  normal'><span style='color:black'>34-442 \u0141apsze Ni\u017cne, ul. Jana Paw\u0142a II 61<\/span><\/p>\n  <\/td>\n  <td width=398 nowrap style='width:239.0pt;border-top:none;border-left:none;\n  border-bottom:solid black 1.0pt;border-right:solid black 1.0pt;background:\n  white;padding:0cm 3.5pt 0cm 3.5pt;height:15.75pt'>\n  <p class=MsoNormal style='margin-bottom:0cm;margin-bottom:.0001pt;line-height:\n  normal'><u><span style='color:#0563C1'><a href=\"about:blank\">m.bazielich@lapszenizne.pl,\n  18\/265-91-45<\/a><\/span><\/u><\/p>\n  <\/td>\n <\/tr>\n <tr style='height:15.75pt'>\n  <td width=28 nowrap style='width:16.6pt;border:solid windowtext 1.0pt;\n  border-top:none;padding:0cm 3.5pt 0cm 3.5pt;height:15.75pt'>\n  <p class=MsoNormal align=right style='margin-bottom:0cm;margin-bottom:.0001pt;\n  text-align:right;line-height:normal'><span style='color:black'>38<\/span><\/p>\n  <\/td>\n  <td width=234 style='width:140.1pt;border-top:none;border-left:none;\n  border-bottom:solid black 1.0pt;border-right:solid black 1.0pt;background:\n  white;padding:0cm 3.5pt 0cm 3.5pt;height:15.75pt'>\n  <p class=MsoNormal style='margin-bottom:0cm;margin-bottom:.0001pt;line-height:\n  normal'><span style='color:black'>\u0141ukowica<\/span><\/p>\n  <\/td>\n  <td width=263 style='width:157.95pt;border-top:none;border-left:none;\n  border-bottom:solid black 1.0pt;border-right:solid black 1.0pt;background:\n  white;padding:0cm 3.5pt 0cm 3.5pt;height:15.75pt'>\n  <p class=MsoNormal style='margin-bottom:0cm;margin-bottom:.0001pt;line-height:\n  normal'><span style='color:black'>Fundacja R\u00f3wni Wobec \u017bycia<\/span><\/p>\n  <\/td>\n  <td width=196 style='width:117.35pt;border-top:none;border-left:none;\n  border-bottom:solid black 1.0pt;border-right:solid black 1.0pt;background:\n  white;padding:0cm 3.5pt 0cm 3.5pt;height:15.75pt'>\n  <p class=MsoNormal style='margin-bottom:0cm;margin-bottom:.0001pt;line-height:\n  normal'><span style='color:black'>\u015awidnik 137, 34-606 \u0141ukowica<\/span><\/p>\n  <\/td>\n  <td width=398 style='width:239.0pt;border-top:none;border-left:none;\n  border-bottom:solid black 1.0pt;border-right:solid black 1.0pt;background:\n  white;padding:0cm 3.5pt 0cm 3.5pt;height:15.75pt'>\n  <p class=MsoNormal style='margin-bottom:0cm;margin-bottom:.0001pt;line-height:\n  normal'><u><span style='color:#0563C1'><a\n  href=\"mailto:wandasrenata.rwz@gmail.com\">wandasrenata.rwz@gmail.com<\/a><\/span><\/u><\/p>\n  <\/td>\n <\/tr>\n <tr style='height:15.75pt'>\n  <td width=28 nowrap style='width:16.6pt;border:solid windowtext 1.0pt;\n  border-top:none;padding:0cm 3.5pt 0cm 3.5pt;height:15.75pt'>\n  <p class=MsoNormal align=right style='margin-bottom:0cm;margin-bottom:.0001pt;\n  text-align:right;line-height:normal'><span style='color:black'>39<\/span><\/p>\n  <\/td>\n  <td width=234 style='width:140.1pt;border-top:none;border-left:none;\n  border-bottom:solid black 1.0pt;border-right:solid black 1.0pt;background:\n  white;padding:0cm 3.5pt 0cm 3.5pt;height:15.75pt'>\n  <p class=MsoNormal style='margin-bottom:0cm;margin-bottom:.0001pt;line-height:\n  normal'><span style='color:black'>Miech\u00f3w<\/span><\/p>\n  <\/td>\n  <td width=263 style='width:157.95pt;border-top:none;border-left:none;\n  border-bottom:solid black 1.0pt;border-right:solid black 1.0pt;background:\n  white;padding:0cm 3.5pt 0cm 3.5pt;height:15.75pt'>\n  <p class=MsoNormal style='margin-bottom:0cm;margin-bottom:.0001pt;line-height:\n  normal'><span style='color:black'>Polskie Stowarzyszenie na rzecz Os\u00f3b z\n  Niepe\u0142nosprawno\u015bci\u0105 Intelektualn\u0105 Ko\u0142o w Miechowie<\/span><\/p>\n  <\/td>\n  <td width=196 style='width:117.35pt;border-top:none;border-left:none;\n  border-bottom:solid black 1.0pt;border-right:solid black 1.0pt;background:\n  white;padding:0cm 3.5pt 0cm 3.5pt;height:15.75pt'>\n  <p class=MsoNormal style='margin-bottom:0cm;margin-bottom:.0001pt;line-height:\n  normal'><span style='color:black'>ul. Sienkiewicza 24, 32-200 Miech\u00f3w<\/span><\/p>\n  <\/td>\n  <td width=398 style='width:239.0pt;border-top:none;border-left:none;\n  border-bottom:solid black 1.0pt;border-right:solid black 1.0pt;background:\n  white;padding:0cm 3.5pt 0cm 3.5pt;height:15.75pt'>\n  <p class=MsoNormal style='margin-bottom:0cm;margin-bottom:.0001pt;line-height:\n  normal'><u><span style='color:#0563C1'><a href=\"about:blank\">osrodekmiechow@interia.pl\n  41\/383-09-23<\/a><\/span><\/u><\/p>\n  <\/td>\n <\/tr>\n <tr style='height:15.75pt'>\n  <td width=28 nowrap style='width:16.6pt;border:solid windowtext 1.0pt;\n  border-top:none;padding:0cm 3.5pt 0cm 3.5pt;height:15.75pt'>\n  <p class=MsoNormal align=right style='margin-bottom:0cm;margin-bottom:.0001pt;\n  text-align:right;line-height:normal'><span style='color:black'>40<\/span><\/p>\n  <\/td>\n  <td width=234 nowrap style='width:140.1pt;border-top:none;border-left:none;\n  border-bottom:solid black 1.0pt;border-right:solid black 1.0pt;background:\n  white;padding:0cm 3.5pt 0cm 3.5pt;height:15.75pt'>\n  <p class=MsoNormal style='margin-bottom:0cm;margin-bottom:.0001pt;line-height:\n  normal'><span style='color:black'>Niepo\u0142omice<\/span><\/p>\n  <\/td>\n  <td width=263 style='width:157.95pt;border-top:none;border-left:none;\n  border-bottom:solid black 1.0pt;border-right:solid black 1.0pt;background:\n  white;padding:0cm 3.5pt 0cm 3.5pt;height:15.75pt'>\n  <p class=MsoNormal style='margin-bottom:0cm;margin-bottom:.0001pt;line-height:\n  normal'><span style='color:black'>Pomoc Bli\u017aniemu<\/span><\/p>\n  <\/td>\n  <td width=196 style='width:117.35pt;border-top:none;border-left:none;\n  border-bottom:solid black 1.0pt;border-right:solid black 1.0pt;background:\n  white;padding:0cm 3.5pt 0cm 3.5pt;height:15.75pt'>\n  <p class=MsoNormal style='margin-bottom:0cm;margin-bottom:.0001pt;line-height:\n  normal'><span style='color:black'>ul. Ko\u015bciuszki 18, 32-005 Niepo\u0142omice<\/span><\/p>\n  <\/td>\n  <td width=398 style='width:239.0pt;border-top:none;border-left:none;\n  border-bottom:solid black 1.0pt;border-right:solid black 1.0pt;background:\n  white;padding:0cm 3.5pt 0cm 3.5pt;height:15.75pt'>\n  <p class=MsoNormal style='margin-bottom:0cm;margin-bottom:.0001pt;line-height:\n  normal'><u><span style='color:#0563C1'><a href=\"about:blank\">stowarzyszenie@pomocblizniemu.org,\n  <\/a><\/span><\/u><\/p>\n  <\/td>\n <\/tr>\n <tr style='height:15.75pt'>\n  <td width=28 nowrap style='width:16.6pt;border:solid windowtext 1.0pt;\n  border-top:none;padding:0cm 3.5pt 0cm 3.5pt;height:15.75pt'>\n  <p class=MsoNormal align=right style='margin-bottom:0cm;margin-bottom:.0001pt;\n  text-align:right;line-height:normal'><span style='color:black'>41<\/span><\/p>\n  <\/td>\n  <td width=234 style='width:140.1pt;border-top:none;border-left:none;\n  border-bottom:solid black 1.0pt;border-right:solid black 1.0pt;background:\n  white;padding:0cm 3.5pt 0cm 3.5pt;height:15.75pt'>\n  <p class=MsoNormal style='margin-bottom:0cm;margin-bottom:.0001pt;line-height:\n  normal'><span style='color:black'>Nowy S\u0105cz<\/span><\/p>\n  <\/td>\n  <td width=263 style='width:157.95pt;border-top:none;border-left:none;\n  border-bottom:solid black 1.0pt;border-right:solid black 1.0pt;background:\n  white;padding:0cm 3.5pt 0cm 3.5pt;height:15.75pt'>\n  <p class=MsoNormal style='margin-bottom:0cm;margin-bottom:.0001pt;line-height:\n  normal'><span style='color:black'>Stowarzyszenie Bergitka Roma<\/span><\/p>\n  <\/td>\n  <td width=196 style='width:117.35pt;border-top:none;border-left:none;\n  border-bottom:solid black 1.0pt;border-right:solid black 1.0pt;background:\n  white;padding:0cm 3.5pt 0cm 3.5pt;height:15.75pt'>\n  <p class=MsoNormal style='margin-bottom:0cm;margin-bottom:.0001pt;line-height:\n  normal'><span style='color:black'>ul. Ca\u0142kowa 23 B, 33-300 Nowy S\u0105cz<\/span><\/p>\n  <\/td>\n  <td width=398 style='width:239.0pt;border-top:none;border-left:none;\n  border-bottom:solid black 1.0pt;border-right:solid black 1.0pt;background:\n  white;padding:0cm 3.5pt 0cm 3.5pt;height:15.75pt'>\n  <p class=MsoNormal style='margin-bottom:0cm;margin-bottom:.0001pt;line-height:\n  normal'><u><span style='color:#0563C1'><a\n  href=\"mailto:bergitkaroma@interia.eu\">bergitkaroma@interia.eu<\/a><\/span><\/u><\/p>\n  <\/td>\n <\/tr>\n <tr style='height:15.75pt'>\n  <td width=28 nowrap style='width:16.6pt;border:solid windowtext 1.0pt;\n  border-top:none;padding:0cm 3.5pt 0cm 3.5pt;height:15.75pt'>\n  <p class=MsoNormal align=right style='margin-bottom:0cm;margin-bottom:.0001pt;\n  text-align:right;line-height:normal'><span style='color:black'>42<\/span><\/p>\n  <\/td>\n  <td width=234 nowrap style='width:140.1pt;border-top:none;border-left:none;\n  border-bottom:solid black 1.0pt;border-right:solid black 1.0pt;background:\n  white;padding:0cm 3.5pt 0cm 3.5pt;height:15.75pt'>\n  <p class=MsoNormal style='margin-bottom:0cm;margin-bottom:.0001pt;line-height:\n  normal'><span style='color:black'>Nowy Wi\u015bnicz<\/span><\/p>\n  <\/td>\n  <td width=263 style='width:157.95pt;border-top:none;border-left:none;\n  border-bottom:solid black 1.0pt;border-right:solid black 1.0pt;background:\n  white;padding:0cm 3.5pt 0cm 3.5pt;height:15.75pt'>\n  <p class=MsoNormal style='margin-bottom:0cm;margin-bottom:.0001pt;line-height:\n  normal'><span style='color:black'>Miejski O\u015brodek Pomocy Spo\u0142ecznej<\/span><\/p>\n  <\/td>\n  <td width=196 style='width:117.35pt;border-top:none;border-left:none;\n  border-bottom:solid black 1.0pt;border-right:solid black 1.0pt;background:\n  white;padding:0cm 3.5pt 0cm 3.5pt;height:15.75pt'>\n  <p class=MsoNormal style='margin-bottom:0cm;margin-bottom:.0001pt;line-height:\n  normal'><span style='color:black'>ul. Ks. Bia\u0142ki 1, 32-720 Nowy Wi\u015bnicz<\/span><\/p>\n  <\/td>\n  <td width=398 style='width:239.0pt;border-top:none;border-left:none;\n  border-bottom:solid black 1.0pt;border-right:solid black 1.0pt;background:\n  white;padding:0cm 3.5pt 0cm 3.5pt;height:15.75pt'>\n  <p class=MsoNormal style='margin-bottom:0cm;margin-bottom:.0001pt;line-height:\n  normal'><u><span style='color:#0563C1'><a href=\"about:blank\">biuro@mops-wisnicz.pl\n  14\/612-83-07,<\/a><\/span><\/u><\/p>\n  <\/td>\n <\/tr>\n <tr style='height:15.75pt'>\n  <td width=28 nowrap style='width:16.6pt;border:solid windowtext 1.0pt;\n  border-top:none;padding:0cm 3.5pt 0cm 3.5pt;height:15.75pt'>\n  <p class=MsoNormal align=right style='margin-bottom:0cm;margin-bottom:.0001pt;\n  text-align:right;line-height:normal'><span style='color:black'>43<\/span><\/p>\n  <\/td>\n  <td width=234 nowrap style='width:140.1pt;border-top:none;border-left:none;\n  border-bottom:solid black 1.0pt;border-right:solid black 1.0pt;background:\n  white;padding:0cm 3.5pt 0cm 3.5pt;height:15.75pt'>\n  <p class=MsoNormal style='margin-bottom:0cm;margin-bottom:.0001pt;line-height:\n  normal'><span style='color:black'>Osiek<\/span><\/p>\n  <\/td>\n  <td width=263 style='width:157.95pt;border-top:none;border-left:none;\n  border-bottom:solid black 1.0pt;border-right:solid black 1.0pt;background:\n  white;padding:0cm 3.5pt 0cm 3.5pt;height:15.75pt'>\n  <p class=MsoNormal style='margin-bottom:0cm;margin-bottom:.0001pt;line-height:\n  normal'><span style='color:black'>Gminny O\u015brodek Pomocy Spo\u0142ecznej<\/span><\/p>\n  <\/td>\n  <td width=196 style='width:117.35pt;border-top:none;border-left:none;\n  border-bottom:solid black 1.0pt;border-right:solid black 1.0pt;background:\n  white;padding:0cm 3.5pt 0cm 3.5pt;height:15.75pt'>\n  <p class=MsoNormal style='margin-bottom:0cm;margin-bottom:.0001pt;line-height:\n  normal'><span style='color:black'>ul. G\u0142\u00f3wna 88, 32-608 Osiek<\/span><\/p>\n  <\/td>\n  <td width=398 style='width:239.0pt;border-top:none;border-left:none;\n  border-bottom:solid black 1.0pt;border-right:solid black 1.0pt;background:\n  white;padding:0cm 3.5pt 0cm 3.5pt;height:15.75pt'>\n  <p class=MsoNormal style='margin-bottom:0cm;margin-bottom:.0001pt;line-height:\n  normal'><u><span style='color:#0563C1'><a href=\"mailto:o.kasperczyk@osiek.pl\">\u00a0gops@osiek.pl,\n  33\/845-82-03<\/a><\/span><\/u><\/p>\n  <\/td>\n <\/tr>\n <tr style='height:15.75pt'>\n  <td width=28 nowrap style='width:16.6pt;border:solid windowtext 1.0pt;\n  border-top:none;padding:0cm 3.5pt 0cm 3.5pt;height:15.75pt'>\n  <p class=MsoNormal align=right style='margin-bottom:0cm;margin-bottom:.0001pt;\n  text-align:right;line-height:normal'><span style='color:black'>44<\/span><\/p>\n  <\/td>\n  <td width=234 nowrap style='width:140.1pt;border-top:none;border-left:none;\n  border-bottom:solid black 1.0pt;border-right:solid black 1.0pt;background:\n  white;padding:0cm 3.5pt 0cm 3.5pt;height:15.75pt'>\n  <p class=MsoNormal style='margin-bottom:0cm;margin-bottom:.0001pt;line-height:\n  normal'><span style='color:black'>Pa\u0142ecznica<\/span><\/p>\n  <\/td>\n  <td width=263 style='width:157.95pt;border-top:none;border-left:none;\n  border-bottom:solid black 1.0pt;border-right:solid black 1.0pt;background:\n  white;padding:0cm 3.5pt 0cm 3.5pt;height:15.75pt'>\n  <p class=MsoNormal style='margin-bottom:0cm;margin-bottom:.0001pt;line-height:\n  normal'><span style='color:black'>Gminny O\u015brodek Pomocy Spo\u0142ecznej w\n  Pa\u0142ecznicy<\/span><\/p>\n  <\/td>\n  <td width=196 style='width:117.35pt;border-top:none;border-left:none;\n  border-bottom:solid black 1.0pt;border-right:solid black 1.0pt;background:\n  white;padding:0cm 3.5pt 0cm 3.5pt;height:15.75pt'>\n  <p class=MsoNormal style='margin-bottom:0cm;margin-bottom:.0001pt;line-height:\n  normal'><span style='color:black'>Winiary 63, 21-109 Pa\u0142ecznica<\/span><\/p>\n  <\/td>\n  <td width=398 style='width:239.0pt;border-top:none;border-left:none;\n  border-bottom:solid black 1.0pt;border-right:solid black 1.0pt;background:\n  white;padding:0cm 3.5pt 0cm 3.5pt;height:15.75pt'>\n  <p class=MsoNormal style='margin-bottom:0cm;margin-bottom:.0001pt;line-height:\n  normal'><u><span style='color:#0563C1'><a\n  href=\"mailto:perkowska.i@palecznica.pl\">\u00a0gops@palecznica.pl 41\/384-82-34<\/a><\/span><\/u><\/p>\n  <\/td>\n <\/tr>\n <tr style='height:15.75pt'>\n  <td width=28 nowrap style='width:16.6pt;border:solid windowtext 1.0pt;\n  border-top:none;padding:0cm 3.5pt 0cm 3.5pt;height:15.75pt'>\n  <p class=MsoNormal align=right style='margin-bottom:0cm;margin-bottom:.0001pt;\n  text-align:right;line-height:normal'><span style='color:black'>45<\/span><\/p>\n  <\/td>\n  <td width=234 nowrap style='width:140.1pt;border-top:none;border-left:none;\n  border-bottom:solid black 1.0pt;border-right:solid black 1.0pt;background:\n  white;padding:0cm 3.5pt 0cm 3.5pt;height:15.75pt'>\n  <p class=MsoNormal style='margin-bottom:0cm;margin-bottom:.0001pt;line-height:\n  normal'><span style='color:black'>Pcim<\/span><\/p>\n  <\/td>\n  <td width=263 style='width:157.95pt;border-top:none;border-left:none;\n  border-bottom:solid black 1.0pt;border-right:solid black 1.0pt;background:\n  white;padding:0cm 3.5pt 0cm 3.5pt;height:15.75pt'>\n  <p class=MsoNormal style='margin-bottom:0cm;margin-bottom:.0001pt;line-height:\n  normal'><span style='color:black'>Gminny O\u015brodek Pomocy Spo\u0142ecznej w Pcimiu<\/span><\/p>\n  <\/td>\n  <td width=196 style='width:117.35pt;border-top:none;border-left:none;\n  border-bottom:solid black 1.0pt;border-right:solid black 1.0pt;background:\n  white;padding:0cm 3.5pt 0cm 3.5pt;height:15.75pt'>\n  <p class=MsoNormal style='margin-bottom:0cm;margin-bottom:.0001pt;line-height:\n  normal'><span style='color:black'>\u00a032-432 Pcim 5<\/span><\/p>\n  <\/td>\n  <td width=398 style='width:239.0pt;border-top:none;border-left:none;\n  border-bottom:solid black 1.0pt;border-right:solid black 1.0pt;background:\n  white;padding:0cm 3.5pt 0cm 3.5pt;height:15.75pt'>\n  <p class=MsoNormal style='margin-bottom:0cm;margin-bottom:.0001pt;line-height:\n  normal'><u><span style='color:#0563C1'><a\n  href=\"mailto:mparszywka.gops@pcim.pl\">\u00a0gops@pcim.pl, 12\/274-91-02<\/a><\/span><\/u><\/p>\n  <\/td>\n <\/tr>\n <tr style='height:15.75pt'>\n  <td width=28 nowrap style='width:16.6pt;border:solid windowtext 1.0pt;\n  border-top:none;padding:0cm 3.5pt 0cm 3.5pt;height:15.75pt'>\n  <p class=MsoNormal align=right style='margin-bottom:0cm;margin-bottom:.0001pt;\n  text-align:right;line-height:normal'><span style='color:black'>46<\/span><\/p>\n  <\/td>\n  <td width=234 nowrap style='width:140.1pt;border-top:none;border-left:none;\n  border-bottom:solid black 1.0pt;border-right:solid black 1.0pt;background:\n  white;padding:0cm 3.5pt 0cm 3.5pt;height:15.75pt'>\n  <p class=MsoNormal style='margin-bottom:0cm;margin-bottom:.0001pt;line-height:\n  normal'><span style='color:black'>Polanka Wielka<\/span><\/p>\n  <\/td>\n  <td width=263 style='width:157.95pt;border-top:none;border-left:none;\n  border-bottom:solid black 1.0pt;border-right:solid black 1.0pt;background:\n  white;padding:0cm 3.5pt 0cm 3.5pt;height:15.75pt'>\n  <p class=MsoNormal style='margin-bottom:0cm;margin-bottom:.0001pt;line-height:\n  normal'><span style='color:black'>Gminny O\u015brodek Pomocy Spo\u0142ecznej w Polance<\/span><\/p>\n  <\/td>\n  <td width=196 style='width:117.35pt;border-top:none;border-left:none;\n  border-bottom:solid black 1.0pt;border-right:solid black 1.0pt;background:\n  white;padding:0cm 3.5pt 0cm 3.5pt;height:15.75pt'>\n  <p class=MsoNormal style='margin-bottom:0cm;margin-bottom:.0001pt;line-height:\n  normal'><span style='color:black'>ul. Kasztanowa 5, 32-606 Polanka Wielka<\/span><\/p>\n  <\/td>\n  <td width=398 style='width:239.0pt;border-top:none;border-left:none;\n  border-bottom:solid black 1.0pt;border-right:solid black 1.0pt;background:\n  white;padding:0cm 3.5pt 0cm 3.5pt;height:15.75pt'>\n  <p class=MsoNormal style='margin-bottom:0cm;margin-bottom:.0001pt;line-height:\n  normal'><u><span style='color:#0563C1'><a href=\"about:blank\">\u00a0\n  gops@polanka-wielka.pl 33\/848-80-19<\/a><\/span><\/u><\/p>\n  <\/td>\n <\/tr>\n <tr style='height:15.75pt'>\n  <td width=28 nowrap style='width:16.6pt;border:solid windowtext 1.0pt;\n  border-top:none;padding:0cm 3.5pt 0cm 3.5pt;height:15.75pt'>\n  <p class=MsoNormal align=right style='margin-bottom:0cm;margin-bottom:.0001pt;\n  text-align:right;line-height:normal'><span style='color:black'>47<\/span><\/p>\n  <\/td>\n  <td width=234 nowrap style='width:140.1pt;border-top:none;border-left:none;\n  border-bottom:solid black 1.0pt;border-right:solid black 1.0pt;background:\n  white;padding:0cm 3.5pt 0cm 3.5pt;height:15.75pt'>\n  <p class=MsoNormal style='margin-bottom:0cm;margin-bottom:.0001pt;line-height:\n  normal'><span style='color:black'>Przecisz\u00f3w<\/span><\/p>\n  <\/td>\n  <td width=263 style='width:157.95pt;border-top:none;border-left:none;\n  border-bottom:solid black 1.0pt;border-right:solid black 1.0pt;background:\n  white;padding:0cm 3.5pt 0cm 3.5pt;height:15.75pt'>\n  <p class=MsoNormal style='margin-bottom:0cm;margin-bottom:.0001pt;line-height:\n  normal'><span style='color:black'>Gminny O\u015brodek Pomocy Spo\u0142ecznej<\/span><\/p>\n  <\/td>\n  <td width=196 style='width:117.35pt;border-top:none;border-left:none;\n  border-bottom:solid black 1.0pt;border-right:solid black 1.0pt;background:\n  white;padding:0cm 3.5pt 0cm 3.5pt;height:15.75pt'>\n  <p class=MsoNormal style='margin-bottom:0cm;margin-bottom:.0001pt;line-height:\n  normal'><span style='color:black'>ul. D\u0142uga 6, 32-641 Przecisz\u00f3w<\/span><\/p>\n  <\/td>\n  <td width=398 style='width:239.0pt;border-top:none;border-left:none;\n  border-bottom:solid black 1.0pt;border-right:solid black 1.0pt;background:\n  white;padding:0cm 3.5pt 0cm 3.5pt;height:15.75pt'>\n  <p class=MsoNormal style='margin-bottom:0cm;margin-bottom:.0001pt;line-height:\n  normal'><u><span style='color:#0563C1'><a href=\"about:blank\">gops@gopsprzeciszow.pl\n  33\/841-32-80<\/a><\/span><\/u><\/p>\n  <\/td>\n <\/tr>\n <tr style='height:15.75pt'>\n  <td width=28 nowrap style='width:16.6pt;border:solid windowtext 1.0pt;\n  border-top:none;padding:0cm 3.5pt 0cm 3.5pt;height:15.75pt'>\n  <p class=MsoNormal align=right style='margin-bottom:0cm;margin-bottom:.0001pt;\n  text-align:right;line-height:normal'><span style='color:black'>48<\/span><\/p>\n  <\/td>\n  <td width=234 nowrap style='width:140.1pt;border-top:none;border-left:none;\n  border-bottom:solid black 1.0pt;border-right:solid black 1.0pt;background:\n  white;padding:0cm 3.5pt 0cm 3.5pt;height:15.75pt'>\n  <p class=MsoNormal style='margin-bottom:0cm;margin-bottom:.0001pt;line-height:\n  normal'><span style='color:black'>Rabka Zdr\u00f3j<\/span><\/p>\n  <\/td>\n  <td width=263 style='width:157.95pt;border-top:none;border-left:none;\n  border-bottom:solid black 1.0pt;border-right:solid black 1.0pt;background:\n  white;padding:0cm 3.5pt 0cm 3.5pt;height:15.75pt'>\n  <p class=MsoNormal style='margin-bottom:0cm;margin-bottom:.0001pt;line-height:\n  normal'><span style='color:black'>Rabcza\u0144skie Stowarzyszenie na rzecz Pomocy\n  Potrzebuj\u0105cym w Rabce Zdroju<\/span><\/p>\n  <\/td>\n  <td width=196 style='width:117.35pt;border-top:none;border-left:none;\n  border-bottom:solid black 1.0pt;border-right:solid black 1.0pt;background:\n  white;padding:0cm 3.5pt 0cm 3.5pt;height:15.75pt'>\n  <p class=MsoNormal style='margin-bottom:0cm;margin-bottom:.0001pt;line-height:\n  normal'><span style='color:black'>ul. Parkowa 2, 34-700 Rabka<\/span><\/p>\n  <\/td>\n  <td width=398 nowrap style='width:239.0pt;border-top:none;border-left:none;\n  border-bottom:solid black 1.0pt;border-right:solid black 1.0pt;background:\n  white;padding:0cm 3.5pt 0cm 3.5pt;height:15.75pt'>\n  <p class=MsoNormal style='margin-bottom:0cm;margin-bottom:.0001pt;line-height:\n  normal'><u><span style='color:#0563C1'><a\n  href=\"mailto:urszulachrustek@gmail.com\">urszulachrustek@gmail.com<\/a><\/span><\/u><\/p>\n  <\/td>\n <\/tr>\n <tr style='height:15.75pt'>\n  <td width=28 nowrap style='width:16.6pt;border:solid windowtext 1.0pt;\n  border-top:none;padding:0cm 3.5pt 0cm 3.5pt;height:15.75pt'>\n  <p class=MsoNormal align=right style='margin-bottom:0cm;margin-bottom:.0001pt;\n  text-align:right;line-height:normal'><span style='color:black'>49<\/span><\/p>\n  <\/td>\n  <td width=234 nowrap style='width:140.1pt;border-top:none;border-left:none;\n  border-bottom:solid black 1.0pt;border-right:solid black 1.0pt;background:\n  white;padding:0cm 3.5pt 0cm 3.5pt;height:15.75pt'>\n  <p class=MsoNormal style='margin-bottom:0cm;margin-bottom:.0001pt;line-height:\n  normal'><span style='color:black'>Rabka Zdr\u00f3j<\/span><\/p>\n  <\/td>\n  <td width=263 style='width:157.95pt;border-top:none;border-left:none;\n  border-bottom:solid black 1.0pt;border-right:solid black 1.0pt;background:\n  white;padding:0cm 3.5pt 0cm 3.5pt;height:15.75pt'>\n  <p class=MsoNormal style='margin-bottom:0cm;margin-bottom:.0001pt;line-height:\n  normal'><span style='color:black'>Stowarzyszenie Mi\u0142osierdzia \u015aw. Wincentego\n  a Paulo- (Jednostka Terenowa)<\/span><\/p>\n  <\/td>\n  <td width=196 style='width:117.35pt;border-top:none;border-left:none;\n  border-bottom:solid black 1.0pt;border-right:solid black 1.0pt;background:\n  white;padding:0cm 3.5pt 0cm 3.5pt;height:15.75pt'>\n  <p class=MsoNormal style='margin-bottom:0cm;margin-bottom:.0001pt;line-height:\n  normal'><span style='color:black'>ul. S\u0105decka 21 A, 34-700 Rabka Zdr\u00f3j<\/span><\/p>\n  <\/td>\n  <td width=398 nowrap style='width:239.0pt;border-top:none;border-left:none;\n  border-bottom:solid black 1.0pt;border-right:solid black 1.0pt;background:\n  white;padding:0cm 3.5pt 0cm 3.5pt;height:15.75pt'>\n  <p class=MsoNormal style='margin-bottom:0cm;margin-bottom:.0001pt;line-height:\n  normal'><span style='color:black'>\u00a0rena12@op.pl<\/span><\/p>\n  <\/td>\n <\/tr>\n <tr style='height:15.75pt'>\n  <td width=28 nowrap style='width:16.6pt;border:solid windowtext 1.0pt;\n  border-top:none;padding:0cm 3.5pt 0cm 3.5pt;height:15.75pt'>\n  <p class=MsoNormal align=right style='margin-bottom:0cm;margin-bottom:.0001pt;\n  text-align:right;line-height:normal'><span style='color:black'>50<\/span><\/p>\n  <\/td>\n  <td width=234 nowrap style='width:140.1pt;border-top:none;border-left:none;\n  border-bottom:solid black 1.0pt;border-right:solid black 1.0pt;background:\n  white;padding:0cm 3.5pt 0cm 3.5pt;height:15.75pt'>\n  <p class=MsoNormal style='margin-bottom:0cm;margin-bottom:.0001pt;line-height:\n  normal'><span style='color:black'>Raciechowice<\/span><\/p>\n  <\/td>\n  <td width=263 style='width:157.95pt;border-top:none;border-left:none;\n  border-bottom:solid black 1.0pt;border-right:solid black 1.0pt;background:\n  white;padding:0cm 3.5pt 0cm 3.5pt;height:15.75pt'>\n  <p class=MsoNormal style='margin-bottom:0cm;margin-bottom:.0001pt;line-height:\n  normal'><span style='color:black'>GOPS w Raciechowicach<\/span><\/p>\n  <\/td>\n  <td width=196 style='width:117.35pt;border-top:none;border-left:none;\n  border-bottom:solid black 1.0pt;border-right:solid black 1.0pt;background:\n  white;padding:0cm 3.5pt 0cm 3.5pt;height:15.75pt'>\n  <p class=MsoNormal style='margin-bottom:0cm;margin-bottom:.0001pt;line-height:\n  normal'><span style='color:black'>32-415 Raciechowice 139<\/span><\/p>\n  <\/td>\n  <td width=398 style='width:239.0pt;border-top:none;border-left:none;\n  border-bottom:solid black 1.0pt;border-right:solid black 1.0pt;background:\n  white;padding:0cm 3.5pt 0cm 3.5pt;height:15.75pt'>\n  <p class=MsoNormal style='margin-bottom:0cm;margin-bottom:.0001pt;line-height:\n  normal'><u><span style='color:#0563C1'><a href=\"about:blank\">gops@raciechowice.pl\n  12\/372-52-42<\/a><\/span><\/u><\/p>\n  <\/td>\n <\/tr>\n <tr style='height:15.75pt'>\n  <td width=28 nowrap style='width:16.6pt;border:solid windowtext 1.0pt;\n  border-top:none;padding:0cm 3.5pt 0cm 3.5pt;height:15.75pt'>\n  <p class=MsoNormal align=right style='margin-bottom:0cm;margin-bottom:.0001pt;\n  text-align:right;line-height:normal'><span style='color:black'>51<\/span><\/p>\n  <\/td>\n  <td width=234 nowrap style='width:140.1pt;border-top:none;border-left:none;\n  border-bottom:solid black 1.0pt;border-right:solid black 1.0pt;background:\n  white;padding:0cm 3.5pt 0cm 3.5pt;height:15.75pt'>\n  <p class=MsoNormal style='margin-bottom:0cm;margin-bottom:.0001pt;line-height:\n  normal'><span style='color:black'>Radgoszcz<\/span><\/p>\n  <\/td>\n  <td width=263 style='width:157.95pt;border-top:none;border-left:none;\n  border-bottom:solid black 1.0pt;border-right:solid black 1.0pt;background:\n  white;padding:0cm 3.5pt 0cm 3.5pt;height:15.75pt'>\n  <p class=MsoNormal style='margin-bottom:0cm;margin-bottom:.0001pt;line-height:\n  normal'><span style='color:black'>Gminny O\u015brodek Pomocy Spo\u0142ecznej w\n  Radgoszczy<\/span><\/p>\n  <\/td>\n  <td width=196 style='width:117.35pt;border-top:none;border-left:none;\n  border-bottom:solid black 1.0pt;border-right:solid black 1.0pt;background:\n  white;padding:0cm 3.5pt 0cm 3.5pt;height:15.75pt'>\n  <p class=MsoNormal style='margin-bottom:0cm;margin-bottom:.0001pt;line-height:\n  normal'><span style='color:black'>ul. Wincentego Witosa 12, 33-207 Radgoszcz<\/span><\/p>\n  <\/td>\n  <td width=398 style='width:239.0pt;border-top:none;border-left:none;\n  border-bottom:solid black 1.0pt;border-right:solid black 1.0pt;background:\n  white;padding:0cm 3.5pt 0cm 3.5pt;height:15.75pt'>\n  <p class=MsoNormal style='margin-bottom:0cm;margin-bottom:.0001pt;line-height:\n  normal'><u><span style='color:#0563C1'><a href=\"about:blank\">gops@radgoszcz.pl,\n  14\/641-46-60,<\/a><\/span><\/u><\/p>\n  <\/td>\n <\/tr>\n <tr style='height:15.75pt'>\n  <td width=28 nowrap style='width:16.6pt;border:solid windowtext 1.0pt;\n  border-top:none;padding:0cm 3.5pt 0cm 3.5pt;height:15.75pt'>\n  <p class=MsoNormal align=right style='margin-bottom:0cm;margin-bottom:.0001pt;\n  text-align:right;line-height:normal'><span style='color:black'>52<\/span><\/p>\n  <\/td>\n  <td width=234 nowrap style='width:140.1pt;border-top:none;border-left:none;\n  border-bottom:solid black 1.0pt;border-right:solid black 1.0pt;background:\n  white;padding:0cm 3.5pt 0cm 3.5pt;height:15.75pt'>\n  <p class=MsoNormal style='margin-bottom:0cm;margin-bottom:.0001pt;line-height:\n  normal'><span style='color:black'>Rzepiennik Strzy\u017cewski<\/span><\/p>\n  <\/td>\n  <td width=263 style='width:157.95pt;border-top:none;border-left:none;\n  border-bottom:solid black 1.0pt;border-right:solid black 1.0pt;background:\n  white;padding:0cm 3.5pt 0cm 3.5pt;height:15.75pt'>\n  <p class=MsoNormal style='margin-bottom:0cm;margin-bottom:.0001pt;line-height:\n  normal'><span style='color:black'>Gminny O\u015brodek Pomocy Spo\u0142ecznej w\n  Rzepienniku Strzy\u017cewskim<\/span><\/p>\n  <\/td>\n  <td width=196 style='width:117.35pt;border-top:none;border-left:none;\n  border-bottom:solid black 1.0pt;border-right:solid black 1.0pt;background:\n  white;padding:0cm 3.5pt 0cm 3.5pt;height:15.75pt'>\n  <p class=MsoNormal style='margin-bottom:0cm;margin-bottom:.0001pt;line-height:\n  normal'><span style='color:black'>33-163 Rzepiennik Strzy\u017cewski Ko\u0142k\u00f3wka 59<\/span><\/p>\n  <\/td>\n  <td width=398 style='width:239.0pt;border-top:none;border-left:none;\n  border-bottom:solid black 1.0pt;border-right:solid black 1.0pt;background:\n  white;padding:0cm 3.5pt 0cm 3.5pt;height:15.75pt'>\n  <p class=MsoNormal style='margin-bottom:0cm;margin-bottom:.0001pt;line-height:\n  normal'><u><span style='color:#0563C1'><a href=\"about:blank\">gops@rzepiennik.pl,\n  14\/653-55-19<\/a><\/span><\/u><\/p>\n  <\/td>\n <\/tr>\n <tr style='height:15.75pt'>\n  <td width=28 nowrap style='width:16.6pt;border:solid windowtext 1.0pt;\n  border-top:none;padding:0cm 3.5pt 0cm 3.5pt;height:15.75pt'>\n  <p class=MsoNormal align=right style='margin-bottom:0cm;margin-bottom:.0001pt;\n  text-align:right;line-height:normal'><span style='color:black'>53<\/span><\/p>\n  <\/td>\n  <td width=234 nowrap style='width:140.1pt;border-top:none;border-left:none;\n  border-bottom:solid black 1.0pt;border-right:solid black 1.0pt;background:\n  white;padding:0cm 3.5pt 0cm 3.5pt;height:15.75pt'>\n  <p class=MsoNormal style='margin-bottom:0cm;margin-bottom:.0001pt;line-height:\n  normal'><span style='color:black'>Rzezawa<\/span><\/p>\n  <\/td>\n  <td width=263 style='width:157.95pt;border-top:none;border-left:none;\n  border-bottom:solid black 1.0pt;border-right:solid black 1.0pt;background:\n  white;padding:0cm 3.5pt 0cm 3.5pt;height:15.75pt'>\n  <p class=MsoNormal style='margin-bottom:0cm;margin-bottom:.0001pt;line-height:\n  normal'><span style='color:black'>Gminny O\u015brodek Pomocy Spo\u0142ecznej<\/span><\/p>\n  <\/td>\n  <td width=196 style='width:117.35pt;border-top:none;border-left:none;\n  border-bottom:solid black 1.0pt;border-right:solid black 1.0pt;background:\n  white;padding:0cm 3.5pt 0cm 3.5pt;height:15.75pt'>\n  <p class=MsoNormal style='margin-bottom:0cm;margin-bottom:.0001pt;line-height:\n  normal'><span style='color:black'>Ostr\u00f3w kr\u00f3lewski 102, 32-760 Rzezawa<\/span><\/p>\n  <\/td>\n  <td width=398 style='width:239.0pt;border-top:none;border-left:none;\n  border-bottom:solid black 1.0pt;border-right:solid black 1.0pt;background:\n  white;padding:0cm 3.5pt 0cm 3.5pt;height:15.75pt'>\n  <p class=MsoNormal style='margin-bottom:0cm;margin-bottom:.0001pt;line-height:\n  normal'><u><span style='color:#0563C1'><a href=\"about:blank\">gops@rzezawa.pl,14\/648-48-01<\/a><\/span><\/u><\/p>\n  <\/td>\n <\/tr>\n <tr style='height:15.75pt'>\n  <td width=28 nowrap style='width:16.6pt;border:solid windowtext 1.0pt;\n  border-top:none;padding:0cm 3.5pt 0cm 3.5pt;height:15.75pt'>\n  <p class=MsoNormal align=right style='margin-bottom:0cm;margin-bottom:.0001pt;\n  text-align:right;line-height:normal'><span style='color:black'>54<\/span><\/p>\n  <\/td>\n  <td width=234 nowrap style='width:140.1pt;border-top:none;border-left:none;\n  border-bottom:solid black 1.0pt;border-right:solid black 1.0pt;background:\n  white;padding:0cm 3.5pt 0cm 3.5pt;height:15.75pt'>\n  <p class=MsoNormal style='margin-bottom:0cm;margin-bottom:.0001pt;line-height:\n  normal'><span style='color:black'>Siepraw<\/span><\/p>\n  <\/td>\n  <td width=263 style='width:157.95pt;border-top:none;border-left:none;\n  border-bottom:solid black 1.0pt;border-right:solid black 1.0pt;background:\n  white;padding:0cm 3.5pt 0cm 3.5pt;height:15.75pt'>\n  <p class=MsoNormal style='margin-bottom:0cm;margin-bottom:.0001pt;line-height:\n  normal'><span style='color:black'>Stowarzyszenie Inicjatyw Obywatelskich w\n  Czech\u00f3wce<\/span><\/p>\n  <\/td>\n  <td width=196 style='width:117.35pt;border-top:none;border-left:none;\n  border-bottom:solid black 1.0pt;border-right:solid black 1.0pt;background:\n  white;padding:0cm 3.5pt 0cm 3.5pt;height:15.75pt'>\n  <p class=MsoNormal style='margin-bottom:0cm;margin-bottom:.0001pt;line-height:\n  normal'><span style='color:black'>ul. Szkolna 67, Czech\u00f3wka, 32-406 Zakliczyn<\/span><\/p>\n  <\/td>\n  <td width=398 style='width:239.0pt;border-top:none;border-left:none;\n  border-bottom:solid black 1.0pt;border-right:solid black 1.0pt;background:\n  white;padding:0cm 3.5pt 0cm 3.5pt;height:15.75pt'>\n  <p class=MsoNormal style='margin-bottom:0cm;margin-bottom:.0001pt;line-height:\n  normal'><u><span style='color:#0563C1'><a href=\"mailto:sioczechowka@wp.pl\">sioczechowka@wp.pl<\/a><\/span><\/u><\/p>\n  <\/td>\n <\/tr>\n <tr style='height:15.75pt'>\n  <td width=28 nowrap style='width:16.6pt;border:solid windowtext 1.0pt;\n  border-top:none;padding:0cm 3.5pt 0cm 3.5pt;height:15.75pt'>\n  <p class=MsoNormal align=right style='margin-bottom:0cm;margin-bottom:.0001pt;\n  text-align:right;line-height:normal'><span style='color:black'>55<\/span><\/p>\n  <\/td>\n  <td width=234 nowrap style='width:140.1pt;border-top:none;border-left:none;\n  border-bottom:solid black 1.0pt;border-right:solid black 1.0pt;background:\n  white;padding:0cm 3.5pt 0cm 3.5pt;height:15.75pt'>\n  <p class=MsoNormal style='margin-bottom:0cm;margin-bottom:.0001pt;line-height:\n  normal'><span style='color:black'>Siepraw<\/span><\/p>\n  <\/td>\n  <td width=263 style='width:157.95pt;border-top:none;border-left:none;\n  border-bottom:solid black 1.0pt;border-right:solid black 1.0pt;background:\n  white;padding:0cm 3.5pt 0cm 3.5pt;height:15.75pt'>\n  <p class=MsoNormal style='margin-bottom:0cm;margin-bottom:.0001pt;line-height:\n  normal'><span style='color:black'>Stowarzyszenie Przyjac\u00f3\u0142 Ziemi Sieprawskiej<\/span><\/p>\n  <\/td>\n  <td width=196 style='width:117.35pt;border-top:none;border-left:none;\n  border-bottom:solid black 1.0pt;border-right:solid black 1.0pt;background:\n  white;padding:0cm 3.5pt 0cm 3.5pt;height:15.75pt'>\n  <p class=MsoNormal style='margin-bottom:0cm;margin-bottom:.0001pt;line-height:\n  normal'><span style='color:black'>ul. Jana Paw\u0142a II 30, 32-447 Siepraw<\/span><\/p>\n  <\/td>\n  <td width=398 style='width:239.0pt;border-top:none;border-left:none;\n  border-bottom:solid black 1.0pt;border-right:solid black 1.0pt;background:\n  white;padding:0cm 3.5pt 0cm 3.5pt;height:15.75pt'>\n  <p class=MsoNormal style='margin-bottom:0cm;margin-bottom:.0001pt;line-height:\n  normal'><u><span style='color:#0563C1'><a href=\"mailto:bpoz@siepraw.pl\">bpoz@siepraw.pl\u00a0\u00a0\u00a0\n  <\/a><\/span><\/u><\/p>\n  <\/td>\n <\/tr>\n <tr style='height:15.75pt'>\n  <td width=28 nowrap style='width:16.6pt;border:solid windowtext 1.0pt;\n  border-top:none;padding:0cm 3.5pt 0cm 3.5pt;height:15.75pt'>\n  <p class=MsoNormal align=right style='margin-bottom:0cm;margin-bottom:.0001pt;\n  text-align:right;line-height:normal'><span style='color:black'>56<\/span><\/p>\n  <\/td>\n  <td width=234 nowrap style='width:140.1pt;border-top:none;border-left:none;\n  border-bottom:solid black 1.0pt;border-right:solid black 1.0pt;background:\n  white;padding:0cm 3.5pt 0cm 3.5pt;height:15.75pt'>\n  <p class=MsoNormal style='margin-bottom:0cm;margin-bottom:.0001pt;line-height:\n  normal'><span style='color:black'>Siepraw<\/span><\/p>\n  <\/td>\n  <td width=263 style='width:157.95pt;border-top:none;border-left:none;\n  border-bottom:solid black 1.0pt;border-right:solid black 1.0pt;background:\n  white;padding:0cm 3.5pt 0cm 3.5pt;height:15.75pt'>\n  <p class=MsoNormal style='margin-bottom:0cm;margin-bottom:.0001pt;line-height:\n  normal'><span style='color:black'>Stowarzyszenie Przyjaci\u00f3\u0142 Zakliczyna<\/span><\/p>\n  <\/td>\n  <td width=196 style='width:117.35pt;border-top:none;border-left:none;\n  border-bottom:solid black 1.0pt;border-right:solid black 1.0pt;background:\n  white;padding:0cm 3.5pt 0cm 3.5pt;height:15.75pt'>\n  <p class=MsoNormal style='margin-bottom:0cm;margin-bottom:.0001pt;line-height:\n  normal'><span style='color:black'>ul. Kamionka 10, 32-406 Zakliczyn<\/span><\/p>\n  <\/td>\n  <td width=398 style='width:239.0pt;border-top:none;border-left:none;\n  border-bottom:solid black 1.0pt;border-right:solid black 1.0pt;background:\n  white;padding:0cm 3.5pt 0cm 3.5pt;height:15.75pt'>\n  <p class=MsoNormal style='margin-bottom:0cm;margin-bottom:.0001pt;line-height:\n  normal'><u><span style='color:#0563C1'><a href=\"mailto:stow.zakliczyn@onet.pl\">stow.zakliczyn@onet.pl<\/a><\/span><\/u><\/p>\n  <\/td>\n <\/tr>\n <tr style='height:15.75pt'>\n  <td width=28 nowrap style='width:16.6pt;border:solid windowtext 1.0pt;\n  border-top:none;padding:0cm 3.5pt 0cm 3.5pt;height:15.75pt'>\n  <p class=MsoNormal align=right style='margin-bottom:0cm;margin-bottom:.0001pt;\n  text-align:right;line-height:normal'><span style='color:black'>57<\/span><\/p>\n  <\/td>\n  <td width=234 nowrap style='width:140.1pt;border-top:none;border-left:none;\n  border-bottom:solid black 1.0pt;border-right:solid black 1.0pt;background:\n  white;padding:0cm 3.5pt 0cm 3.5pt;height:15.75pt'>\n  <p class=MsoNormal style='margin-bottom:0cm;margin-bottom:.0001pt;line-height:\n  normal'><span style='color:black'>S\u0142omniki<\/span><\/p>\n  <\/td>\n  <td width=263 style='width:157.95pt;border-top:none;border-left:none;\n  border-bottom:solid black 1.0pt;border-right:solid black 1.0pt;background:\n  white;padding:0cm 3.5pt 0cm 3.5pt;height:15.75pt'>\n  <p class=MsoNormal style='margin-bottom:0cm;margin-bottom:.0001pt;line-height:\n  normal'><span style='color:black'>Parafia Rzymsko-katolicka pod wezwaniem \u015aw.\n  Jana Chrzciciela<\/span><\/p>\n  <\/td>\n  <td width=196 style='width:117.35pt;border-top:none;border-left:none;\n  border-bottom:solid black 1.0pt;border-right:solid black 1.0pt;background:\n  white;padding:0cm 3.5pt 0cm 3.5pt;height:15.75pt'>\n  <p class=MsoNormal style='margin-bottom:0cm;margin-bottom:.0001pt;line-height:\n  normal'><span style='color:black'>Prandocin 54, 32-090 S\u0142omniki<\/span><\/p>\n  <\/td>\n  <td width=398 style='width:239.0pt;border-top:none;border-left:none;\n  border-bottom:solid black 1.0pt;border-right:solid black 1.0pt;background:\n  white;padding:0cm 3.5pt 0cm 3.5pt;height:15.75pt'>\n  <p class=MsoNormal style='margin-bottom:0cm;margin-bottom:.0001pt;line-height:\n  normal'><u><span style='color:#0563C1'><a href=\"mailto:sp.kacice@wp.pl\">sp.kacice@wp.pl<\/a><\/span><\/u><\/p>\n  <\/td>\n <\/tr>\n <tr style='height:15.75pt'>\n  <td width=28 nowrap style='width:16.6pt;border:solid windowtext 1.0pt;\n  border-top:none;padding:0cm 3.5pt 0cm 3.5pt;height:15.75pt'>\n  <p class=MsoNormal align=right style='margin-bottom:0cm;margin-bottom:.0001pt;\n  text-align:right;line-height:normal'><span style='color:black'>58<\/span><\/p>\n  <\/td>\n  <td width=234 nowrap style='width:140.1pt;border-top:none;border-left:none;\n  border-bottom:solid black 1.0pt;border-right:solid black 1.0pt;background:\n  white;padding:0cm 3.5pt 0cm 3.5pt;height:15.75pt'>\n  <p class=MsoNormal style='margin-bottom:0cm;margin-bottom:.0001pt;line-height:\n  normal'><span style='color:black'>S\u0142omniki<\/span><\/p>\n  <\/td>\n  <td width=263 style='width:157.95pt;border-top:none;border-left:none;\n  border-bottom:solid black 1.0pt;border-right:solid black 1.0pt;background:\n  white;padding:0cm 3.5pt 0cm 3.5pt;height:15.75pt'>\n  <p class=MsoNormal style='margin-bottom:0cm;margin-bottom:.0001pt;line-height:\n  normal'><span style='color:black'>Polski Zwi\u0105zek Emeryt\u00f3w,Rencist\u00f3w i\n  Inwalid\u00f3w Zarz\u0105d Rejonowy S\u0142omniki<\/span><\/p>\n  <\/td>\n  <td width=196 style='width:117.35pt;border-top:none;border-left:none;\n  border-bottom:solid black 1.0pt;border-right:solid black 1.0pt;background:\n  white;padding:0cm 3.5pt 0cm 3.5pt;height:15.75pt'>\n  <p class=MsoNormal style='margin-bottom:0cm;margin-bottom:.0001pt;line-height:\n  normal'><span style='color:black'>ul. Ko\u015bciuszki 26, 32-090 S\u0142omniki <\/span><\/p>\n  <\/td>\n  <td width=398 style='width:239.0pt;border-top:none;border-left:none;\n  border-bottom:solid black 1.0pt;border-right:solid black 1.0pt;background:\n  white;padding:0cm 3.5pt 0cm 3.5pt;height:15.75pt'>\n  <p class=MsoNormal style='margin-bottom:0cm;margin-bottom:.0001pt;line-height:\n  normal'><u><span style='color:#0563C1'><a href=\"mailto:emerycislomniki@op.pl\">emerycislomniki@op.pl<\/a><\/span><\/u><\/p>\n  <\/td>\n <\/tr>\n <tr style='height:15.75pt'>\n  <td width=28 nowrap style='width:16.6pt;border:solid windowtext 1.0pt;\n  border-top:none;padding:0cm 3.5pt 0cm 3.5pt;height:15.75pt'>\n  <p class=MsoNormal align=right style='margin-bottom:0cm;margin-bottom:.0001pt;\n  text-align:right;line-height:normal'><span style='color:black'>59<\/span><\/p>\n  <\/td>\n  <td width=234 nowrap style='width:140.1pt;border-top:none;border-left:none;\n  border-bottom:solid black 1.0pt;border-right:solid black 1.0pt;background:\n  white;padding:0cm 3.5pt 0cm 3.5pt;height:15.75pt'>\n  <p class=MsoNormal style='margin-bottom:0cm;margin-bottom:.0001pt;line-height:\n  normal'><span style='color:black'>Stryszawa<\/span><\/p>\n  <\/td>\n  <td width=263 style='width:157.95pt;border-top:none;border-left:none;\n  border-bottom:solid black 1.0pt;border-right:solid black 1.0pt;background:\n  white;padding:0cm 3.5pt 0cm 3.5pt;height:15.75pt'>\n  <p class=MsoNormal style='margin-bottom:0cm;margin-bottom:.0001pt;line-height:\n  normal'><span style='color:black'>GOPS w Stryszawie<\/span><\/p>\n  <\/td>\n  <td width=196 style='width:117.35pt;border-top:none;border-left:none;\n  border-bottom:solid black 1.0pt;border-right:solid black 1.0pt;background:\n  white;padding:0cm 3.5pt 0cm 3.5pt;height:15.75pt'>\n  <p class=MsoNormal style='margin-bottom:0cm;margin-bottom:.0001pt;line-height:\n  normal'><span style='color:black'>34-205 Stryszawa 17<\/span><\/p>\n  <\/td>\n  <td width=398 style='width:239.0pt;border-top:none;border-left:none;\n  border-bottom:solid black 1.0pt;border-right:solid black 1.0pt;background:\n  white;padding:0cm 3.5pt 0cm 3.5pt;height:15.75pt'>\n  <p class=MsoNormal style='margin-bottom:0cm;margin-bottom:.0001pt;line-height:\n  normal'><u><span style='color:#0563C1'><a href=\"about:blank\">kierownik.gops@stryszawa.pl,\n  33\/876-48-82<\/a><\/span><\/u><\/p>\n  <\/td>\n <\/tr>\n <tr style='height:15.75pt'>\n  <td width=28 nowrap style='width:16.6pt;border:solid windowtext 1.0pt;\n  border-top:none;padding:0cm 3.5pt 0cm 3.5pt;height:15.75pt'>\n  <p class=MsoNormal align=right style='margin-bottom:0cm;margin-bottom:.0001pt;\n  text-align:right;line-height:normal'><span style='color:black'>60<\/span><\/p>\n  <\/td>\n  <td width=234 nowrap style='width:140.1pt;border-top:none;border-left:none;\n  border-bottom:solid black 1.0pt;border-right:solid black 1.0pt;background:\n  white;padding:0cm 3.5pt 0cm 3.5pt;height:15.75pt'>\n  <p class=MsoNormal style='margin-bottom:0cm;margin-bottom:.0001pt;line-height:\n  normal'><span style='color:black'>Sucha Beskidzka<\/span><\/p>\n  <\/td>\n  <td width=263 style='width:157.95pt;border-top:none;border-left:none;\n  border-bottom:solid black 1.0pt;border-right:solid black 1.0pt;background:\n  white;padding:0cm 3.5pt 0cm 3.5pt;height:15.75pt'>\n  <p class=MsoNormal style='margin-bottom:0cm;margin-bottom:.0001pt;line-height:\n  normal'><span style='color:black'>Polski Zwi\u0105zek Emeryt\u00f3w, Rencist\u00f3w i\n  Inwalid\u00f3w Zarz\u0105d Oddzia\u0142u Rejonowego z siedzib\u0105 w Suchej Beskidzkiej<\/span><\/p>\n  <\/td>\n  <td width=196 style='width:117.35pt;border-top:none;border-left:none;\n  border-bottom:solid black 1.0pt;border-right:solid black 1.0pt;background:\n  white;padding:0cm 3.5pt 0cm 3.5pt;height:15.75pt'>\n  <p class=MsoNormal style='margin-bottom:0cm;margin-bottom:.0001pt;line-height:\n  normal'><span style='color:black'>os. Beskidzkie 14, 34-200 Sucha Beskidzka<\/span><\/p>\n  <\/td>\n  <td width=398 style='width:239.0pt;border-top:none;border-left:none;\n  border-bottom:solid black 1.0pt;border-right:solid black 1.0pt;background:\n  white;padding:0cm 3.5pt 0cm 3.5pt;height:15.75pt'>\n  <p class=MsoNormal style='margin-bottom:0cm;margin-bottom:.0001pt;line-height:\n  normal'><u><span style='color:#0563C1'><a href=\"mailto:EMERYCI@ONET.PL\">EMERYCI@ONET.PL<\/a><\/span><\/u><\/p>\n  <\/td>\n <\/tr>\n <tr style='height:15.75pt'>\n  <td width=28 nowrap style='width:16.6pt;border:solid windowtext 1.0pt;\n  border-top:none;padding:0cm 3.5pt 0cm 3.5pt;height:15.75pt'>\n  <p class=MsoNormal align=right style='margin-bottom:0cm;margin-bottom:.0001pt;\n  text-align:right;line-height:normal'><span style='color:black'>61<\/span><\/p>\n  <\/td>\n  <td width=234 nowrap style='width:140.1pt;border-top:none;border-left:none;\n  border-bottom:solid black 1.0pt;border-right:solid black 1.0pt;background:\n  white;padding:0cm 3.5pt 0cm 3.5pt;height:15.75pt'>\n  <p class=MsoNormal style='margin-bottom:0cm;margin-bottom:.0001pt;line-height:\n  normal'><span style='color:black'>Su\u0142kowice<\/span><\/p>\n  <\/td>\n  <td width=263 style='width:157.95pt;border-top:none;border-left:none;\n  border-bottom:solid black 1.0pt;border-right:solid black 1.0pt;background:\n  white;padding:0cm 3.5pt 0cm 3.5pt;height:15.75pt'>\n  <p class=MsoNormal style='margin-bottom:0cm;margin-bottom:.0001pt;line-height:\n  normal'><span style='color:black'>Stowarzyszenie Emeryt\u00f3w, Rencist\u00f3w i\n  Inwalid\u00f3w w Su\u0142kowicach Klub Seniora<\/span><\/p>\n  <\/td>\n  <td width=196 style='width:117.35pt;border-top:none;border-left:none;\n  border-bottom:solid black 1.0pt;border-right:solid black 1.0pt;background:\n  white;padding:0cm 3.5pt 0cm 3.5pt;height:15.75pt'>\n  <p class=MsoNormal style='margin-bottom:0cm;margin-bottom:.0001pt;line-height:\n  normal'><span style='color:black'>ul, Szkolna 9,\u00a0\u00a0\u00a0\u00a0\u00a0\u00a0\u00a0\u00a0\u00a0\u00a0\u00a0\u00a0\u00a0 32-440\n  Su\u0142kowice<\/span><\/p>\n  <\/td>\n  <td width=398 style='width:239.0pt;border-top:none;border-left:none;\n  border-bottom:solid black 1.0pt;border-right:solid black 1.0pt;background:\n  white;padding:0cm 3.5pt 0cm 3.5pt;height:15.75pt'>\n  <p class=MsoNormal style='margin-bottom:0cm;margin-bottom:.0001pt;line-height:\n  normal'><span style='color:black'>&nbsp;<\/span><\/p>\n  <\/td>\n <\/tr>\n <tr style='height:15.75pt'>\n  <td width=28 nowrap style='width:16.6pt;border:solid windowtext 1.0pt;\n  border-top:none;padding:0cm 3.5pt 0cm 3.5pt;height:15.75pt'>\n  <p class=MsoNormal align=right style='margin-bottom:0cm;margin-bottom:.0001pt;\n  text-align:right;line-height:normal'><span style='color:black'>62<\/span><\/p>\n  <\/td>\n  <td width=234 nowrap style='width:140.1pt;border-top:none;border-left:none;\n  border-bottom:solid black 1.0pt;border-right:solid black 1.0pt;background:\n  white;padding:0cm 3.5pt 0cm 3.5pt;height:15.75pt'>\n  <p class=MsoNormal style='margin-bottom:0cm;margin-bottom:.0001pt;line-height:\n  normal'><span style='color:black'>Szerzyny<\/span><\/p>\n  <\/td>\n  <td width=263 style='width:157.95pt;border-top:none;border-left:none;\n  border-bottom:solid black 1.0pt;border-right:solid black 1.0pt;background:\n  white;padding:0cm 3.5pt 0cm 3.5pt;height:15.75pt'>\n  <p class=MsoNormal style='margin-bottom:0cm;margin-bottom:.0001pt;line-height:\n  normal'><span style='color:black'>Gminny O\u015brodek Pomocy Spo\u0142ecznej w\n  Szerzynach<\/span><\/p>\n  <\/td>\n  <td width=196 style='width:117.35pt;border-top:none;border-left:none;\n  border-bottom:solid black 1.0pt;border-right:solid black 1.0pt;background:\n  white;padding:0cm 3.5pt 0cm 3.5pt;height:15.75pt'>\n  <p class=MsoNormal style='margin-bottom:0cm;margin-bottom:.0001pt;line-height:\n  normal'><span style='color:black'>38-246 Szerzyny 294<\/span><\/p>\n  <\/td>\n  <td width=398 style='width:239.0pt;border-top:none;border-left:none;\n  border-bottom:solid black 1.0pt;border-right:solid black 1.0pt;background:\n  white;padding:0cm 3.5pt 0cm 3.5pt;height:15.75pt'>\n  <p class=MsoNormal style='margin-bottom:0cm;margin-bottom:.0001pt;line-height:\n  normal'><u><span style='color:#0563C1'><a href=\"about:blank\">gops@szerzyny.pl\n  14\/692-01-20<\/a><\/span><\/u><\/p>\n  <\/td>\n <\/tr>\n <tr style='height:15.75pt'>\n  <td width=28 nowrap style='width:16.6pt;border:solid windowtext 1.0pt;\n  border-top:none;padding:0cm 3.5pt 0cm 3.5pt;height:15.75pt'>\n  <p class=MsoNormal align=right style='margin-bottom:0cm;margin-bottom:.0001pt;\n  text-align:right;line-height:normal'><span style='color:black'>63<\/span><\/p>\n  <\/td>\n  <td width=234 nowrap style='width:140.1pt;border-top:none;border-left:none;\n  border-bottom:solid black 1.0pt;border-right:solid black 1.0pt;background:\n  white;padding:0cm 3.5pt 0cm 3.5pt;height:15.75pt'>\n  <p class=MsoNormal style='margin-bottom:0cm;margin-bottom:.0001pt;line-height:\n  normal'><span style='color:black'>\u015awi\u0105tniki G\u00f3rne<\/span><\/p>\n  <\/td>\n  <td width=263 style='width:157.95pt;border-top:none;border-left:none;\n  border-bottom:solid black 1.0pt;border-right:solid black 1.0pt;background:\n  white;padding:0cm 3.5pt 0cm 3.5pt;height:15.75pt'>\n  <p class=MsoNormal style='margin-bottom:0cm;margin-bottom:.0001pt;line-height:\n  normal'><span style='color:black'>Gminny O\u015brodek Pomocy Spo\u0142ecznej<\/span><\/p>\n  <\/td>\n  <td width=196 style='width:117.35pt;border-top:none;border-left:none;\n  border-bottom:solid black 1.0pt;border-right:solid black 1.0pt;background:\n  white;padding:0cm 3.5pt 0cm 3.5pt;height:15.75pt'>\n  <p class=MsoNormal style='margin-bottom:0cm;margin-bottom:.0001pt;line-height:\n  normal'><span style='color:black'>Bruchnalskiego 26 A, 32-040 \u015awi\u0105tniki G\u00f3rne<\/span><\/p>\n  <\/td>\n  <td width=398 style='width:239.0pt;border-top:none;border-left:none;\n  border-bottom:solid black 1.0pt;border-right:solid black 1.0pt;background:\n  white;padding:0cm 3.5pt 0cm 3.5pt;height:15.75pt'>\n  <p class=MsoNormal style='margin-bottom:0cm;margin-bottom:.0001pt;line-height:\n  normal'><u><span style='color:#0563C1'><a href=\"about:blank\">gops@swiatniki-gorne.pl\n  12\/270-42-26<\/a><\/span><\/u><\/p>\n  <\/td>\n <\/tr>\n <tr style='height:15.75pt'>\n  <td width=28 nowrap style='width:16.6pt;border:solid windowtext 1.0pt;\n  border-top:none;padding:0cm 3.5pt 0cm 3.5pt;height:15.75pt'>\n  <p class=MsoNormal align=right style='margin-bottom:0cm;margin-bottom:.0001pt;\n  text-align:right;line-height:normal'><span style='color:black'>64<\/span><\/p>\n  <\/td>\n  <td width=234 nowrap style='width:140.1pt;border-top:none;border-left:none;\n  border-bottom:solid black 1.0pt;border-right:solid black 1.0pt;background:\n  white;padding:0cm 3.5pt 0cm 3.5pt;height:15.75pt'>\n  <p class=MsoNormal style='margin-bottom:0cm;margin-bottom:.0001pt;line-height:\n  normal'><span style='color:black'>Tarn\u00f3w<\/span><\/p>\n  <\/td>\n  <td width=263 style='width:157.95pt;border-top:none;border-left:none;\n  border-bottom:solid black 1.0pt;border-right:solid black 1.0pt;background:\n  white;padding:0cm 3.5pt 0cm 3.5pt;height:15.75pt'>\n  <p class=MsoNormal style='margin-bottom:0cm;margin-bottom:.0001pt;line-height:\n  normal'><span style='color:black'>Polski Zwi\u0105zek Emeryt\u00f3w, Rencist\u00f3w i\n  Inwalid\u00f3w, Oddzia\u0142 Okr\u0119gowy z siedzib\u0105 w Tarnowie<\/span><\/p>\n  <\/td>\n  <td width=196 style='width:117.35pt;border-top:none;border-left:none;\n  border-bottom:solid black 1.0pt;border-right:solid black 1.0pt;background:\n  white;padding:0cm 3.5pt 0cm 3.5pt;height:15.75pt'>\n  <p class=MsoNormal style='margin-bottom:0cm;margin-bottom:.0001pt;line-height:\n  normal'><span style='color:black'>ul. Pi\u0142sudskiego 24, 33-100 Tarn\u00f3w<\/span><\/p>\n  <\/td>\n  <td width=398 style='width:239.0pt;border-top:none;border-left:none;\n  border-bottom:solid black 1.0pt;border-right:solid black 1.0pt;background:\n  white;padding:0cm 3.5pt 0cm 3.5pt;height:15.75pt'>\n  <p class=MsoNormal style='margin-bottom:0cm;margin-bottom:.0001pt;line-height:\n  normal'><u><span style='color:#0563C1'><a\n  href=\"mailto:zwiazekemerytow.tarnow@onet.pl\">zwiazekemerytow.tarnow@onet.pl<\/a><\/span><\/u><\/p>\n  <\/td>\n <\/tr>\n <tr style='height:15.75pt'>\n  <td width=28 nowrap style='width:16.6pt;border:solid windowtext 1.0pt;\n  border-top:none;padding:0cm 3.5pt 0cm 3.5pt;height:15.75pt'>\n  <p class=MsoNormal align=right style='margin-bottom:0cm;margin-bottom:.0001pt;\n  text-align:right;line-height:normal'><span style='color:black'>65<\/span><\/p>\n  <\/td>\n  <td width=234 nowrap style='width:140.1pt;border-top:none;border-left:none;\n  border-bottom:solid black 1.0pt;border-right:solid black 1.0pt;background:\n  white;padding:0cm 3.5pt 0cm 3.5pt;height:15.75pt'>\n  <p class=MsoNormal style='margin-bottom:0cm;margin-bottom:.0001pt;line-height:\n  normal'><span style='color:black'>Tarn\u00f3w<\/span><\/p>\n  <\/td>\n  <td width=263 style='width:157.95pt;border-top:none;border-left:none;\n  border-bottom:solid black 1.0pt;border-right:solid black 1.0pt;background:\n  white;padding:0cm 3.5pt 0cm 3.5pt;height:15.75pt'>\n  <p class=MsoNormal style='margin-bottom:0cm;margin-bottom:.0001pt;line-height:\n  normal'><span style='color:black'>Fundacja Partnerstwo dla Przysz\u0142o\u015bci<\/span><\/p>\n  <\/td>\n  <td width=196 style='width:117.35pt;border-top:none;border-left:none;\n  border-bottom:solid black 1.0pt;border-right:solid black 1.0pt;background:\n  white;padding:0cm 3.5pt 0cm 3.5pt;height:15.75pt'>\n  <p class=MsoNormal style='margin-bottom:0cm;margin-bottom:.0001pt;line-height:\n  normal'><span style='color:black'>ul. S\u0142owackiego 6\/1, Tarn\u00f3w<\/span><\/p>\n  <\/td>\n  <td width=398 nowrap style='width:239.0pt;border-top:none;border-left:none;\n  border-bottom:solid black 1.0pt;border-right:solid black 1.0pt;background:\n  white;padding:0cm 3.5pt 0cm 3.5pt;height:15.75pt'>\n  <p class=MsoNormal style='margin-bottom:0cm;margin-bottom:.0001pt;line-height:\n  normal'><u><span style='color:#0563C1'><a href=\"mailto:l.polak77@gmail.com\">l.polak77@gmail.com<\/a><\/span><\/u><\/p>\n  <\/td>\n <\/tr>\n <tr style='height:15.75pt'>\n  <td width=28 nowrap style='width:16.6pt;border:solid windowtext 1.0pt;\n  border-top:none;padding:0cm 3.5pt 0cm 3.5pt;height:15.75pt'>\n  <p class=MsoNormal align=right style='margin-bottom:0cm;margin-bottom:.0001pt;\n  text-align:right;line-height:normal'><span style='color:black'>66<\/span><\/p>\n  <\/td>\n  <td width=234 nowrap style='width:140.1pt;border-top:none;border-left:none;\n  border-bottom:solid black 1.0pt;border-right:solid black 1.0pt;background:\n  white;padding:0cm 3.5pt 0cm 3.5pt;height:15.75pt'>\n  <p class=MsoNormal style='margin-bottom:0cm;margin-bottom:.0001pt;line-height:\n  normal'><span style='color:black'>Tomice<\/span><\/p>\n  <\/td>\n  <td width=263 style='width:157.95pt;border-top:none;border-left:none;\n  border-bottom:solid black 1.0pt;border-right:solid black 1.0pt;background:\n  white;padding:0cm 3.5pt 0cm 3.5pt;height:15.75pt'>\n  <p class=MsoNormal style='margin-bottom:0cm;margin-bottom:.0001pt;line-height:\n  normal'><span style='color:black'>Gminny O\u015brodek Pomocy Spo\u0142ecznej w Tomicach<\/span><\/p>\n  <\/td>\n  <td width=196 style='width:117.35pt;border-top:none;border-left:none;\n  border-bottom:solid black 1.0pt;border-right:solid black 1.0pt;background:\n  white;padding:0cm 3.5pt 0cm 3.5pt;height:15.75pt'>\n  <p class=MsoNormal style='margin-bottom:0cm;margin-bottom:.0001pt;line-height:\n  normal'><span style='color:black'>ul. Stra\u017cacka 3, 34-100 Tomice, 34-100\n  Tomice<\/span><\/p>\n  <\/td>\n  <td width=398 style='width:239.0pt;border-top:none;border-left:none;\n  border-bottom:solid black 1.0pt;border-right:solid black 1.0pt;background:\n  white;padding:0cm 3.5pt 0cm 3.5pt;height:15.75pt'>\n  <p class=MsoNormal style='margin-bottom:0cm;margin-bottom:.0001pt;line-height:\n  normal'><u><span style='color:#0563C1'><a href=\"about:blank\">gops@tomice.pl,\n  33\/823-26-47<\/a><\/span><\/u><\/p>\n  <\/td>\n <\/tr>\n <tr style='height:15.75pt'>\n  <td width=28 nowrap style='width:16.6pt;border:solid windowtext 1.0pt;\n  border-top:none;padding:0cm 3.5pt 0cm 3.5pt;height:15.75pt'>\n  <p class=MsoNormal align=right style='margin-bottom:0cm;margin-bottom:.0001pt;\n  text-align:right;line-height:normal'><span style='color:black'>67<\/span><\/p>\n  <\/td>\n  <td width=234 nowrap style='width:140.1pt;border-top:none;border-left:none;\n  border-bottom:solid black 1.0pt;border-right:solid black 1.0pt;background:\n  white;padding:0cm 3.5pt 0cm 3.5pt;height:15.75pt'>\n  <p class=MsoNormal style='margin-bottom:0cm;margin-bottom:.0001pt;line-height:\n  normal'><span style='color:black'>Wietrzychowice<\/span><\/p>\n  <\/td>\n  <td width=263 style='width:157.95pt;border-top:none;border-left:none;\n  border-bottom:solid black 1.0pt;border-right:solid black 1.0pt;background:\n  white;padding:0cm 3.5pt 0cm 3.5pt;height:15.75pt'>\n  <p class=MsoNormal style='margin-bottom:0cm;margin-bottom:.0001pt;line-height:\n  normal'><span style='color:black'>Gminny O\u015brodek Pomocy Spo\u0142ecznej<\/span><\/p>\n  <\/td>\n  <td width=196 style='width:117.35pt;border-top:none;border-left:none;\n  border-bottom:solid black 1.0pt;border-right:solid black 1.0pt;background:\n  white;padding:0cm 3.5pt 0cm 3.5pt;height:15.75pt'>\n  <p class=MsoNormal style='margin-bottom:0cm;margin-bottom:.0001pt;line-height:\n  normal'><span style='color:black'>Wietrzychowice 19, 33-270 Wietrzychowice<\/span><\/p>\n  <\/td>\n  <td width=398 style='width:239.0pt;border-top:none;border-left:none;\n  border-bottom:solid black 1.0pt;border-right:solid black 1.0pt;background:\n  white;padding:0cm 3.5pt 0cm 3.5pt;height:15.75pt'>\n  <p class=MsoNormal style='margin-bottom:0cm;margin-bottom:.0001pt;line-height:\n  normal'><u><span style='color:#0563C1'><a href=\"about:blank\">gops@wietrzychowice.pl,\n  14\/641-81-50<\/a><\/span><\/u><\/p>\n  <\/td>\n <\/tr>\n <tr style='height:15.75pt'>\n  <td width=28 nowrap style='width:16.6pt;border:solid windowtext 1.0pt;\n  border-top:none;padding:0cm 3.5pt 0cm 3.5pt;height:15.75pt'>\n  <p class=MsoNormal align=right style='margin-bottom:0cm;margin-bottom:.0001pt;\n  text-align:right;line-height:normal'><span style='color:black'>68<\/span><\/p>\n  <\/td>\n  <td width=234 nowrap style='width:140.1pt;border-top:none;border-left:none;\n  border-bottom:solid black 1.0pt;border-right:solid black 1.0pt;background:\n  white;padding:0cm 3.5pt 0cm 3.5pt;height:15.75pt'>\n  <p class=MsoNormal style='margin-bottom:0cm;margin-bottom:.0001pt;line-height:\n  normal'><span style='color:black'>Wi\u015bniowa<\/span><\/p>\n  <\/td>\n  <td width=263 style='width:157.95pt;border-top:none;border-left:none;\n  border-bottom:solid black 1.0pt;border-right:solid black 1.0pt;background:\n  white;padding:0cm 3.5pt 0cm 3.5pt;height:15.75pt'>\n  <p class=MsoNormal style='margin-bottom:0cm;margin-bottom:.0001pt;line-height:\n  normal'><span style='color:black'>GOPS w Wi\u015bniowej<\/span><\/p>\n  <\/td>\n  <td width=196 style='width:117.35pt;border-top:none;border-left:none;\n  border-bottom:solid black 1.0pt;border-right:solid black 1.0pt;background:\n  white;padding:0cm 3.5pt 0cm 3.5pt;height:15.75pt'>\n  <p class=MsoNormal style='margin-bottom:0cm;margin-bottom:.0001pt;line-height:\n  normal'><span style='color:black'>Poznachowice Dolne 104, 32-412 Wi\u015bniowa<\/span><\/p>\n  <\/td>\n  <td width=398 style='width:239.0pt;border-top:none;border-left:none;\n  border-bottom:solid black 1.0pt;border-right:solid black 1.0pt;background:\n  white;padding:0cm 3.5pt 0cm 3.5pt;height:15.75pt'>\n  <p class=MsoNormal style='margin-bottom:0cm;margin-bottom:.0001pt;line-height:\n  normal'><u><span style='color:#0563C1'><a href=\"about:blank\">gops@wisniowa.malopolska.pl,\n  12\/372-44-60-62<\/a><\/span><\/u><\/p>\n  <\/td>\n <\/tr>\n <tr style='height:15.75pt'>\n  <td width=28 nowrap style='width:16.6pt;border:solid windowtext 1.0pt;\n  border-top:none;padding:0cm 3.5pt 0cm 3.5pt;height:15.75pt'>\n  <p class=MsoNormal align=right style='margin-bottom:0cm;margin-bottom:.0001pt;\n  text-align:right;line-height:normal'><span style='color:black'>69<\/span><\/p>\n  <\/td>\n  <td width=234 nowrap style='width:140.1pt;border-top:none;border-left:none;\n  border-bottom:solid black 1.0pt;border-right:solid black 1.0pt;background:\n  white;padding:0cm 3.5pt 0cm 3.5pt;height:15.75pt'>\n  <p class=MsoNormal style='margin-bottom:0cm;margin-bottom:.0001pt;line-height:\n  normal'><span style='color:black'>Wolbrom<\/span><\/p>\n  <\/td>\n  <td width=263 style='width:157.95pt;border-top:none;border-left:none;\n  border-bottom:solid black 1.0pt;border-right:solid black 1.0pt;background:\n  white;padding:0cm 3.5pt 0cm 3.5pt;height:15.75pt'>\n  <p class=MsoNormal style='margin-bottom:0cm;margin-bottom:.0001pt;line-height:\n  normal'><span style='color:black'>Miejski O\u015brodek Pomocy Spo\u0142ecznej<\/span><\/p>\n  <\/td>\n  <td width=196 style='width:117.35pt;border-top:none;border-left:none;\n  border-bottom:solid black 1.0pt;border-right:solid black 1.0pt;background:\n  white;padding:0cm 3.5pt 0cm 3.5pt;height:15.75pt'>\n  <p class=MsoNormal style='margin-bottom:0cm;margin-bottom:.0001pt;line-height:\n  normal'><span style='color:black'>ul. Skalska 20, 32-340 Wolbrom<\/span><\/p>\n  <\/td>\n  <td width=398 style='width:239.0pt;border-top:none;border-left:none;\n  border-bottom:solid black 1.0pt;border-right:solid black 1.0pt;background:\n  white;padding:0cm 3.5pt 0cm 3.5pt;height:15.75pt'>\n  <p class=MsoNormal style='margin-bottom:0cm;margin-bottom:.0001pt;line-height:\n  normal'><u><span style='color:#0563C1'><a href=\"about:blank\">kancelaria@mops.wolbrom.pl,\n  32\/644-10-75<\/a><\/span><\/u><\/p>\n  <\/td>\n <\/tr>\n <tr style='height:15.75pt'>\n  <td width=28 nowrap style='width:16.6pt;border:solid windowtext 1.0pt;\n  border-top:none;padding:0cm 3.5pt 0cm 3.5pt;height:15.75pt'>\n  <p class=MsoNormal align=right style='margin-bottom:0cm;margin-bottom:.0001pt;\n  text-align:right;line-height:normal'><span style='color:black'>70<\/span><\/p>\n  <\/td>\n  <td width=234 nowrap style='width:140.1pt;border-top:none;border-left:none;\n  border-bottom:solid black 1.0pt;border-right:solid black 1.0pt;background:\n  white;padding:0cm 3.5pt 0cm 3.5pt;height:15.75pt'>\n  <p class=MsoNormal style='margin-bottom:0cm;margin-bottom:.0001pt;line-height:\n  normal'><span style='color:black'>Zabierz\u00f3w<\/span><\/p>\n  <\/td>\n  <td width=263 style='width:157.95pt;border-top:none;border-left:none;\n  border-bottom:solid black 1.0pt;border-right:solid black 1.0pt;background:\n  white;padding:0cm 3.5pt 0cm 3.5pt;height:15.75pt'>\n  <p class=MsoNormal style='margin-bottom:0cm;margin-bottom:.0001pt;line-height:\n  normal'><span style='color:black'>Parafia Rzymsko Katolicka pw. \u015bw. Antoniego\n  z Padwy<\/span><\/p>\n  <\/td>\n  <td width=196 style='width:117.35pt;border-top:none;border-left:none;\n  border-bottom:solid black 1.0pt;border-right:solid black 1.0pt;background:\n  white;padding:0cm 3.5pt 0cm 3.5pt;height:15.75pt'>\n  <p class=MsoNormal style='margin-bottom:0cm;margin-bottom:.0001pt;line-height:\n  normal'><span style='color:black'>ul. Klubowa 2, 30-199 Krak\u00f3w, Rz\u0105ska<\/span><\/p>\n  <\/td>\n  <td width=398 nowrap style='width:239.0pt;border-top:none;border-left:none;\n  border-bottom:solid black 1.0pt;border-right:solid black 1.0pt;background:\n  white;padding:0cm 3.5pt 0cm 3.5pt;height:15.75pt'>\n  <p class=MsoNormal style='margin-bottom:0cm;margin-bottom:.0001pt;line-height:\n  normal'><u><span style='color:#0563C1'><a\n  href=\"mailto:pawelkolodziejczyk0@tlen.pl\">pawelkolodziejczyk0@tlen.pl<\/a><\/span><\/u><\/p>\n  <\/td>\n <\/tr>\n <tr style='height:15.75pt'>\n  <td width=28 nowrap style='width:16.6pt;border:solid windowtext 1.0pt;\n  border-top:none;padding:0cm 3.5pt 0cm 3.5pt;height:15.75pt'>\n  <p class=MsoNormal align=right style='margin-bottom:0cm;margin-bottom:.0001pt;\n  text-align:right;line-height:normal'><span style='color:black'>71<\/span><\/p>\n  <\/td>\n  <td width=234 nowrap style='width:140.1pt;border-top:none;border-left:none;\n  border-bottom:solid black 1.0pt;border-right:solid black 1.0pt;background:\n  white;padding:0cm 3.5pt 0cm 3.5pt;height:15.75pt'>\n  <p class=MsoNormal style='margin-bottom:0cm;margin-bottom:.0001pt;line-height:\n  normal'><span style='color:black'>Zakopane<\/span><\/p>\n  <\/td>\n  <td width=263 style='width:157.95pt;border-top:none;border-left:none;\n  border-bottom:solid black 1.0pt;border-right:solid black 1.0pt;background:\n  white;padding:0cm 3.5pt 0cm 3.5pt;height:15.75pt'>\n  <p class=MsoNormal style='margin-bottom:0cm;margin-bottom:.0001pt;line-height:\n  normal'><span style='color:black'>Parafia Rzymsko-Katolicka pw. Naj\u015bwi\u0119tszej\n  Rodziny w Zakopanym<\/span><\/p>\n  <\/td>\n  <td width=196 style='width:117.35pt;border-top:none;border-left:none;\n  border-bottom:solid black 1.0pt;border-right:solid black 1.0pt;background:\n  white;padding:0cm 3.5pt 0cm 3.5pt;height:15.75pt'>\n  <p class=MsoNormal style='margin-bottom:0cm;margin-bottom:.0001pt;line-height:\n  normal'><span style='color:black'>ul. Nowotarska 41, 34-500 Zakopane<\/span><\/p>\n  <\/td>\n  <td width=398 style='width:239.0pt;border-top:none;border-left:none;\n  border-bottom:solid black 1.0pt;border-right:solid black 1.0pt;background:\n  white;padding:0cm 3.5pt 0cm 3.5pt;height:15.75pt'>\n  <p class=MsoNormal style='margin-bottom:0cm;margin-bottom:.0001pt;line-height:\n  normal'><u><span style='color:#0563C1'><a href=\"about:blank\">kuchnia.zakopane@o2.pl,\n  <\/a><\/span><\/u><\/p>\n  <\/td>\n <\/tr>\n <tr style='height:15.75pt'>\n  <td width=28 nowrap style='width:16.6pt;border:solid windowtext 1.0pt;\n  border-top:none;padding:0cm 3.5pt 0cm 3.5pt;height:15.75pt'>\n  <p class=MsoNormal align=right style='margin-bottom:0cm;margin-bottom:.0001pt;\n  text-align:right;line-height:normal'><span style='color:black'>72<\/span><\/p>\n  <\/td>\n  <td width=234 nowrap style='width:140.1pt;border-top:none;border-left:none;\n  border-bottom:solid black 1.0pt;border-right:solid black 1.0pt;background:\n  white;padding:0cm 3.5pt 0cm 3.5pt;height:15.75pt'>\n  <p class=MsoNormal style='margin-bottom:0cm;margin-bottom:.0001pt;line-height:\n  normal'><span style='color:black'>Zator<\/span><\/p>\n  <\/td>\n  <td width=263 style='width:157.95pt;border-top:none;border-left:none;\n  border-bottom:solid black 1.0pt;border-right:solid black 1.0pt;background:\n  white;padding:0cm 3.5pt 0cm 3.5pt;height:15.75pt'>\n  <p class=MsoNormal style='margin-bottom:0cm;margin-bottom:.0001pt;line-height:\n  normal'><span style='color:black'>O\u015brodek Pomocy Spo\u0142ecznej w Zatorze<\/span><\/p>\n  <\/td>\n  <td width=196 style='width:117.35pt;border-top:none;border-left:none;\n  border-bottom:solid black 1.0pt;border-right:solid black 1.0pt;background:\n  white;padding:0cm 3.5pt 0cm 3.5pt;height:15.75pt'>\n  <p class=MsoNormal style='margin-bottom:0cm;margin-bottom:.0001pt;line-height:\n  normal'><span style='color:black'>pl. Ko\u015bciuszki 3, 32-608 Zator<\/span><\/p>\n  <\/td>\n  <td width=398 style='width:239.0pt;border-top:none;border-left:none;\n  border-bottom:solid black 1.0pt;border-right:solid black 1.0pt;background:\n  white;padding:0cm 3.5pt 0cm 3.5pt;height:15.75pt'>\n  <p class=MsoNormal style='margin-bottom:0cm;margin-bottom:.0001pt;line-height:\n  normal'><u><span style='color:#0563C1'><a href=\"about:blank\">\u00a0ops@zatorops.pl,\n  33\/841-22-17 <\/a><\/span><\/u><\/p>\n  <\/td>\n <\/tr>\n<\/table>\n<p class=MsoNormal>&nbsp;<\/p>\n<\/div>\n<\/body>\n<\/html>\n\n\n\n<p><strong>Cel programu jest udzielanie<\/strong> pomocy \u017cywno\u015bciowej osobom najbardziej potrzebuj\u0105cym oraz zapewnianie \u015brodk\u00f3w towarzysz\u0105cych, wspieraj\u0105cych ich w\u0142\u0105czenie spo\u0142eczne.&nbsp;<\/p>\n\n\n\n<p><strong><mark style=\"background-color:rgba(0, 0, 0, 0)\" class=\"has-inline-color has-luminous-vivid-amber-color\">ODBIORCY POMOCY \u017bYWNO\u015aCIOWEJ I DZIA\u0141A\u0143 TOWARZYSZ\u0104CYCH:<\/mark><\/strong><\/p>\n\n\n\n<p>Z pomocy \u017cywno\u015bciowej mog\u0105 skorzysta\u0107 osoby i rodziny znajduj\u0105ce si\u0119 w trudnej sytuacji \u017cyciowej, spe\u0142niaj\u0105ce:<\/p>\n\n\n\n<ol><li>&nbsp;kryteria <strong>okre\u015blone w art. 7 ustawy z dnia 12 marca 2004 r. o pomocy spo\u0142ecznej (Dz. U. z 2023 poz. 901 i 1693)&nbsp;<\/strong><\/li><li>kryterium dochodowe wynosz\u0105ce <strong>2.676,50 PLN dla osoby samotnie gospodaruj\u0105cej i 2 180,95 PLN dla osoby w rodzinie.<\/strong><\/li><\/ol>\n\n\n\n<p><strong>Pomoc mog\u0105 uzyska\u0107 osoby najbardziej potrzebuj\u0105ce, kt\u00f3re otrzyma\u0142y skierowanie z O\u015brodka Pomocy Spo\u0142ecznej.<\/strong><\/p>\n\n\n<div class=\"wp-block-image\">\n<figure class=\"aligncenter size-large\"><a href=\"https:\/\/krakow.bankizywnosci.pl\/wp-content\/uploads\/2025\/02\/FEPZ_baner-obrazujacy-proces-wsparcia-osob-potrzebujacych.webp\"><img loading=\"lazy\" width=\"1024\" height=\"1024\" src=\"https:\/\/krakow.bankizywnosci.pl\/wp-content\/uploads\/2025\/02\/FEPZ_baner-obrazujacy-proces-wsparcia-osob-potrzebujacych-1024x1024.webp\" alt=\"\" class=\"wp-image-7065\" srcset=\"https:\/\/krakow.bankizywnosci.pl\/wp-content\/uploads\/2025\/02\/FEPZ_baner-obrazujacy-proces-wsparcia-osob-potrzebujacych-1024x1024.webp 1024w, https:\/\/krakow.bankizywnosci.pl\/wp-content\/uploads\/2025\/02\/FEPZ_baner-obrazujacy-proces-wsparcia-osob-potrzebujacych-300x300.webp 300w, https:\/\/krakow.bankizywnosci.pl\/wp-content\/uploads\/2025\/02\/FEPZ_baner-obrazujacy-proces-wsparcia-osob-potrzebujacych-150x150.webp 150w, https:\/\/krakow.bankizywnosci.pl\/wp-content\/uploads\/2025\/02\/FEPZ_baner-obrazujacy-proces-wsparcia-osob-potrzebujacych-768x768.webp 768w, https:\/\/krakow.bankizywnosci.pl\/wp-content\/uploads\/2025\/02\/FEPZ_baner-obrazujacy-proces-wsparcia-osob-potrzebujacych-1536x1536.webp 1536w, https:\/\/krakow.bankizywnosci.pl\/wp-content\/uploads\/2025\/02\/FEPZ_baner-obrazujacy-proces-wsparcia-osob-potrzebujacych.webp 2048w, https:\/\/krakow.bankizywnosci.pl\/wp-content\/uploads\/2025\/02\/FEPZ_baner-obrazujacy-proces-wsparcia-osob-potrzebujacych-460x460.webp 460w, https:\/\/krakow.bankizywnosci.pl\/wp-content\/uploads\/2025\/02\/FEPZ_baner-obrazujacy-proces-wsparcia-osob-potrzebujacych-560x560.webp 560w, https:\/\/krakow.bankizywnosci.pl\/wp-content\/uploads\/2025\/02\/FEPZ_baner-obrazujacy-proces-wsparcia-osob-potrzebujacych-104x104.webp 104w, https:\/\/krakow.bankizywnosci.pl\/wp-content\/uploads\/2025\/02\/FEPZ_baner-obrazujacy-proces-wsparcia-osob-potrzebujacych-260x260.webp 260w, https:\/\/krakow.bankizywnosci.pl\/wp-content\/uploads\/2025\/02\/FEPZ_baner-obrazujacy-proces-wsparcia-osob-potrzebujacych-78x78.webp 78w, https:\/\/krakow.bankizywnosci.pl\/wp-content\/uploads\/2025\/02\/FEPZ_baner-obrazujacy-proces-wsparcia-osob-potrzebujacych-400x400.webp 400w, https:\/\/krakow.bankizywnosci.pl\/wp-content\/uploads\/2025\/02\/FEPZ_baner-obrazujacy-proces-wsparcia-osob-potrzebujacych-900x900.webp 900w, https:\/\/krakow.bankizywnosci.pl\/wp-content\/uploads\/2025\/02\/FEPZ_baner-obrazujacy-proces-wsparcia-osob-potrzebujacych-675x675.webp 675w, https:\/\/krakow.bankizywnosci.pl\/wp-content\/uploads\/2025\/02\/FEPZ_baner-obrazujacy-proces-wsparcia-osob-potrzebujacych-286x286.webp 286w, https:\/\/krakow.bankizywnosci.pl\/wp-content\/uploads\/2025\/02\/FEPZ_baner-obrazujacy-proces-wsparcia-osob-potrzebujacych-450x450.webp 450w, https:\/\/krakow.bankizywnosci.pl\/wp-content\/uploads\/2025\/02\/FEPZ_baner-obrazujacy-proces-wsparcia-osob-potrzebujacych-1080x1080.webp 1080w\" sizes=\"(max-width: 1024px) 100vw, 1024px\" \/><\/a><\/figure><\/div>\n\n\n<p><strong><mark style=\"background-color:rgba(0, 0, 0, 0)\" class=\"has-inline-color has-luminous-vivid-amber-color\">POMOC \u017bYWNO\u015aCIOWA<\/mark><\/strong><\/p>\n\n\n\n<p>W ramach programu <strong>ka\u017cda osoba skierowana do pomocy \u017cywno\u015bciowej mo\u017ce otrzyma\u0107 BEZP\u0141ATNIE min. ok. 30 kg artyku\u0142\u00f3w<\/strong> spo\u017cywczych w formie kilku paczek \u017cywno\u015bciowych:<\/p>\n\n\n\n<figure class=\"wp-block-table\"><table><tbody><tr><td>Nazwa artyku\u0142u spo\u017cywczego FEP\u017b&nbsp;<\/td><td>Maksymalna ilo\u015b\u0107 sztuk\/kg na osob\u0119&nbsp;<\/td><\/tr><tr><td>Groszek z marchewk\u0105&nbsp;<\/td><td>5 szt. \/ 2 kg&nbsp;<\/td><\/tr><tr><td>Koncentrat pomidorowy&nbsp;<\/td><td>7 szt. \/ 1,12 kg&nbsp;<\/td><\/tr><tr><td>D\u017cem truskawkowy&nbsp;&nbsp;<\/td><td>5 szt. \/ 1, 5kg&nbsp;<\/td><\/tr><tr><td>Makaron jajeczny \u015bwiderki&nbsp;<\/td><td>6 szt. \/ 3 kg&nbsp;<\/td><\/tr><tr><td>M\u0105ka pszenna&nbsp;<\/td><td>4 szt.&nbsp; \/ 4 kg&nbsp;<\/td><\/tr><tr><td>P\u0142atki owsiane&nbsp;<\/td><td>3 szt. \/ 1,5 kg&nbsp;<\/td><\/tr><tr><td>Kawa zbo\u017cowa rozpuszczalna&nbsp;<\/td><td>2 szt. \/ 0,4 kg&nbsp;<\/td><\/tr><tr><td>Mleko UHT&nbsp;<\/td><td>7 sz.&nbsp; \/ 7 l&nbsp;&nbsp;<\/td><\/tr><tr><td>Ser podpuszczkowy dojrzewaj\u0105cy&nbsp;<\/td><td>3 szt. \/1,2 kg&nbsp;<\/td><\/tr><tr><td>Szynka wieprzowa mielona&nbsp;<\/td><td>5 szt. \/ 1,5 kg&nbsp;<\/td><\/tr><tr><td>Szynka drobiowa&nbsp;<\/td><td>5 szt. \/1,5 kg&nbsp;<\/td><\/tr><tr><td>Pasztet wieprzowy&nbsp;<\/td><td>4 szt. \/0,64 kg&nbsp;<\/td><\/tr><tr><td>Szprot w oleju&nbsp;&nbsp;<\/td><td>5 szt. \/0,85 kg&nbsp;<\/td><\/tr><tr><td>Cukier bia\u0142y&nbsp;<\/td><td>4 szt. \/ 4 kg&nbsp;<\/td><\/tr><tr><td>Mi\u00f3d nektarowy wielokwiatowy&nbsp;<\/td><td>2 szt. \/0,8 kg&nbsp;<\/td><\/tr><tr><td>Olej rzepakowy&nbsp;&nbsp;<\/td><td>4 szt.&nbsp; \/4 l&nbsp;<\/td><\/tr><tr><td>Fasolka po breto\u0144sku&nbsp;<\/td><td>4 szt. \/ 2 kg&nbsp;<\/td><\/tr><\/tbody><\/table><\/figure>\n\n\n\n<p><strong>Je\u015bli rodzina liczy 5 os\u00f3b, to ka\u017cda z tych os\u00f3b otrzyma taki sam zestaw artyku\u0142\u00f3w spo\u017cywczych. Dodatkowo mo\u017ce otrzyma\u0107 \u017cywno\u015b\u0107 z darowizn z kr\u00f3tkim terminem przydatno\u015bci.&nbsp;&nbsp;<\/strong><\/p>\n\n\n\n<p><strong><mark style=\"background-color:rgba(0, 0, 0, 0)\" class=\"has-inline-color has-luminous-vivid-amber-color\">DZIA\u0141ANIA TOWARZYSZ\u0104CE<\/mark><\/strong><\/p>\n\n\n\n<p>Bank \u017bywno\u015bci b\u0119dzie realizowa\u0142 dzia\u0142ania towarzysz\u0105ce w\u015br\u00f3d os\u00f3b potrzebuj\u0105cych, wspieraj\u0105ce ich w\u0142\u0105czenie spo\u0142eczne:<\/p>\n\n\n\n<ul><li>Cykle edukacyjne tematyczne: \u017cywieniowo-dietetyczne, kulinarne, dotycz\u0105ce praw konsumenta.<\/li><li>Warsztaty edukacyjne: kulinarne, \u017cywieniowo-dietetyczne, niemarnowanie \u017cywno\u015bci, gospodarowanie bud\u017cetem domowym, ekologiczne.<\/li><li>Dzia\u0142ania o charakterze w\u0142\u0105czeniowo-integracyjnym (cykle).<\/li><li>Dy\u017cury konsultacyjne.<\/li><\/ul>\n\n\n\n<p><em>Wi\u0119cej informacji o dzia\u0142alno\u015bci&nbsp;Bank\u00f3w \u017bywno\u015bci&nbsp;oraz sposobie realizacji programu na stronie internetowej <\/em><a href=\"http:\/\/www.fepz.bankizywnosci.pl\/\" target=\"_blank\" rel=\"noreferrer noopener\"><em>www.fepz.bankizywnosci.pl.<\/em><\/a><\/p>\n\n\n\n<p><strong><mark style=\"background-color:rgba(0, 0, 0, 0)\" class=\"has-inline-color has-luminous-vivid-amber-color\">KONTAKT Z BANKIEM \u017bYWNO\u015aCI W SPRAWIE PROGRAMU<\/mark><\/strong><\/p>\n\n\n\n<p>Mobile: 694-436-435<\/p>\n\n\n\n<p>e-mail: <a href=\"mailto:bz.krakow@bankizywnosci.pl\" target=\"_blank\" rel=\"noreferrer noopener\">bz.krakow@bankizywnosci.pl<\/a><\/p>\n\n\n\n<p><strong><mark style=\"background-color:rgba(0, 0, 0, 0)\" class=\"has-inline-color has-luminous-vivid-amber-color\"> Fundusze Europejskie na Pomoc \u017bywno\u015bciow\u0105 2021-2027&nbsp;<\/mark><\/strong><\/p>\n\n\n\n<figure class=\"wp-block-embed is-type-video is-provider-youtube wp-block-embed-youtube wp-embed-aspect-16-9 wp-has-aspect-ratio\"><div class=\"wp-block-embed__wrapper\">\n<iframe loading=\"lazy\" title=\"Fundusze Europejskie na Pomoc \u017bywno\u015bciow\u0105 2021-2027\" width=\"885\" height=\"498\" src=\"https:\/\/www.youtube.com\/embed\/lQ3slpOJyW8?feature=oembed\" frameborder=\"0\" allow=\"accelerometer; autoplay; clipboard-write; encrypted-media; gyroscope; picture-in-picture; web-share\" referrerpolicy=\"strict-origin-when-cross-origin\" allowfullscreen><\/iframe>\n<\/div><\/figure>\n\n\n\n<div style=\"height:42px\" aria-hidden=\"true\" class=\"wp-block-spacer\"><\/div>\n\n\n\n<h3>Podsumowanie programu FEP\u017b\u00a02021-2027 PP 2024 w Ma\u0142opolsce<\/h3>\n\n\n\n<p>W ramach Podprogramu 2024 programu&nbsp;<strong>Fundusze Europejskie na Pomoc \u017bywno\u015bciow\u0105 (FEP\u017b) 2021-2027<\/strong>, realizowanej przez Bank \u017bywno\u015bci w Krakowie, wsparcie trafi\u0142o do tysi\u0119cy os\u00f3b znajduj\u0105cych si\u0119 w trudnej sytuacji \u017cyciowej.<\/p>\n\n\n\n<p>W okresie realizacji programu:<\/p>\n\n\n\n<ul><li><strong>22 879 os\u00f3b<\/strong>&nbsp;otrzyma\u0142o pomoc \u017cywno\u015bciow\u0105<\/li><li>przekazali\u015bmy&nbsp;<strong>1 379 ton \u017cywno\u015bci<\/strong>,<\/li><li>przygotowali\u015bmy i wydali\u015bmy&nbsp;<strong>138 924 paczki \u017cywno\u015bciowe<\/strong>,<\/li><li>a tak\u017ce&nbsp;<strong>46 013 posi\u0142k\u00f3w<\/strong>.<\/li><\/ul>\n\n\n\n<p>Istotnym elementem programu by\u0142y r\u00f3wnie\u017c&nbsp;<strong>Dzia\u0142ania Towarzysz\u0105ce<\/strong>&nbsp;\u2013 zrealizowali\u015bmy&nbsp;<strong>266 dzia\u0142a\u0144 edukacyjnych i integracyjnych<\/strong>, w kt\u00f3rych wzi\u0119\u0142o udzia\u0142&nbsp;<strong>2 989 uczestnik\u00f3w<\/strong>.<\/p>\n\n\n\n<p>Tak szeroka skala wsparcia by\u0142a mo\u017cliwa dzi\u0119ki\u00a0<strong>wsp\u00f3\u0142finansowaniu ze \u015brodk\u00f3w Unii Europejskiej<\/strong>, koordynacji Federacji Polskich Bank\u00f3w \u017bywno\u015bci oraz zaanga\u017cowaniu pracownik\u00f3w, partner\u00f3w i wolontariuszy Banku \u017bywno\u015bci w Krakowie.<\/p>\n\n\n<div class=\"wp-block-image\">\n<figure class=\"aligncenter size-large\"><a href=\"https:\/\/krakow.bankizywnosci.pl\/wp-content\/uploads\/2026\/02\/KRAKOW_FEPZ_PP-2024_INFOGRAFIKA_PODSUMOWANIE.webp\"><img loading=\"lazy\" width=\"605\" height=\"1024\" src=\"https:\/\/krakow.bankizywnosci.pl\/wp-content\/uploads\/2026\/02\/KRAKOW_FEPZ_PP-2024_INFOGRAFIKA_PODSUMOWANIE-605x1024.webp\" alt=\"\" class=\"wp-image-7451\" srcset=\"https:\/\/krakow.bankizywnosci.pl\/wp-content\/uploads\/2026\/02\/KRAKOW_FEPZ_PP-2024_INFOGRAFIKA_PODSUMOWANIE-605x1024.webp 605w, https:\/\/krakow.bankizywnosci.pl\/wp-content\/uploads\/2026\/02\/KRAKOW_FEPZ_PP-2024_INFOGRAFIKA_PODSUMOWANIE-177x300.webp 177w, https:\/\/krakow.bankizywnosci.pl\/wp-content\/uploads\/2026\/02\/KRAKOW_FEPZ_PP-2024_INFOGRAFIKA_PODSUMOWANIE-768x1301.webp 768w, https:\/\/krakow.bankizywnosci.pl\/wp-content\/uploads\/2026\/02\/KRAKOW_FEPZ_PP-2024_INFOGRAFIKA_PODSUMOWANIE-560x949.webp 560w, https:\/\/krakow.bankizywnosci.pl\/wp-content\/uploads\/2026\/02\/KRAKOW_FEPZ_PP-2024_INFOGRAFIKA_PODSUMOWANIE-400x678.webp 400w, https:\/\/krakow.bankizywnosci.pl\/wp-content\/uploads\/2026\/02\/KRAKOW_FEPZ_PP-2024_INFOGRAFIKA_PODSUMOWANIE-399x675.webp 399w, https:\/\/krakow.bankizywnosci.pl\/wp-content\/uploads\/2026\/02\/KRAKOW_FEPZ_PP-2024_INFOGRAFIKA_PODSUMOWANIE-638x1080.webp 638w, https:\/\/krakow.bankizywnosci.pl\/wp-content\/uploads\/2026\/02\/KRAKOW_FEPZ_PP-2024_INFOGRAFIKA_PODSUMOWANIE.webp 800w\" sizes=\"(max-width: 605px) 100vw, 605px\" \/><\/a><\/figure><\/div>","protected":false},"excerpt":{"rendered":"<p>Informujemy, i\u017c rozpoczyna si\u0119 kolejny etap wsparcia \u017cywno\u015bciowego dla os\u00f3b potrzebuj\u0105cych: Program Fundusze Europejskie na Pomoc \u017bywno\u015bciow\u0105 2021-2027 wsp\u00f3\u0142finansowany z Europejskiego Funduszu Spo\u0142ecznego Plus, kt\u00f3ry zaplanowany jest na okres luty &#8211; wrzesie\u0144 2025. Bank \u017bywno\u015bci w&nbsp; Krakowie &nbsp;planuje wsp\u00f3\u0142prac\u0119 z lokalnymi Organizacjami Pozarz\u0105dowymi i O\u015brodkami Pomocy Spo\u0142ecznej, z wojew\u00f3dztwa ma\u0142opolskiego na terenie gmin (Alwernia, Andrych\u00f3w, &hellip;<\/p>\n","protected":false},"author":1,"featured_media":0,"parent":7035,"menu_order":0,"comment_status":"closed","ping_status":"closed","template":"","meta":{"_mi_skip_tracking":false},"yoast_head":"<!-- This site is optimized with the Yoast SEO plugin v19.7.2 - https:\/\/yoast.com\/wordpress\/plugins\/seo\/ -->\n<title>FEP\u017b 2025 - Bank \u017bywno\u015bci w Krakowie<\/title>\n<meta name=\"robots\" content=\"index, follow, max-snippet:-1, max-image-preview:large, max-video-preview:-1\" \/>\n<link rel=\"canonical\" href=\"https:\/\/krakow.bankizywnosci.pl\/?page_id=7040\" \/>\n<meta property=\"og:locale\" content=\"pl_PL\" \/>\n<meta property=\"og:type\" content=\"article\" \/>\n<meta property=\"og:title\" content=\"FEP\u017b 2025 - Bank \u017bywno\u015bci w Krakowie\" \/>\n<meta property=\"og:description\" content=\"Informujemy, i\u017c rozpoczyna si\u0119 kolejny etap wsparcia \u017cywno\u015bciowego dla os\u00f3b potrzebuj\u0105cych: Program Fundusze Europejskie na Pomoc \u017bywno\u015bciow\u0105 2021-2027 wsp\u00f3\u0142finansowany z Europejskiego Funduszu Spo\u0142ecznego Plus, kt\u00f3ry zaplanowany jest na okres luty &#8211; wrzesie\u0144 2025. Bank \u017bywno\u015bci w&nbsp; Krakowie &nbsp;planuje wsp\u00f3\u0142prac\u0119 z lokalnymi Organizacjami Pozarz\u0105dowymi i O\u015brodkami Pomocy Spo\u0142ecznej, z wojew\u00f3dztwa ma\u0142opolskiego na terenie gmin (Alwernia, Andrych\u00f3w, &hellip;\" \/>\n<meta property=\"og:url\" content=\"https:\/\/krakow.bankizywnosci.pl\/?page_id=7040\" \/>\n<meta property=\"og:site_name\" content=\"Bank \u017bywno\u015bci w Krakowie\" \/>\n<meta property=\"article:publisher\" content=\"https:\/\/www.facebook.com\/bzkrk\" \/>\n<meta property=\"article:modified_time\" content=\"2026-02-06T10:51:02+00:00\" \/>\n<meta property=\"og:image\" content=\"https:\/\/krakow.bankizywnosci.pl\/wp-content\/uploads\/2025\/02\/FEPZ_LOGO_POZIOM_KOLOR_KRAKOW-1024x108.webp\" \/>\n<meta name=\"twitter:card\" content=\"summary_large_image\" \/>\n<meta name=\"twitter:label1\" content=\"Szacowany czas czytania\" \/>\n\t<meta name=\"twitter:data1\" content=\"11 minut\" \/>\n<script type=\"application\/ld+json\" class=\"yoast-schema-graph\">{\"@context\":\"https:\/\/schema.org\",\"@graph\":[{\"@type\":\"WebPage\",\"@id\":\"https:\/\/krakow.bankizywnosci.pl\/?page_id=7040\",\"url\":\"https:\/\/krakow.bankizywnosci.pl\/?page_id=7040\",\"name\":\"FEP\u017b 2025 - Bank \u017bywno\u015bci w Krakowie\",\"isPartOf\":{\"@id\":\"https:\/\/krakow.bankizywnosci.pl\/#website\"},\"datePublished\":\"2025-02-14T12:54:48+00:00\",\"dateModified\":\"2026-02-06T10:51:02+00:00\",\"breadcrumb\":{\"@id\":\"https:\/\/krakow.bankizywnosci.pl\/?page_id=7040#breadcrumb\"},\"inLanguage\":\"pl-PL\",\"potentialAction\":[{\"@type\":\"ReadAction\",\"target\":[\"https:\/\/krakow.bankizywnosci.pl\/?page_id=7040\"]}]},{\"@type\":\"BreadcrumbList\",\"@id\":\"https:\/\/krakow.bankizywnosci.pl\/?page_id=7040#breadcrumb\",\"itemListElement\":[{\"@type\":\"ListItem\",\"position\":1,\"name\":\"Strona g\u0142\u00f3wna\",\"item\":\"https:\/\/krakow.bankizywnosci.pl\/\"},{\"@type\":\"ListItem\",\"position\":2,\"name\":\"FEP\u017b\",\"item\":\"https:\/\/krakow.bankizywnosci.pl\/?page_id=7035\"},{\"@type\":\"ListItem\",\"position\":3,\"name\":\"FEP\u017b 2025\"}]},{\"@type\":\"WebSite\",\"@id\":\"https:\/\/krakow.bankizywnosci.pl\/#website\",\"url\":\"https:\/\/krakow.bankizywnosci.pl\/\",\"name\":\"Bank \u017bywno\u015bci w Krakowie\",\"description\":\"\",\"publisher\":{\"@id\":\"https:\/\/krakow.bankizywnosci.pl\/#organization\"},\"potentialAction\":[{\"@type\":\"SearchAction\",\"target\":{\"@type\":\"EntryPoint\",\"urlTemplate\":\"https:\/\/krakow.bankizywnosci.pl\/?s={search_term_string}\"},\"query-input\":\"required name=search_term_string\"}],\"inLanguage\":\"pl-PL\"},{\"@type\":\"Organization\",\"@id\":\"https:\/\/krakow.bankizywnosci.pl\/#organization\",\"name\":\"Bank \u017bywno\u015bci w Krakowie\",\"url\":\"https:\/\/krakow.bankizywnosci.pl\/\",\"sameAs\":[\"https:\/\/www.linkedin.com\/company\/bank-ywnoci-w-krakowie\/\",\"https:\/\/www.instagram.com\/bankzywnosciwkrakowie\/\",\"https:\/\/www.youtube.com\/@bankzywnosciwkrakowie\",\"https:\/\/www.facebook.com\/bzkrk\"],\"logo\":{\"@type\":\"ImageObject\",\"inLanguage\":\"pl-PL\",\"@id\":\"https:\/\/krakow.bankizywnosci.pl\/#\/schema\/logo\/image\/\",\"url\":\"https:\/\/krakow.bankizywnosci.pl\/wp-content\/uploads\/2018\/02\/logo_200.png\",\"contentUrl\":\"https:\/\/krakow.bankizywnosci.pl\/wp-content\/uploads\/2018\/02\/logo_200.png\",\"width\":200,\"height\":50,\"caption\":\"Bank \u017bywno\u015bci w Krakowie\"},\"image\":{\"@id\":\"https:\/\/krakow.bankizywnosci.pl\/#\/schema\/logo\/image\/\"}}]}<\/script>\n<!-- \/ Yoast SEO plugin. -->","yoast_head_json":{"title":"FEP\u017b 2025 - Bank \u017bywno\u015bci w Krakowie","robots":{"index":"index","follow":"follow","max-snippet":"max-snippet:-1","max-image-preview":"max-image-preview:large","max-video-preview":"max-video-preview:-1"},"canonical":"https:\/\/krakow.bankizywnosci.pl\/?page_id=7040","og_locale":"pl_PL","og_type":"article","og_title":"FEP\u017b 2025 - Bank \u017bywno\u015bci w Krakowie","og_description":"Informujemy, i\u017c rozpoczyna si\u0119 kolejny etap wsparcia \u017cywno\u015bciowego dla os\u00f3b potrzebuj\u0105cych: Program Fundusze Europejskie na Pomoc \u017bywno\u015bciow\u0105 2021-2027 wsp\u00f3\u0142finansowany z Europejskiego Funduszu Spo\u0142ecznego Plus, kt\u00f3ry zaplanowany jest na okres luty &#8211; wrzesie\u0144 2025. Bank \u017bywno\u015bci w&nbsp; Krakowie &nbsp;planuje wsp\u00f3\u0142prac\u0119 z lokalnymi Organizacjami Pozarz\u0105dowymi i O\u015brodkami Pomocy Spo\u0142ecznej, z wojew\u00f3dztwa ma\u0142opolskiego na terenie gmin (Alwernia, Andrych\u00f3w, &hellip;","og_url":"https:\/\/krakow.bankizywnosci.pl\/?page_id=7040","og_site_name":"Bank \u017bywno\u015bci w Krakowie","article_publisher":"https:\/\/www.facebook.com\/bzkrk","article_modified_time":"2026-02-06T10:51:02+00:00","og_image":[{"url":"https:\/\/krakow.bankizywnosci.pl\/wp-content\/uploads\/2025\/02\/FEPZ_LOGO_POZIOM_KOLOR_KRAKOW-1024x108.webp"}],"twitter_card":"summary_large_image","twitter_misc":{"Szacowany czas czytania":"11 minut"},"schema":{"@context":"https:\/\/schema.org","@graph":[{"@type":"WebPage","@id":"https:\/\/krakow.bankizywnosci.pl\/?page_id=7040","url":"https:\/\/krakow.bankizywnosci.pl\/?page_id=7040","name":"FEP\u017b 2025 - Bank \u017bywno\u015bci w Krakowie","isPartOf":{"@id":"https:\/\/krakow.bankizywnosci.pl\/#website"},"datePublished":"2025-02-14T12:54:48+00:00","dateModified":"2026-02-06T10:51:02+00:00","breadcrumb":{"@id":"https:\/\/krakow.bankizywnosci.pl\/?page_id=7040#breadcrumb"},"inLanguage":"pl-PL","potentialAction":[{"@type":"ReadAction","target":["https:\/\/krakow.bankizywnosci.pl\/?page_id=7040"]}]},{"@type":"BreadcrumbList","@id":"https:\/\/krakow.bankizywnosci.pl\/?page_id=7040#breadcrumb","itemListElement":[{"@type":"ListItem","position":1,"name":"Strona g\u0142\u00f3wna","item":"https:\/\/krakow.bankizywnosci.pl\/"},{"@type":"ListItem","position":2,"name":"FEP\u017b","item":"https:\/\/krakow.bankizywnosci.pl\/?page_id=7035"},{"@type":"ListItem","position":3,"name":"FEP\u017b 2025"}]},{"@type":"WebSite","@id":"https:\/\/krakow.bankizywnosci.pl\/#website","url":"https:\/\/krakow.bankizywnosci.pl\/","name":"Bank \u017bywno\u015bci w Krakowie","description":"","publisher":{"@id":"https:\/\/krakow.bankizywnosci.pl\/#organization"},"potentialAction":[{"@type":"SearchAction","target":{"@type":"EntryPoint","urlTemplate":"https:\/\/krakow.bankizywnosci.pl\/?s={search_term_string}"},"query-input":"required name=search_term_string"}],"inLanguage":"pl-PL"},{"@type":"Organization","@id":"https:\/\/krakow.bankizywnosci.pl\/#organization","name":"Bank \u017bywno\u015bci w Krakowie","url":"https:\/\/krakow.bankizywnosci.pl\/","sameAs":["https:\/\/www.linkedin.com\/company\/bank-ywnoci-w-krakowie\/","https:\/\/www.instagram.com\/bankzywnosciwkrakowie\/","https:\/\/www.youtube.com\/@bankzywnosciwkrakowie","https:\/\/www.facebook.com\/bzkrk"],"logo":{"@type":"ImageObject","inLanguage":"pl-PL","@id":"https:\/\/krakow.bankizywnosci.pl\/#\/schema\/logo\/image\/","url":"https:\/\/krakow.bankizywnosci.pl\/wp-content\/uploads\/2018\/02\/logo_200.png","contentUrl":"https:\/\/krakow.bankizywnosci.pl\/wp-content\/uploads\/2018\/02\/logo_200.png","width":200,"height":50,"caption":"Bank \u017bywno\u015bci w Krakowie"},"image":{"@id":"https:\/\/krakow.bankizywnosci.pl\/#\/schema\/logo\/image\/"}}]}},"_links":{"self":[{"href":"https:\/\/krakow.bankizywnosci.pl\/index.php?rest_route=\/wp\/v2\/pages\/7040"}],"collection":[{"href":"https:\/\/krakow.bankizywnosci.pl\/index.php?rest_route=\/wp\/v2\/pages"}],"about":[{"href":"https:\/\/krakow.bankizywnosci.pl\/index.php?rest_route=\/wp\/v2\/types\/page"}],"author":[{"embeddable":true,"href":"https:\/\/krakow.bankizywnosci.pl\/index.php?rest_route=\/wp\/v2\/users\/1"}],"replies":[{"embeddable":true,"href":"https:\/\/krakow.bankizywnosci.pl\/index.php?rest_route=%2Fwp%2Fv2%2Fcomments&post=7040"}],"version-history":[{"count":6,"href":"https:\/\/krakow.bankizywnosci.pl\/index.php?rest_route=\/wp\/v2\/pages\/7040\/revisions"}],"predecessor-version":[{"id":7454,"href":"https:\/\/krakow.bankizywnosci.pl\/index.php?rest_route=\/wp\/v2\/pages\/7040\/revisions\/7454"}],"up":[{"embeddable":true,"href":"https:\/\/krakow.bankizywnosci.pl\/index.php?rest_route=\/wp\/v2\/pages\/7035"}],"wp:attachment":[{"href":"https:\/\/krakow.bankizywnosci.pl\/index.php?rest_route=%2Fwp%2Fv2%2Fmedia&parent=7040"}],"curies":[{"name":"wp","href":"https:\/\/api.w.org\/{rel}","templated":true}]}}